{"id":7041,"date":"2022-02-20T19:55:50","date_gmt":"2022-02-20T18:55:50","guid":{"rendered":"https:\/\/www.eyrignac.com\/?page_id=7041"},"modified":"2026-02-02T17:44:59","modified_gmt":"2026-02-02T16:44:59","slug":"pique-niques-blancs","status":"publish","type":"page","link":"https:\/\/www.eyrignac.com\/fr\/pique-niques-blancs","title":{"rendered":"Pique-niques blancs"},"content":{"rendered":"<div class=\"wpb-content-wrapper\"><p>[vc_row content_placement=\u00a0\u00bbmiddle\u00a0\u00bb][vc_column css=\u00a0\u00bb.vc_custom_1516198831838{margin-bottom: 0px !important;}\u00a0\u00bb][vc_column_text]<\/p>\n<h1>Tous les lundis soir, venez danser entre amis et en famille pendant les Pique-Niques Blancs aux jardins du manoir d&rsquo;Eyrignac<\/h1>\n<p>[\/vc_column_text][vc_column_text css=\u00a0\u00bb\u00a0\u00bb]<strong>Le Pique-Nique Blanc est \u00a0\u00bble\u00a0\u00bb rendez-vous attendu de l&rsquo;\u00e9t\u00e9.<\/strong><\/p>\n<p>A Eyrignac, les lundis soir de l&rsquo;\u00e9t\u00e9 annoncent des moments de f\u00eate et de convivialit\u00e9.\u00a0Petits et grands vont s&rsquo;amuser, chanter et danser toute la soir\u00e9e.<\/p>\n<p>Une f\u00eate \u00e0 ciel ouvert avec pique-nique sur les pelouses,\u00a0<strong>DJ, ambiances lumineuses, <\/strong>un<strong> bar \u00e0 cocktails, bar \u00e0 glace, <\/strong>des<strong> feux d&rsquo;artifices <\/strong>qui concluront la soir\u00e9e (<em>sous r\u00e9serve d&rsquo;autorisation pr\u00e9fectorale<\/em>).<\/p>\n<p>Tenue <strong>toute<\/strong> blanche exig\u00e9e. Les v\u00eatements sombres, color\u00e9s, beige, ne sont plus autoris\u00e9s.<\/p>\n<p><strong>Pas de r\u00e9servation pr\u00e9alable n\u00e9cessaire pour la participation aux Pique-Niques Blancs mais l&rsquo;achat des billets en ligne est recommand\u00e9 !<\/strong>[\/vc_column_text][vc_column_text css=\u00a0\u00bb\u00a0\u00bb]<\/p>\n<h2>Vivez l&rsquo;inattendu, chaque lundi soir en \u00e9t\u00e9<\/h2>\n<p>[\/vc_column_text][vc_video link=\u00a0\u00bbhttps:\/\/youtu.be\/4N5bg2uj9RQ?si=ZvXgo5RH5rdOpr3Q\u00a0\u00bb css=\u00a0\u00bb\u00a0\u00bb][\/vc_column][\/vc_row][vc_row equal_height=\u00a0\u00bbyes\u00a0\u00bb css=\u00a0\u00bb.vc_custom_1718289437340{padding-top: 0px !important;background-color: #ffffff !important;}\u00a0\u00bb][vc_column css=\u00a0\u00bb.vc_custom_1720100872041{margin-top: 20px !important;margin-right: 20px !important;margin-bottom: 20px !important;margin-left: 20px !important;background-position: center !important;background-repeat: no-repeat !important;background-size: cover !important;}\u00a0\u00bb][vc_column_text css=\u00a0\u00bb\u00a0\u00bb]<\/p>\n<h2>Les enfants allument les \u00e9toiles dans le Jardin Blanc d&rsquo;Eyrignac<\/h2>\n<p>[\/vc_column_text][vc_column_text css=\u00a0\u00bb\u00a0\u00bb]<img decoding=\"async\" class=\"alignleft wp-image-11440 size-thumbnail\" title=\"\u00a9_ici_ailleurs-enfant-Pique-Nique-Blanc-Eyrignac\" src=\"https:\/\/www.eyrignac.com\/wp-content\/uploads\/2025\/06\/\u00a9_ici_ailleurs-enfant-Pique-Nique-Blanc-Eyrignac-150x150.jpg\" alt=\"\u00a9_ici_ailleurs - Enfants aux Pique-Niques Blancs d'Eyrignac\" width=\"150\" height=\"150\" srcset=\"https:\/\/www.eyrignac.com\/wp-content\/uploads\/2025\/06\/\u00a9_ici_ailleurs-enfant-Pique-Nique-Blanc-Eyrignac-150x150.jpg 150w, https:\/\/www.eyrignac.com\/wp-content\/uploads\/2025\/06\/\u00a9_ici_ailleurs-enfant-Pique-Nique-Blanc-Eyrignac-120x120.jpg 120w, https:\/\/www.eyrignac.com\/wp-content\/uploads\/2025\/06\/\u00a9_ici_ailleurs-enfant-Pique-Nique-Blanc-Eyrignac-400x400.jpg 400w, https:\/\/www.eyrignac.com\/wp-content\/uploads\/2025\/06\/\u00a9_ici_ailleurs-enfant-Pique-Nique-Blanc-Eyrignac-450x450.jpg 450w, https:\/\/www.eyrignac.com\/wp-content\/uploads\/2025\/06\/\u00a9_ici_ailleurs-enfant-Pique-Nique-Blanc-Eyrignac-100x100.jpg 100w\" sizes=\"(max-width: 150px) 100vw, 150px\" \/>Cette ann\u00e9e, les enfants aussi deviennent les lumi\u00e8res de la f\u00eate aux Pique-Niques Blancs d\u2019Eyrignac ! <strong>Un petit cadeau lumineux leur est r\u00e9serv\u00e9<\/strong> pour illuminer la nuit tomb\u00e9e, et faire briller encore plus l\u2019ambiance f\u00e9\u00e9rique de cette soir\u00e9e magique \u00e0 partager en famille![\/vc_column_text][\/vc_column][\/vc_row][vc_row equal_height=\u00a0\u00bbyes\u00a0\u00bb css=\u00a0\u00bb.vc_custom_1750155293276{padding-top: 0px !important;background-color: #FFFFFF !important;}\u00a0\u00bb][vc_column css=\u00a0\u00bb.vc_custom_1646401604086{margin-top: 20px !important;margin-right: 20px !important;margin-bottom: 20px !important;margin-left: 20px !important;background-position: center !important;background-repeat: no-repeat !important;background-size: cover !important;}\u00a0\u00bb offset=\u00a0\u00bbvc_hidden-xs\u00a0\u00bb][vc_column_text css=\u00a0\u00bb\u00a0\u00bb]<\/p>\n<h2>Informations pratiques &#8211; Tarifs 2026<\/h2>\n<p>[\/vc_column_text][vc_column_text css=\u00a0\u00bb.vc_custom_1762358352910{margin-bottom: 15px !important;}\u00a0\u00bb el_class=\u00a0\u00bbor\u00a0\u00bb]<strong>Le Pique-Nique Blanc se d\u00e9roule tous les lundis soir du 6\u00a0 juillet au 24 ao\u00fbt 2026 de 19h \u00e0 23h dans le Jardin Blanc\u00a0<\/strong>[\/vc_column_text][vc_column_text]Pique-nique sur les pelouses, soir\u00e9e dansante en plein air anim\u00e9e par un dj, bar \u00e0 cocktails dans le nouvel espace lounge, bar \u00e0 glace, ambiances lumineuses et un feu d\u2019artifice* cl\u00f4ture chaque soir\u00e9e. Soyez en harmonie avec le Jardin Blanc : une tenue blanche est exig\u00e9e.<\/p>\n<p>Boutique des jardins : ouverture nocturne<\/p>\n<p><strong>Pour des raisons de s\u00e9curit\u00e9 les chiens ne sont pas admis pendant les soir\u00e9es Pique-Niques Blancs.<\/strong>[\/vc_column_text][\/vc_column][\/vc_row][vc_row css=\u00a0\u00bb.vc_custom_1648211141530{margin-bottom: 20px !important;padding-right: 0px !important;padding-bottom: 10px !important;padding-left: 0px !important;}\u00a0\u00bb][vc_column el_id=\u00a0\u00bbanchor-restaurant\u00a0\u00bb][vc_tta_accordion section_title_tag=\u00a0\u00bbh3&Prime; style=\u00a0\u00bbflat\u00a0\u00bb shape=\u00a0\u00bbsquare\u00a0\u00bb gap=\u00a0\u00bb10&Prime; c_position=\u00a0\u00bbright\u00a0\u00bb active_section=\u00a0\u00bb0&Prime; no_fill=\u00a0\u00bbtrue\u00a0\u00bb collapsible_all=\u00a0\u00bbtrue\u00a0\u00bb el_class=\u00a0\u00bbtab-home\u00a0\u00bb css=\u00a0\u00bb.vc_custom_1648211273633{padding-right: 0px !important;padding-left: 0px !important;}\u00a0\u00bb][vc_tta_section title=\u00a0\u00bbTarifs billetterie 2026&Prime; tab_id=\u00a0\u00bb1645795899476-a5d16000-1a62&Prime;][vc_column_text]Le billet d&rsquo;entr\u00e9e adulte inclut la visite des jardins, ainsi que la participation \u00e0 la soir\u00e9e<\/p>\n<ul>\n<li>Adulte : 23,90 \u20ac sur place<\/li>\n<li>Adolescent (11-17 ans) : 12 \u20ac<\/li>\n<li>Enfant (5-10 ans) : 9 \u20ac<\/li>\n<li>Enfant (- 5 ans) : gratuit<\/li>\n<\/ul>\n<p>Achetez vos billets en ligne (billet coupe-file et tarif r\u00e9duit) :<strong> <a href=\"https:\/\/www.eyrignac.com\/fr\/billetterie\" target=\"_blank\" rel=\"noopener\">Billetterie en ligne<\/a>\u00a0!<\/strong><\/p>\n<p>En suppl\u00e9ment :<\/p>\n<ul>\n<li>Plaid \u00e0 la location : 6\u20ac (Plaid en vente \u00e9galement dans notre boutique.)<\/li>\n<\/ul>\n<p>[\/vc_column_text][\/vc_tta_section][vc_tta_section title=\u00a0\u00bbR\u00e9servation de vos paniers pique-nique\u00a0\u00bb tab_id=\u00a0\u00bb1645796074449-eebbf33b-f443&Prime;][vc_column_text css=\u00a0\u00bb\u00a0\u00bb]<strong><span class=\"gmail_default\">\u200b<\/span>Vous pouvez apporter votre propre pique-nique ou r\u00e9server la formule pr\u00e9par\u00e9e par le restaurant C\u00f4t\u00e9 Jardins.<\/strong><\/p>\n<p>Le chef du restaurant \u00ab C\u00f4t\u00e9 Jardins \u00bb vous propose des paniers pour le Pique-Nique Blanc : (R\u00e9servation obligatoire \u2013 en suppl\u00e9ment du billet d\u2019entr\u00e9e).<\/p>\n<p><strong>Panier Pique-Nique \u00ab C\u00f4t\u00e9 Terre \u00bb \u2013 18 \u20ac<\/strong><\/p>\n<ul>\n<li>Salade \u00ab Healthy \u00bb et Anchaud Confit du Manoir<br \/>\n(SALADE HEALTHY &#8211; Quinoa, Lentilles, Edamame, Raisins secs, Tomate, Noix, Oignons rouges, Pickles de Betteraves, huile de Noisette, Herbes du jardin)<br \/>\n(ANCHAUD \u2013 Longe de porc farcie aux herbes et confite \u00e0 la graisse de canard, servi froid)<\/li>\n<li>\u00a0Cab\u00e9cou<\/li>\n<li>\u00a0Cannel\u00e9 de bordeaux et mini Macaron<\/li>\n<li>\u00a0Pain baguette<\/li>\n<li>\u00a0Eau plate ou Perrier ou Coca-cola en canette<\/li>\n<\/ul>\n<p><em>Couverts fournis avec le panier repas, pain baguette inclus<\/em><\/p>\n<p><strong>Panier Pique-Nique \u00ab C\u00f4t\u00e9 Mer \u00bb \u2013 18 \u20ac<\/strong><\/p>\n<ul>\n<li>Salade \u00ab Healthy \u00bb et Gravlax de Saumon du Manoir<br \/>\n(SALADE HEALTHY &#8211; Quinoa, Lentilles, Edamame, Raisins secs, Tomate, Noix, Oignons rouges, Pickles de Betteraves, huile de Noisette, Herbes du jardin)<\/li>\n<li>\u00a0Cab\u00e9cou<\/li>\n<li>Cannel\u00e9 de bordeaux et mini Macaron<\/li>\n<li>Pain baguette<\/li>\n<li>Eau plate ou Perrier ou Coca-cola en canette<\/li>\n<\/ul>\n<p><em>Couverts fournis avec le panier repas, pain baguette inclus<\/em><\/p>\n<p><strong>Paniers Pique-Nique \u00a0\u00bb V\u00e9g\u00e9tarien\u00a0\u00bb &#8211; 18 \u20ac<\/strong><\/p>\n<ul>\n<li>Salade \u00ab Healthy \u00bb<br \/>\n(SALADE HEALTHY &#8211; Quinoa, Lentilles, Edamame, Raisins secs, Tomate, Noix, Oignons rouges, Pickles de Betteraves, huile de Noisette, Herbes du jardin)<\/li>\n<li>Cab\u00e9cou<\/li>\n<li>Cannel\u00e9 de bordeaux et mini Macaron<\/li>\n<li>Pain baguette<\/li>\n<li>\u00a0Eau plate ou Perrier ou Coca-cola en canette<\/li>\n<\/ul>\n<p><em>Couverts fournis avec le panier repas, pain baguette inclus<\/em><\/p>\n<p><strong>Paniers \u00ab\u00a0des jardiniers en herbe\u00a0\u00bb (jusqu&rsquo;\u00e0 10 ans) &#8211; 12 \u20ac<\/strong><\/p>\n<ul>\n<li>Salade de P\u00e2tes et l\u00e9gumes au Poulet frit, sauce C\u00e9sar<\/li>\n<li>Petit paquet de Chips<\/li>\n<li>Glace une boule au choix au stand \u00e0 glace<\/li>\n<li>Coca-cola ou Eau plate ou Perrier en canette<\/li>\n<li>Petit paquet de bonbons<\/li>\n<\/ul>\n<p>Pour r\u00e9server vos paniers Pique-Nique, nous vous invitons \u00e0 <strong><a href=\"https:\/\/forms.gle\/LAjdB2GdQAF5YbrF9\">CLIQUER ICI<\/a>.<\/strong><br \/>\nLe r\u00e8glement des paniers Pique-Niques s\u2019effectue aupr\u00e8s du restaurant, se situant \u00e0 l\u2019entr\u00e9e des jardins.[\/vc_column_text][\/vc_tta_section][\/vc_tta_accordion][\/vc_column][\/vc_row][vc_row][vc_column width=\u00a0\u00bb1\/2&Prime;][vc_btn title=\u00a0\u00bbAchetez d\u00e8s maintenant votre billet en ligne\u00a0\u00bb style=\u00a0\u00bbclassic\u00a0\u00bb shape=\u00a0\u00bbsquare\u00a0\u00bb color=\u00a0\u00bbwhite\u00a0\u00bb align=\u00a0\u00bbcenter\u00a0\u00bb css=\u00a0\u00bb.vc_custom_1673018824962{margin-top: 0px !important;margin-right: 0px !important;margin-left: 0px !important;padding-top: 10px !important;padding-right: 0px !important;padding-left: 0px !important;}\u00a0\u00bb button_block=\u00a0\u00bbtrue\u00a0\u00bb link=\u00a0\u00bburl:https%3A%2F%2Fwww.eyrignac.com%2Ffr%2Fbilletterie\u00a0\u00bb el_class=\u00a0\u00bbupcase or\u00a0\u00bb][\/vc_column][vc_column width=\u00a0\u00bb1\/2&Prime;][vc_btn title=\u00a0\u00bbR\u00e9servez votre panier pique-nique (en option)\u00a0\u00bb style=\u00a0\u00bbclassic\u00a0\u00bb shape=\u00a0\u00bbsquare\u00a0\u00bb color=\u00a0\u00bbwhite\u00a0\u00bb align=\u00a0\u00bbcenter\u00a0\u00bb css=\u00a0\u00bb.vc_custom_1770049911347{margin-top: 0px !important;margin-right: 0px !important;margin-left: 0px !important;padding-top: 10px !important;padding-right: 0px !important;padding-left: 0px !important;}\u00a0\u00bb button_block=\u00a0\u00bbtrue\u00a0\u00bb link=\u00a0\u00bburl:https%3A%2F%2Fforms.gle%2FLAjdB2GdQAF5YbrF9|target:_blank\u00a0\u00bb el_class=\u00a0\u00bbupcase or\u00a0\u00bb][\/vc_column][\/vc_row][vc_row][vc_column][vc_column_text css=\u00a0\u00bb.vc_custom_1763552133153{margin-bottom: 0px !important;}\u00a0\u00bb]<\/p>\n<h2 style=\"text-align: left;\">Les partenaires 2026 vont vous faire plaisir !<\/h2>\n<p>[\/vc_column_text][vc_empty_space height=\u00a0\u00bb10px\u00a0\u00bb][\/vc_column][\/vc_row][vc_row][vc_column width=\u00a0\u00bb1\/2&Prime;][vc_single_image image=\u00a0\u00bb11429&Prime; img_size=\u00a0\u00bbfull\u00a0\u00bb alignment=\u00a0\u00bbcenter\u00a0\u00bb css=\u00a0\u00bb\u00a0\u00bb][vc_column_text css=\u00a0\u00bb\u00a0\u00bb]<a href=\"https:\/\/www.facebook.com\/ctendance.ctendance\"><strong>C&rsquo;Tendance<\/strong><\/a> , magasin de v\u00eatements et accessoires <strong>\u00e0 Sarlat<\/strong> propose <strong>une r\u00e9duction de 20%<\/strong> sur les v\u00eatements blancs pour toute la famille, sur pr\u00e9sentation de vos billets Pique-Niques Blancs 2026. Ouvert du lundi au samedi.[\/vc_column_text][\/vc_column][vc_column width=\u00a0\u00bb1\/2&Prime;][vc_single_image image=\u00a0\u00bb11427&Prime; img_size=\u00a0\u00bbfull\u00a0\u00bb alignment=\u00a0\u00bbcenter\u00a0\u00bb css=\u00a0\u00bb\u00a0\u00bb][vc_column_text css=\u00a0\u00bb\u00a0\u00bb]Tout l&rsquo;\u00e9t\u00e9, des billets pour l&rsquo;une des 8 soir\u00e9es Pique-Niques Blancs sont mis en jeu \u00e0 l&rsquo;antenne sur <a href=\"https:\/\/www.francebleu.fr\/radio\/perigord\"><strong>Ici P\u00e9rigord<\/strong>.<\/a> Dans votre voiture, sur votre chaise longue, en vacances ou au bureau, <strong>restez \u00e0 l&rsquo;\u00e9coute pour tenter votre chance<\/strong> ![\/vc_column_text][\/vc_column][\/vc_row][vc_row][vc_column][vc_column_text css=\u00a0\u00bb.vc_custom_1657209841932{margin-bottom: 0px !important;}\u00a0\u00bb]<\/p>\n<h2 style=\"text-align: left;\">Tous les ingr\u00e9dients d&rsquo;une soir\u00e9e exceptionnelle<\/h2>\n<p>[\/vc_column_text][vc_empty_space height=\u00a0\u00bb10px\u00a0\u00bb][\/vc_column][\/vc_row][vc_row equal_height=\u00a0\u00bbyes\u00a0\u00bb][vc_column width=\u00a0\u00bb1\/3&Prime;][vc_column_text]<\/p>\n<p style=\"text-align: left;\"><strong><img decoding=\"async\" class=\"or wp-image-7154 size-full aligncenter\" src=\"https:\/\/www.eyrignac.com\/wp-content\/uploads\/2022\/02\/Logo-Dress-Code-pour-Site-Web.png\" alt=\"\" width=\"142\" height=\"142\" srcset=\"https:\/\/www.eyrignac.com\/wp-content\/uploads\/2022\/02\/Logo-Dress-Code-pour-Site-Web.png 142w, https:\/\/www.eyrignac.com\/wp-content\/uploads\/2022\/02\/Logo-Dress-Code-pour-Site-Web-100x100.png 100w\" sizes=\"(max-width: 142px) 100vw, 142px\" \/><\/strong><\/p>\n<p style=\"text-align: center;\"><strong>Tenue blanche exig\u00e9e\u00a0<\/strong><\/p>\n<p style=\"text-align: center;\">Pour une parfaite union&#8230; Intemporel, simple ou \u00e9l\u00e9gant mais blanc&#8230;<\/p>\n<p style=\"text-align: center;\">Adoptez le code vestimentaire du pique-nique !<\/p>\n<p>[\/vc_column_text][vc_empty_space height=\u00a0\u00bb10px\u00a0\u00bb][vc_column_text]<\/p>\n<p style=\"text-align: center;\"><strong><img decoding=\"async\" width=\"142\" height=\"142\" class=\"size-full wp-image-7184 aligncenter\" src=\"https:\/\/www.eyrignac.com\/wp-content\/uploads\/2022\/02\/Logo-Cocktail-pour-Site-Web.png\" alt=\"\" srcset=\"https:\/\/www.eyrignac.com\/wp-content\/uploads\/2022\/02\/Logo-Cocktail-pour-Site-Web.png 142w, https:\/\/www.eyrignac.com\/wp-content\/uploads\/2022\/02\/Logo-Cocktail-pour-Site-Web-100x100.png 100w\" sizes=\"(max-width: 142px) 100vw, 142px\" \/><\/strong><\/p>\n<p style=\"text-align: center;\"><strong>Nous cr\u00e9ons, vous d\u00e9gustez !\u00a0<\/strong><\/p>\n<p style=\"text-align: center;\">A Eyrignac, c&rsquo;est un peu le Mexique&#8230;<\/p>\n<p style=\"text-align: center;\">Carte de cocktails de caract\u00e8re, savoureux et color\u00e9s.<\/p>\n<p>[\/vc_column_text][\/vc_column][vc_column width=\u00a0\u00bb1\/3&Prime;][vc_column_text]<\/p>\n<p style=\"text-align: left;\"><strong><img decoding=\"async\" width=\"142\" height=\"142\" class=\"size-full wp-image-7171 aligncenter\" src=\"https:\/\/www.eyrignac.com\/wp-content\/uploads\/2022\/02\/Logo-DJ-pour-Site-Web.png\" alt=\"\" srcset=\"https:\/\/www.eyrignac.com\/wp-content\/uploads\/2022\/02\/Logo-DJ-pour-Site-Web.png 142w, https:\/\/www.eyrignac.com\/wp-content\/uploads\/2022\/02\/Logo-DJ-pour-Site-Web-100x100.png 100w\" sizes=\"(max-width: 142px) 100vw, 142px\" \/><\/strong><\/p>\n<p style=\"text-align: center;\"><strong>D\u00e9tendez-vous, dansez !\u00a0<\/strong><\/p>\n<p style=\"text-align: center;\">Un DJ anime chaque pique-nique. Effets sonores lounge, puis dansant.<\/p>\n<p style=\"text-align: center;\">Selon l&rsquo;ambiance, le programme peut varier et s&rsquo;adapter.<\/p>\n<p>[\/vc_column_text][vc_empty_space height=\u00a0\u00bb10px\u00a0\u00bb][vc_column_text]<\/p>\n<p style=\"text-align: center;\"><strong><img decoding=\"async\" width=\"142\" height=\"142\" class=\"size-full wp-image-7186 aligncenter\" src=\"https:\/\/www.eyrignac.com\/wp-content\/uploads\/2022\/02\/Logo-Panier-pour-Site-Web.png\" alt=\"\" srcset=\"https:\/\/www.eyrignac.com\/wp-content\/uploads\/2022\/02\/Logo-Panier-pour-Site-Web.png 142w, https:\/\/www.eyrignac.com\/wp-content\/uploads\/2022\/02\/Logo-Panier-pour-Site-Web-100x100.png 100w\" sizes=\"(max-width: 142px) 100vw, 142px\" \/><\/strong><\/p>\n<p style=\"text-align: center;\"><strong>Le plaisir d&rsquo;un d\u00eener dans l&rsquo;herbe\u00a0\u00a0<\/strong><\/p>\n<p style=\"text-align: center;\">Posez vos nappes et vos paniers sur les pelouses du \u00ab\u00a0Jardin blanc\u00a0\u00bb.<\/p>\n<p style=\"text-align: center;\">Grignotez, buvez, partagez&#8230;<\/p>\n<p>[\/vc_column_text][\/vc_column][vc_column width=\u00a0\u00bb1\/3&Prime;][vc_column_text]<\/p>\n<p style=\"text-align: center;\"><strong><img decoding=\"async\" width=\"142\" height=\"142\" class=\"size-full wp-image-7182 aligncenter\" src=\"https:\/\/www.eyrignac.com\/wp-content\/uploads\/2022\/02\/Logo-Feux-dArtifice-pour-Site-Web.png\" alt=\"\" srcset=\"https:\/\/www.eyrignac.com\/wp-content\/uploads\/2022\/02\/Logo-Feux-dArtifice-pour-Site-Web.png 142w, https:\/\/www.eyrignac.com\/wp-content\/uploads\/2022\/02\/Logo-Feux-dArtifice-pour-Site-Web-100x100.png 100w\" sizes=\"(max-width: 142px) 100vw, 142px\" \/><\/strong><\/p>\n<p style=\"text-align: center;\"><strong>Spectacles lumineux\u00a0\u00a0<\/strong><\/p>\n<p style=\"text-align: center;\">Apr\u00e8s un coucher de soleil chaleureux et spectaculaire, les pique-niques blanc d&rsquo;Eyrignac se terminent par un feu d&rsquo;artifice. Ouvrez grand les yeux !<\/p>\n<p>[\/vc_column_text][vc_empty_space height=\u00a0\u00bb10px\u00a0\u00bb][vc_column_text]<\/p>\n<p style=\"text-align: center;\"><strong><img decoding=\"async\" width=\"142\" height=\"142\" class=\"alignnone size-full wp-image-7188\" src=\"https:\/\/www.eyrignac.com\/wp-content\/uploads\/2022\/02\/Logo-Portable-RS-pour-Site-Web.png\" alt=\"\" srcset=\"https:\/\/www.eyrignac.com\/wp-content\/uploads\/2022\/02\/Logo-Portable-RS-pour-Site-Web.png 142w, https:\/\/www.eyrignac.com\/wp-content\/uploads\/2022\/02\/Logo-Portable-RS-pour-Site-Web-100x100.png 100w\" sizes=\"(max-width: 142px) 100vw, 142px\" \/><\/strong><\/p>\n<p style=\"text-align: center;\"><strong>Chaque instant partag\u00e9 !<\/strong><\/p>\n<p style=\"text-align: center;\">Postez une belle photo du pique-nique sur <a href=\"https:\/\/www.instagram.com\/eyrignac\/?hl=fr\">Notre Instagram.<\/a><\/p>\n<p style=\"text-align: center;\">Utilisez #happyeyrignac #piqueniqueblanc et @eyrignac.<\/p>\n<p>[\/vc_column_text][\/vc_column][\/vc_row][vc_row][vc_column][vc_column_text css=\u00a0\u00bb.vc_custom_1647960263456{margin-bottom: 0px !important;}\u00a0\u00bb]<\/p>\n<h2 style=\"text-align: left;\">FAQ<\/h2>\n<p>[\/vc_column_text][\/vc_column][\/vc_row][vc_row el_class=\u00a0\u00bbfaq-happy\u00a0\u00bb css=\u00a0\u00bb.vc_custom_1648210860516{margin-bottom: 50px !important;}\u00a0\u00bb][vc_column][vc_tta_accordion section_title_tag=\u00a0\u00bbh3&Prime; style=\u00a0\u00bbflat\u00a0\u00bb shape=\u00a0\u00bbsquare\u00a0\u00bb gap=\u00a0\u00bb5&Prime; c_position=\u00a0\u00bbright\u00a0\u00bb active_section=\u00a0\u00bb99&Prime; no_fill=\u00a0\u00bbtrue\u00a0\u00bb collapsible_all=\u00a0\u00bbtrue\u00a0\u00bb el_class=\u00a0\u00bbsmall-tab\u00a0\u00bb css=\u00a0\u00bb.vc_custom_1648211260949{margin-bottom: 0px !important;padding-bottom: 0px !important;}\u00a0\u00bb][vc_tta_section title=\u00a0\u00bbLa r\u00e9servation est-elle obligatoire ?\u00a0\u00bb tab_id=\u00a0\u00bb1646399667799-ca1d6037-0dcb\u00a0\u00bb el_class=\u00a0\u00bbtab\u00a0\u00bb][vc_column_text css=\u00a0\u00bb\u00a0\u00bb]<span class=\"gmail_default\">\u200b<\/span>Il n\u2019est pas n\u00e9cessaire de r\u00e9server vos billets pour participer \u00e0 la soir\u00e9e. Vous pouvez les acheter sur place le soir de l\u2019\u00e9v\u00e9nement. Cependant nous vous recommandons l\u2019achat des billets en ligne qui vous fera gagner du temps \u00e0 l\u2019accueil des jardins, en plus de vous faire b\u00e9n\u00e9ficier d\u2019une r\u00e9duction. L&rsquo;achat des billets en ligne est possible jusqu&rsquo;\u00e0 la derni\u00e8re minute. Si vous souhaitez commander un panier pique-nique, il est indispensable de r\u00e9server.<\/p>\n<div>\n<div class=\"gmail_signature\" dir=\"ltr\" data-smartmail=\"gmail_signature\">\n<div dir=\"ltr\">\n<div dir=\"ltr\">\n<div dir=\"ltr\">\n<div dir=\"ltr\">\n<div dir=\"ltr\">\n<div dir=\"ltr\">\n<div dir=\"ltr\">\n<div dir=\"ltr\">\n<div dir=\"ltr\">\n<div dir=\"ltr\">\n<div dir=\"ltr\">\n<div dir=\"ltr\">\n<div><\/div>\n<\/div>\n<\/div>\n<\/div>\n<\/div>\n<\/div>\n<\/div>\n<\/div>\n<\/div>\n<\/div>\n<\/div>\n<\/div>\n<\/div>\n<\/div>\n<\/div>\n<p>[\/vc_column_text][\/vc_tta_section][vc_tta_section title=\u00a0\u00bbQue comprend le billet d&rsquo;entr\u00e9e ?\u00a0\u00bb tab_id=\u00a0\u00bb1646399667983-4b26138a-85b7&Prime;][vc_column_text]<span class=\"gmail_default\">\u200b<\/span>Le billet d\u2019entr\u00e9e inclut l\u2019acc\u00e8s aux jardins et \u00e0 la soir\u00e9e. Il est donc valable toute la journ\u00e9e. Les paniers pique-niques ne sont pas inclus dans le prix du billet.[\/vc_column_text][\/vc_tta_section][vc_tta_section title=\u00a0\u00bbPuis-je amener mon propre pique-nique ?\u00a0\u00bb tab_id=\u00a0\u00bb1646399668166-49485ddf-0d55&Prime;][vc_column_text]<\/p>\n<div class=\"gmail_default\">Vous pouvez amener votre propre pique-nique ou en r\u00e9server par le biais du formulaire de r\u00e9servation des paniers pique-niques. Si vous r\u00e9servez un panier pique-nique du restaurant C\u00f4t\u00e9 Jardins, vous pourrez le r\u00e9cup\u00e9rer et le r\u00e9gler sur place le soir de l\u2019\u00e9v\u00e9nement.<\/div>\n<p>[\/vc_column_text][\/vc_tta_section][vc_tta_section title=\u00a0\u00bbLes chiens sont-ils autoris\u00e9s ?\u00a0\u00bb tab_id=\u00a0\u00bb1646399668335-4d1221dd-2809&Prime;][vc_column_text]<span class=\"gmail_default\">\u200b<\/span>Les chiens sont les bienvenus en journ\u00e9e pour la visite des jardins. Cependant pour des raisons de s\u00e9curit\u00e9 ils ne sont pas admis pendant les soir\u00e9es Pique-Niques Blancs.[\/vc_column_text][\/vc_tta_section][vc_tta_section title=\u00a0\u00bbFaut-il obligatoirement venir habill\u00e9 en blanc ?\u00a0\u00bb tab_id=\u00a0\u00bb1646399668511-52428f47-b65e\u00a0\u00bb][vc_column_text css=\u00a0\u00bb\u00a0\u00bb]<span class=\"gmail_default\">\u200b<\/span>Le blanc est le code vestimentaire requis pour la soir\u00e9e. Ainsi, vous participez pleinement \u00e0 la magie du d\u00e9cor de l\u2019\u00e9v\u00e9nement. Les tenues sombres et color\u00e9es ne sont pas admises. Le beige \/ cr\u00e8me n&rsquo;est pas autoris\u00e9. Une tenue <strong>toute blanche<\/strong> sans motif est exig\u00e9e. Les chaussures et accessoires ne sont pas concern\u00e9s. L&rsquo;\u00e9quipe d&rsquo;Eyrignac n&rsquo;est pas en mesure de confirmer la couleur d&rsquo;un v\u00eatement par t\u00e9l\u00e9phone ou par email.\u00a0 <strong>Aucun remboursement ne sera effectu\u00e9 en cas de non respect du dress code<\/strong>. Notre partenaire C&rsquo;Tendance \u00e0 Sarlat sera heureux de vous conseiller sur le choix d&rsquo;une tenue blanche compl\u00e8te.[\/vc_column_text][\/vc_tta_section][\/vc_tta_accordion][vc_tta_accordion section_title_tag=\u00a0\u00bbh3&Prime; style=\u00a0\u00bbflat\u00a0\u00bb shape=\u00a0\u00bbsquare\u00a0\u00bb gap=\u00a0\u00bb5&Prime; c_position=\u00a0\u00bbright\u00a0\u00bb active_section=\u00a0\u00bb99&Prime; no_fill=\u00a0\u00bbtrue\u00a0\u00bb collapsible_all=\u00a0\u00bbtrue\u00a0\u00bb el_class=\u00a0\u00bbsmall-tab\u00a0\u00bb css=\u00a0\u00bb.vc_custom_1648211389358{margin-top: 5px !important;}\u00a0\u00bb][vc_tta_section title=\u00a0\u00bbA quelle heure puis-je arriver ?\u00a0\u00bb tab_id=\u00a0\u00bb1646399746735-a01a205c-f583&Prime;][vc_column_text]<span class=\"gmail_default\">\u200b<\/span>La soir\u00e9e dans le Jardin Blanc commence \u00e0 19h mais les billets incluant la visite des jardins, vous pouvez arriver \u00e0 toute heure de la journ\u00e9e. Venir visiter les jardins, repartir et revenir pour la soir\u00e9e, si vous avez achet\u00e9 un billet Pique-Nique Blanc, est \u00e9galement possible.[\/vc_column_text][\/vc_tta_section][vc_tta_section title=\u00a0\u00bbJe suis en vacances, je n&rsquo;ai pas de blanc dans ma valise, puis-je venir quand m\u00eame ?\u00a0\u00bb tab_id=\u00a0\u00bb1646399746854-0262f30d-ff24&Prime;][vc_column_text]<span class=\"gmail_default\">\u200b<\/span>Le blanc est incontournable pour participer aux soir\u00e9es. Des tee-shirts et polos blancs sont en vente \u00e0 la boutique des jardins. <strong>Une tenue toute blanche sans motif est obligatoire, les couleurs et le beige ne sont pas admis<\/strong>. Les chaussures et accessoires ne sont pas concern\u00e9s. <strong>Aucun remboursement ne sera effectu\u00e9 en cas de non respect du dress code<\/strong>. Notre partenaire C&rsquo;Tendance \u00e0 Sarlat sera heureux de vous conseiller sur le choix d&rsquo;une tenue blanche compl\u00e8te.[\/vc_column_text][\/vc_tta_section][vc_tta_section title=\u00a0\u00bbPuis-je assister aux Pique-Niques Blancs en famille ?\u00a0\u00bb tab_id=\u00a0\u00bb1646400024391-4a43993b-eda6&Prime;][vc_column_text]<span class=\"gmail_default\">\u200b<\/span>Bien s\u00fbr ! Les Pique-Niques Blancs d\u2019Eyrignac sont un \u00e9v\u00e9nement interg\u00e9n\u00e9rationnel qui laissera un souvenir m\u00e9morable \u00e0 toute la famille. Pour les enfants, des surprises sont pr\u00e9vues pendant la soir\u00e9e et le feu d\u2019artifice final allume des \u00e9toiles dans leurs yeux !<\/p>\n<p>Veuillez noter cependant que pendant la soir\u00e9e les enfants restent sous la totale responsabilit\u00e9 de leurs parents et que, pour des questions de s\u00e9curit\u00e9, notamment en raison de la pr\u00e9sence de bassins, ils doivent rester sous la surveillance d&rsquo;un adulte et ne pas se promener seuls dans les jardins.[\/vc_column_text][\/vc_tta_section][vc_tta_section title=\u00a0\u00bbQue se passe-t-il en cas de m\u00e9t\u00e9o capricieuse ?\u00a0\u00bb tab_id=\u00a0\u00bb1646400090513-5e743cb6-29fe\u00a0\u00bb][vc_column_text css=\u00a0\u00bb\u00a0\u00bb]Si vous avez d\u00e9j\u00e0 achet\u00e9 vos billets en ligne, l&rsquo;\u00e9v\u00e8nement \u00e9tant dans la plupart des cas maintenu et les billets pouvant \u00eatre achet\u00e9s \u00e0 la derni\u00e8re minute, aucun remboursement n&rsquo;est pr\u00e9vu. Nous vous recommandons de pr\u00e9voir des \u00e9l\u00e9ments \u00e9tanches a placer sous vos plaids (b\u00e2ches, &#8230;) si des averses ont lieu dans la journ\u00e9e pr\u00e9c\u00e9dent le Pique-Nique Blanc. Seules de rares conditions extr\u00eames peuvent entra\u00eener une annulation et dans ce cas l&rsquo;\u00e9quipe d&rsquo;Eyrignac vous proposera un report ou un remboursement de vos billets.[\/vc_column_text][\/vc_tta_section][vc_tta_section title=\u00a0\u00bbLe feu d&rsquo;artifice de cl\u00f4ture peut-il \u00eatre annul\u00e9?\u00a0\u00bb tab_id=\u00a0\u00bb1660058635154-e91a0892-b9c2&Prime;][vc_column_text]L&rsquo;annulation du feu d&rsquo;artifice de cl\u00f4ture de soir\u00e9e est possible en cas de force majeure li\u00e9e \u00e0 un arr\u00eat\u00e9 pr\u00e9fectoral d&rsquo;interdiction totale ou sous conditions, dans des circonstances d&rsquo;\u00e9pisodes de s\u00e9cheresse pour la pr\u00e9vention d&rsquo;incendies. La cl\u00f4ture de soir\u00e9e sans feu d&rsquo;artifice ne donne lieu \u00e0 aucun d\u00e9dommagement ni aucune annulation, la responsabilit\u00e9 d&rsquo;Eyrignac et ses Jardins n&rsquo;\u00e9tant pas en cause et cette animation n&rsquo;exc\u00e9dant pas 5 minutes sur une soir\u00e9e d&rsquo;une dur\u00e9e totale de 4h. En cas d&rsquo;annulation du feu d&rsquo;artifice de cl\u00f4ture, vous serez inform\u00e9 via les r\u00e9seaux sociaux d&rsquo;Eyrignac.<\/p>\n<p>Les arr\u00eat\u00e9s pr\u00e9fectoraux sont consultables sur le <a href=\"https:\/\/www.dordogne.gouv.fr\/Publications\/Recueil-des-actes-administratifs\/Annee-2022\">site internet de la Pr\u00e9fecture de la Dordogne<\/a>.[\/vc_column_text][\/vc_tta_section][\/vc_tta_accordion][\/vc_column][\/vc_row][vc_row content_placement=\u00a0\u00bbmiddle\u00a0\u00bb][vc_column][vc_masonry_media_grid element_width=\u00a0\u00bb3&Prime; gap=\u00a0\u00bb10&Prime; initial_loading_animation=\u00a0\u00bbnone\u00a0\u00bb grid_id=\u00a0\u00bbvc_gid:1770049817962-54e0e2ae-904b-6&Prime; include=\u00a0\u00bb3455,5123,7382,7384,9958,3249,7389,6363,2631,2501,2439,9860,9313,8760,9956,9960&Prime;][\/vc_column][\/vc_row]<\/p>\n<\/div>","protected":false},"excerpt":{"rendered":"[vc_row content_placement=\u00a0\u00bbmiddle\u00a0\u00bb][vc_column css=\u00a0\u00bb.vc_custom_1516198831838{margin-bottom: 0px !important;}\u00a0\u00bb][vc_column_text] Tous les lundis soir, venez danser entre amis et en famille pendant les Pique-Niques Blancs aux jardins du manoir d&rsquo;Eyrignac [\/vc_column_text][vc_column_text css=\u00a0\u00bb\u00a0\u00bb]Le Pique-Nique Blanc est \u00a0\u00bble\u00a0\u00bb rendez-vous attendu de l&rsquo;\u00e9t\u00e9. A Eyrignac, les lundis soir de l&rsquo;\u00e9t\u00e9 annoncent des moments de f\u00eate et de convivialit\u00e9.\u00a0Petits et grands vont s&rsquo;amuser, chanter&#8230; <a class=\"view-article\" href=\"https:\/\/www.eyrignac.com\/fr\/pique-niques-blancs\">Voir l&rsquo;article<\/a>","protected":false},"author":8,"featured_media":0,"parent":0,"menu_order":0,"comment_status":"closed","ping_status":"closed","template":"page-slide.php","meta":{"_acf_changed":false,"footnotes":""},"class_list":["post-7041","page","type-page","status-publish","hentry"],"acf":[],"yoast_head":"<!-- This site is optimized with the Yoast SEO plugin v27.5 - https:\/\/yoast.com\/product\/yoast-seo-wordpress\/ -->\n<title>Dordogne - P\u00e9rigord noir - Eyrignac : Pique-niques blancs<\/title>\n<meta name=\"description\" content=\"Juillet-ao\u00fbt : tous les lundi, les jardins d&#039;Eyrignac organisent des pique-niques blancs. D\u00e9tente, DJ, bar \u00e0 cocktails, bar \u00e0 glaces et feu d&#039;artifice de cl\u00f4ture !\" \/>\n<meta name=\"robots\" content=\"index, follow, max-snippet:-1, max-image-preview:large, max-video-preview:-1\" \/>\n<link rel=\"canonical\" href=\"https:\/\/www.eyrignac.com\/fr\/pique-niques-blancs\" \/>\n<meta property=\"og:locale\" content=\"fr_FR\" \/>\n<meta property=\"og:type\" content=\"article\" \/>\n<meta property=\"og:title\" content=\"Dordogne - P\u00e9rigord noir - Eyrignac : Pique-niques blancs\" \/>\n<meta property=\"og:description\" content=\"Juillet-ao\u00fbt : tous les lundi, les jardins d&#039;Eyrignac organisent des pique-niques blancs. D\u00e9tente, DJ, bar \u00e0 cocktails, bar \u00e0 glaces et feu d&#039;artifice de cl\u00f4ture !\" \/>\n<meta property=\"og:url\" content=\"https:\/\/www.eyrignac.com\/fr\/pique-niques-blancs\" \/>\n<meta property=\"og:site_name\" content=\"Eyrignac et ses jardins\" \/>\n<meta property=\"article:publisher\" content=\"https:\/\/www.facebook.com\/JardinsEyrignac\/\" \/>\n<meta property=\"article:modified_time\" content=\"2026-02-02T16:44:59+00:00\" \/>\n<meta property=\"og:image\" content=\"https:\/\/www.eyrignac.com\/wp-content\/uploads\/2022\/02\/Logo-Dress-Code-pour-Site-Web.png\" \/>\n<meta name=\"twitter:card\" content=\"summary_large_image\" \/>\n<meta name=\"twitter:site\" content=\"@eyrignac\" \/>\n<meta name=\"twitter:label1\" content=\"Dur\u00e9e de lecture estim\u00e9e\" \/>\n\t<meta name=\"twitter:data1\" content=\"11 minutes\" \/>\n<script type=\"application\/ld+json\" class=\"yoast-schema-graph\">{\"@context\":\"https:\\\/\\\/schema.org\",\"@graph\":[{\"@type\":\"WebPage\",\"@id\":\"https:\\\/\\\/www.eyrignac.com\\\/fr\\\/pique-niques-blancs\",\"url\":\"https:\\\/\\\/www.eyrignac.com\\\/fr\\\/pique-niques-blancs\",\"name\":\"Dordogne - P\u00e9rigord noir - Eyrignac : Pique-niques blancs\",\"isPartOf\":{\"@id\":\"https:\\\/\\\/www.eyrignac.com\\\/fr\\\/#website\"},\"primaryImageOfPage\":{\"@id\":\"https:\\\/\\\/www.eyrignac.com\\\/fr\\\/pique-niques-blancs#primaryimage\"},\"image\":{\"@id\":\"https:\\\/\\\/www.eyrignac.com\\\/fr\\\/pique-niques-blancs#primaryimage\"},\"thumbnailUrl\":\"https:\\\/\\\/www.eyrignac.com\\\/wp-content\\\/uploads\\\/2022\\\/02\\\/Logo-Dress-Code-pour-Site-Web.png\",\"datePublished\":\"2022-02-20T18:55:50+00:00\",\"dateModified\":\"2026-02-02T16:44:59+00:00\",\"description\":\"Juillet-ao\u00fbt : tous les lundi, les jardins d'Eyrignac organisent des pique-niques blancs. D\u00e9tente, DJ, bar \u00e0 cocktails, bar \u00e0 glaces et feu d'artifice de cl\u00f4ture !\",\"breadcrumb\":{\"@id\":\"https:\\\/\\\/www.eyrignac.com\\\/fr\\\/pique-niques-blancs#breadcrumb\"},\"inLanguage\":\"fr-FR\",\"potentialAction\":[{\"@type\":\"ReadAction\",\"target\":[\"https:\\\/\\\/www.eyrignac.com\\\/fr\\\/pique-niques-blancs\"]}]},{\"@type\":\"ImageObject\",\"inLanguage\":\"fr-FR\",\"@id\":\"https:\\\/\\\/www.eyrignac.com\\\/fr\\\/pique-niques-blancs#primaryimage\",\"url\":\"https:\\\/\\\/www.eyrignac.com\\\/wp-content\\\/uploads\\\/2022\\\/02\\\/Logo-Dress-Code-pour-Site-Web.png\",\"contentUrl\":\"https:\\\/\\\/www.eyrignac.com\\\/wp-content\\\/uploads\\\/2022\\\/02\\\/Logo-Dress-Code-pour-Site-Web.png\"},{\"@type\":\"BreadcrumbList\",\"@id\":\"https:\\\/\\\/www.eyrignac.com\\\/fr\\\/pique-niques-blancs#breadcrumb\",\"itemListElement\":[{\"@type\":\"ListItem\",\"position\":1,\"name\":\"Accueil\",\"item\":\"https:\\\/\\\/www.eyrignac.com\\\/fr\"},{\"@type\":\"ListItem\",\"position\":2,\"name\":\"Pique-niques blancs\"}]},{\"@type\":\"WebSite\",\"@id\":\"https:\\\/\\\/www.eyrignac.com\\\/fr\\\/#website\",\"url\":\"https:\\\/\\\/www.eyrignac.com\\\/fr\\\/\",\"name\":\"Eyrignac et ses jardins\",\"description\":\"Lieu de verdure unique en Dordogne\",\"publisher\":{\"@id\":\"https:\\\/\\\/www.eyrignac.com\\\/fr\\\/#organization\"},\"potentialAction\":[{\"@type\":\"SearchAction\",\"target\":{\"@type\":\"EntryPoint\",\"urlTemplate\":\"https:\\\/\\\/www.eyrignac.com\\\/fr\\\/?s={search_term_string}\"},\"query-input\":{\"@type\":\"PropertyValueSpecification\",\"valueRequired\":true,\"valueName\":\"search_term_string\"}}],\"inLanguage\":\"fr-FR\"},{\"@type\":\"Organization\",\"@id\":\"https:\\\/\\\/www.eyrignac.com\\\/fr\\\/#organization\",\"name\":\"Eyrignac\",\"url\":\"https:\\\/\\\/www.eyrignac.com\\\/fr\\\/\",\"logo\":{\"@type\":\"ImageObject\",\"inLanguage\":\"fr-FR\",\"@id\":\"https:\\\/\\\/www.eyrignac.com\\\/fr\\\/#\\\/schema\\\/logo\\\/image\\\/\",\"url\":\"https:\\\/\\\/www.eyrignac.com\\\/wp-content\\\/uploads\\\/2017\\\/12\\\/logo-eyrignac.png\",\"contentUrl\":\"https:\\\/\\\/www.eyrignac.com\\\/wp-content\\\/uploads\\\/2017\\\/12\\\/logo-eyrignac.png\",\"width\":500,\"height\":189,\"caption\":\"Eyrignac\"},\"image\":{\"@id\":\"https:\\\/\\\/www.eyrignac.com\\\/fr\\\/#\\\/schema\\\/logo\\\/image\\\/\"},\"sameAs\":[\"https:\\\/\\\/www.facebook.com\\\/JardinsEyrignac\\\/\",\"https:\\\/\\\/x.com\\\/eyrignac\",\"https:\\\/\\\/www.instagram.com\\\/eyrignac\\\/\",\"https:\\\/\\\/www.pinterest.fr\\\/eyrignac\\\/\",\"https:\\\/\\\/www.youtube.com\\\/channel\\\/UCjWc47ArIew83eRXXjaBowg\"]}]}<\/script>\n<!-- \/ Yoast SEO plugin. -->","yoast_head_json":{"title":"Dordogne - P\u00e9rigord noir - Eyrignac : Pique-niques blancs","description":"Juillet-ao\u00fbt : tous les lundi, les jardins d'Eyrignac organisent des pique-niques blancs. D\u00e9tente, DJ, bar \u00e0 cocktails, bar \u00e0 glaces et feu d'artifice de cl\u00f4ture !","robots":{"index":"index","follow":"follow","max-snippet":"max-snippet:-1","max-image-preview":"max-image-preview:large","max-video-preview":"max-video-preview:-1"},"canonical":"https:\/\/www.eyrignac.com\/fr\/pique-niques-blancs","og_locale":"fr_FR","og_type":"article","og_title":"Dordogne - P\u00e9rigord noir - Eyrignac : Pique-niques blancs","og_description":"Juillet-ao\u00fbt : tous les lundi, les jardins d'Eyrignac organisent des pique-niques blancs. D\u00e9tente, DJ, bar \u00e0 cocktails, bar \u00e0 glaces et feu d'artifice de cl\u00f4ture !","og_url":"https:\/\/www.eyrignac.com\/fr\/pique-niques-blancs","og_site_name":"Eyrignac et ses jardins","article_publisher":"https:\/\/www.facebook.com\/JardinsEyrignac\/","article_modified_time":"2026-02-02T16:44:59+00:00","og_image":[{"url":"https:\/\/www.eyrignac.com\/wp-content\/uploads\/2022\/02\/Logo-Dress-Code-pour-Site-Web.png","type":"","width":"","height":""}],"twitter_card":"summary_large_image","twitter_site":"@eyrignac","twitter_misc":{"Dur\u00e9e de lecture estim\u00e9e":"11 minutes"},"schema":{"@context":"https:\/\/schema.org","@graph":[{"@type":"WebPage","@id":"https:\/\/www.eyrignac.com\/fr\/pique-niques-blancs","url":"https:\/\/www.eyrignac.com\/fr\/pique-niques-blancs","name":"Dordogne - P\u00e9rigord noir - Eyrignac : Pique-niques blancs","isPartOf":{"@id":"https:\/\/www.eyrignac.com\/fr\/#website"},"primaryImageOfPage":{"@id":"https:\/\/www.eyrignac.com\/fr\/pique-niques-blancs#primaryimage"},"image":{"@id":"https:\/\/www.eyrignac.com\/fr\/pique-niques-blancs#primaryimage"},"thumbnailUrl":"https:\/\/www.eyrignac.com\/wp-content\/uploads\/2022\/02\/Logo-Dress-Code-pour-Site-Web.png","datePublished":"2022-02-20T18:55:50+00:00","dateModified":"2026-02-02T16:44:59+00:00","description":"Juillet-ao\u00fbt : tous les lundi, les jardins d'Eyrignac organisent des pique-niques blancs. D\u00e9tente, DJ, bar \u00e0 cocktails, bar \u00e0 glaces et feu d'artifice de cl\u00f4ture !","breadcrumb":{"@id":"https:\/\/www.eyrignac.com\/fr\/pique-niques-blancs#breadcrumb"},"inLanguage":"fr-FR","potentialAction":[{"@type":"ReadAction","target":["https:\/\/www.eyrignac.com\/fr\/pique-niques-blancs"]}]},{"@type":"ImageObject","inLanguage":"fr-FR","@id":"https:\/\/www.eyrignac.com\/fr\/pique-niques-blancs#primaryimage","url":"https:\/\/www.eyrignac.com\/wp-content\/uploads\/2022\/02\/Logo-Dress-Code-pour-Site-Web.png","contentUrl":"https:\/\/www.eyrignac.com\/wp-content\/uploads\/2022\/02\/Logo-Dress-Code-pour-Site-Web.png"},{"@type":"BreadcrumbList","@id":"https:\/\/www.eyrignac.com\/fr\/pique-niques-blancs#breadcrumb","itemListElement":[{"@type":"ListItem","position":1,"name":"Accueil","item":"https:\/\/www.eyrignac.com\/fr"},{"@type":"ListItem","position":2,"name":"Pique-niques blancs"}]},{"@type":"WebSite","@id":"https:\/\/www.eyrignac.com\/fr\/#website","url":"https:\/\/www.eyrignac.com\/fr\/","name":"Eyrignac et ses jardins","description":"Lieu de verdure unique en Dordogne","publisher":{"@id":"https:\/\/www.eyrignac.com\/fr\/#organization"},"potentialAction":[{"@type":"SearchAction","target":{"@type":"EntryPoint","urlTemplate":"https:\/\/www.eyrignac.com\/fr\/?s={search_term_string}"},"query-input":{"@type":"PropertyValueSpecification","valueRequired":true,"valueName":"search_term_string"}}],"inLanguage":"fr-FR"},{"@type":"Organization","@id":"https:\/\/www.eyrignac.com\/fr\/#organization","name":"Eyrignac","url":"https:\/\/www.eyrignac.com\/fr\/","logo":{"@type":"ImageObject","inLanguage":"fr-FR","@id":"https:\/\/www.eyrignac.com\/fr\/#\/schema\/logo\/image\/","url":"https:\/\/www.eyrignac.com\/wp-content\/uploads\/2017\/12\/logo-eyrignac.png","contentUrl":"https:\/\/www.eyrignac.com\/wp-content\/uploads\/2017\/12\/logo-eyrignac.png","width":500,"height":189,"caption":"Eyrignac"},"image":{"@id":"https:\/\/www.eyrignac.com\/fr\/#\/schema\/logo\/image\/"},"sameAs":["https:\/\/www.facebook.com\/JardinsEyrignac\/","https:\/\/x.com\/eyrignac","https:\/\/www.instagram.com\/eyrignac\/","https:\/\/www.pinterest.fr\/eyrignac\/","https:\/\/www.youtube.com\/channel\/UCjWc47ArIew83eRXXjaBowg"]}]}},"_links":{"self":[{"href":"https:\/\/www.eyrignac.com\/fr\/wp-json\/wp\/v2\/pages\/7041","targetHints":{"allow":["GET"]}}],"collection":[{"href":"https:\/\/www.eyrignac.com\/fr\/wp-json\/wp\/v2\/pages"}],"about":[{"href":"https:\/\/www.eyrignac.com\/fr\/wp-json\/wp\/v2\/types\/page"}],"author":[{"embeddable":true,"href":"https:\/\/www.eyrignac.com\/fr\/wp-json\/wp\/v2\/users\/8"}],"replies":[{"embeddable":true,"href":"https:\/\/www.eyrignac.com\/fr\/wp-json\/wp\/v2\/comments?post=7041"}],"version-history":[{"count":1,"href":"https:\/\/www.eyrignac.com\/fr\/wp-json\/wp\/v2\/pages\/7041\/revisions"}],"predecessor-version":[{"id":12028,"href":"https:\/\/www.eyrignac.com\/fr\/wp-json\/wp\/v2\/pages\/7041\/revisions\/12028"}],"wp:attachment":[{"href":"https:\/\/www.eyrignac.com\/fr\/wp-json\/wp\/v2\/media?parent=7041"}],"curies":[{"name":"wp","href":"https:\/\/api.w.org\/{rel}","templated":true}]}}