{"id":5585,"date":"2020-11-26T13:14:14","date_gmt":"2020-11-26T12:14:14","guid":{"rendered":"https:\/\/www.eyrignac.com\/?page_id=5585"},"modified":"2025-03-21T17:43:23","modified_gmt":"2025-03-21T16:43:23","slug":"circuit-eyrignac-jardins-chateau-lacypierre-groupes","status":"publish","type":"page","link":"https:\/\/www.eyrignac.com\/fr\/preparer-ma-visite\/en-groupe\/circuit-eyrignac-jardins-chateau-lacypierre-groupes","title":{"rendered":"CIRCUIT \u00ab\u00a0EYRIGNAC &#038; SES JARDINS \/ LE CH\u00c2TEAU DE LACYPIERRE\u00a0\u00bb POUR LES GROUPES"},"content":{"rendered":"<div class=\"wpb-content-wrapper\"><p>[vc_row][vc_column][\/vc_column][\/vc_row][vc_row][vc_column][vc_column_text el_class=\u00a0\u00bbor\u00a0\u00bb]<\/p>\n<h1>CIRCUIT GROUPES<br \/>\nEYRIGNAC &amp; SES JARDINS \/ LE CH\u00c2TEAU DE LACYPIERRE<br \/>\nLE PATRIMOINE PERIGOURDIN PASSIONEMENT<\/h1>\n<p>[\/vc_column_text][vc_column_text css=\u00a0\u00bb\u00a0\u00bb]<strong>Eyrignac et ses Jardins, le ch\u00e2teau de Lacypierre, deux histoires de c\u0153ur et une m\u00eame passion pour le patrimoine, c\u2019est ce que vous pourrez d\u00e9couvrir au cours de ce circuit r\u00e9unissant deux monuments historiques repr\u00e9sentatifs de l\u2019histoire du P\u00e9rigord du Moyen-\u00c2ge \u00e0 notre \u00e9poque, en passant par le Grand Si\u00e8cle et la R\u00e9volution fran\u00e7aise.<\/strong><br \/>\n<strong>Offre r\u00e9serv\u00e9e aux groupes \u00e0 partir de 38 \u20ac<\/strong>[\/vc_column_text][vc_column_text]<\/p>\n<h3>PROGRAMME DE VOTRE VISITE EN GROUPE<br \/>\n\u00ab EYRIGNAC &amp; SES JARDINS \/ LE CH\u00c2TEAU DE LACYPIERRE \u00bb<\/h3>\n<p>Vous pouvez au choix positionner le matin ou l\u2019apr\u00e8s-midi :<\/p>\n<ul>\n<li>La visite guid\u00e9e des jardins d\u2019Eyrignac dont le jardin \u00e0 la fran\u00e7aise, la Roseraie blanche, le Potager, le jardin fleuriste<br \/>\n(dur\u00e9e 1h \u00e0 1h30)<\/li>\n<li>La visite guide\u0301e du <a href=\"https:\/\/www.chateau-lacypierre-perigord.fr\/\">Cha\u0302teau de Lacypierre<\/a><br \/>\n(environ 1h30)<\/li>\n<li>Le d\u00e9jeuner soit au restaurant d\u2019Eyrignac et ses Jardins soit au restaurant de <a href=\"https:\/\/www.la-couleuvrine.com\/\">la Couleuvrine<\/a> (Sarlat-la-Can\u00e9da)<\/li>\n<\/ul>\n<p>[\/vc_column_text][\/vc_column][\/vc_row][vc_row][vc_column css=\u00a0\u00bb.vc_custom_1606390054759{background-color: #f6f2eb !important;}\u00a0\u00bb][vc_column_text]<\/p>\n<h3 style=\"text-align: center;\">INFORMATIONS ET R\u00c9SERVATION<\/h3>\n<p style=\"text-align: center;\">Via Eyrignac et ses Jardins : 05 53 28 99 71 \u2013 <a href=\"mailto:contact@eyrignac.com\" target=\"_blank\" rel=\"noopener noreferrer\">contact@eyrignac.com<\/a><br \/>\nVia Le Ch\u00e2teau de Lacypierre : 06 48 71 30 16 &#8211; <a href=\"mailto:isabellelebon24@orange.fr\" target=\"_blank\" rel=\"noopener noreferrer\">isabellelebon24@orange.fr<\/a><\/p>\n<p style=\"text-align: center;\"><strong><em>A noter<\/em><\/strong><br \/>\n<em>Les r\u00e9servations s\u2019effectuent aupr\u00e8s de chaque site en pr\u00e9cisant le circuit.<\/em><br \/>\n<em>Le re\u0300glement s\u2019effectuera aupre\u0300s de chaque prestataire.<\/em><\/p>\n<p>[\/vc_column_text][vc_empty_space][\/vc_column][\/vc_row][vc_row][vc_column][vc_empty_space][vc_column_text]<\/p>\n<h3 style=\"text-align: center;\">MENUS AU CHOIX<\/h3>\n<p>[\/vc_column_text][vc_row_inner][vc_column_inner width=\u00a0\u00bb1\/2&Prime;][vc_column_text css=\u00a0\u00bb\u00a0\u00bb]<\/p>\n<p style=\"text-align: center;\"><strong>\u00ab\u00a0MENU-CARTE DU MANOIR\u00a0\u00bb<\/strong><br \/>\n<strong>AU <a href=\"https:\/\/www.eyrignac.com\/fr\/preparer-ma-visite\/restaurant-salon-de-the-cote-jardin-eyrignac\">RESTAURANT C\u00d4T\u00c9 JARDINS<\/a><\/strong><br \/>\nPlat + Dessert 21 \u20ac<br \/>\nEntr\u00e9e + Plat + Dessert 25 \u20ac<br \/>\n\u00bc de vin et caf\u00e9 compris<\/p>\n<p>[\/vc_column_text][\/vc_column_inner][vc_column_inner width=\u00a0\u00bb1\/2&Prime;][vc_column_text]<\/p>\n<p style=\"text-align: center;\"><strong>MENU<\/strong><br \/>\n<strong>RESTAURANT <a href=\"https:\/\/www.la-couleuvrine.com\/\">LA COULEUVRINE<\/a><\/strong><br \/>\n<strong>\u00e0 Sarlat-la-Can\u00e9da \u00e0 partir de 20 personnes<\/strong><br \/>\nEntr\u00e9e + Plat + Dessert 26\u20ac<br \/>\n\u00bc de vin et caf\u00e9 compris<\/p>\n<p>[\/vc_column_text][\/vc_column_inner][\/vc_row_inner][\/vc_column][\/vc_row][vc_row][vc_column][vc_media_grid element_width=\u00a0\u00bb3&Prime; grid_id=\u00a0\u00bbvc_gid:1742575377919-60ec1ba0-c411-7&Prime; include=\u00a0\u00bb5593,3435,5595,3383,5599,3415,5601,3323,5603,3293,5605,3249&Prime;][\/vc_column][\/vc_row][vc_row][vc_column][vc_column_text]<\/p>\n<h3>EYRIGNAC ET SES JARDINS<\/h3>\n<p>Cas rare dans l\u2019histoire du patrimoine fran\u00e7ais, le domaine d\u2019Eyrignac appartient \u00e0 la m\u00eame famille depuis 22 g\u00e9n\u00e9rations. C\u2019est en 1981 que Gilles Sermadiras et son fils, Patrick, actuel propri\u00e9taire, d\u00e9cident d\u2019ouvrir le domaine au public et plus particuli\u00e8rement les jardins qu\u2019ils ont am\u00e9nag\u00e9s ensemble autour du Manoir. Aujourd\u2019hui, les jardins d\u2019Eyrignac, avec leur spectaculaire collection de plus de 300 topiaires, sont consid\u00e9r\u00e9s comme le joyau v\u00e9g\u00e9tal du P\u00e9rigord. Au cours de la visite, vous pourrez d\u00e9couvrir l\u2019all\u00e9e des Charmes, l\u2019all\u00e9e des Vases, le parterre \u00e0 la fran\u00e7aise du Manoir, le Jardin blanc, tous d\u2019inspiration \u00e0 la fran\u00e7aise. Si les ifs, les charmes et les buis sont amplement repr\u00e9sent\u00e9s \u00e0 Eyrignac, les fleurs sont bien pr\u00e9sentes dans le jardin fleuriste ou les Pr\u00e8s fleuris. Sans oublier le Potager qui apporte ses notes color\u00e9es.[\/vc_column_text][vc_column_text]<\/p>\n<h3>LE CHATEAU DE LACYPIERRE<\/h3>\n<p>Typique repr\u00e9sentant de l\u2019architecture p\u00e9rigourdine, le ch\u00e2teau de Lacypierre du XIVe si\u00e8cle doit son nom \u00e0 la famille Beni\u00e9 de Lacypierre dont il devient la propri\u00e9t\u00e9 en 1462. La famille s\u2019illustre au XVIIIe si\u00e8cle avec son dernier repr\u00e9sentant, Guillaume Beni\u00e9 de Lacypierre, fid\u00e8le garde du corps du Roi dans la compagnie de Beauvau au service de Louis XV et de Louis XVI. Tomb\u00e9 peu \u00e0 peu en d\u00e9su\u00e9tude \u00e0 partir du milieu du XIXe si\u00e8cle, le ch\u00e2teau et son domaine sont rachet\u00e9s par Serge Lebon-H\u00e9nault et son \u00e9pouse Annick, qui se font un devoir de ramener les lieux \u00e0 la vie en le restaurant puis en meublant. Cet attachement au ch\u00e2teau de Lacypierre, Serge et Annick l\u2019ont transmis \u00e0 leurs 2 filles Isabelle et Florence, qui ont v\u00e9cu, pas \u00e0 pas la renaissance du b\u00e2timent et de son jardin. Elles ont \u00e0 pr\u00e9sent le plaisir d\u2019accueillir les visiteurs avec lesquelles elles partagent leurs souvenirs d\u2019enfance au cours d\u2019une visite qui aborde l\u2019Histoire et les histoires.[\/vc_column_text][\/vc_column][\/vc_row]<\/p>\n<\/div>","protected":false},"excerpt":{"rendered":"[vc_row][vc_column][\/vc_column][\/vc_row][vc_row][vc_column][vc_column_text el_class=\u00a0\u00bbor\u00a0\u00bb] CIRCUIT GROUPES EYRIGNAC &amp; SES JARDINS \/ LE CH\u00c2TEAU DE LACYPIERRE LE PATRIMOINE PERIGOURDIN PASSIONEMENT [\/vc_column_text][vc_column_text css=\u00a0\u00bb\u00a0\u00bb]Eyrignac et ses Jardins, le ch\u00e2teau de Lacypierre, deux histoires de c\u0153ur et une m\u00eame passion pour le patrimoine, c\u2019est ce que vous pourrez d\u00e9couvrir au cours de ce circuit r\u00e9unissant deux monuments historiques repr\u00e9sentatifs de l\u2019histoire&#8230; <a class=\"view-article\" href=\"https:\/\/www.eyrignac.com\/fr\/preparer-ma-visite\/en-groupe\/circuit-eyrignac-jardins-chateau-lacypierre-groupes\">Voir l&rsquo;article<\/a>","protected":false},"author":3,"featured_media":0,"parent":232,"menu_order":0,"comment_status":"closed","ping_status":"closed","template":"","meta":{"_acf_changed":false,"footnotes":""},"class_list":["post-5585","page","type-page","status-publish","hentry"],"acf":[],"yoast_head":"<!-- This site is optimized with the Yoast SEO plugin v27.5 - https:\/\/yoast.com\/product\/yoast-seo-wordpress\/ -->\n<title>Circuit groupe Eyrignac &amp; ses Jardins \/ ch\u00e2teau de Lacypierre<\/title>\n<meta name=\"description\" content=\"Eyrignac et ses Jardins, le ch\u00e2teau de Lacypierre, deux histoires de c\u0153ur et une m\u00eame passion pour le patrimoine \u00e0 d\u00e9couvrir\" \/>\n<meta name=\"robots\" content=\"index, follow, max-snippet:-1, max-image-preview:large, max-video-preview:-1\" \/>\n<link rel=\"canonical\" href=\"https:\/\/www.eyrignac.com\/fr\/preparer-ma-visite\/en-groupe\/circuit-eyrignac-jardins-chateau-lacypierre-groupes\" \/>\n<meta property=\"og:locale\" content=\"fr_FR\" \/>\n<meta property=\"og:type\" content=\"article\" \/>\n<meta property=\"og:title\" content=\"Circuit groupe Eyrignac &amp; ses Jardins \/ ch\u00e2teau de Lacypierre\" \/>\n<meta property=\"og:description\" content=\"Eyrignac et ses Jardins, le ch\u00e2teau de Lacypierre, deux histoires de c\u0153ur et une m\u00eame passion pour le patrimoine \u00e0 d\u00e9couvrir\" \/>\n<meta property=\"og:url\" content=\"https:\/\/www.eyrignac.com\/fr\/preparer-ma-visite\/en-groupe\/circuit-eyrignac-jardins-chateau-lacypierre-groupes\" \/>\n<meta property=\"og:site_name\" content=\"Eyrignac et ses jardins\" \/>\n<meta property=\"article:publisher\" content=\"https:\/\/www.facebook.com\/JardinsEyrignac\/\" \/>\n<meta property=\"article:modified_time\" content=\"2025-03-21T16:43:23+00:00\" \/>\n<meta name=\"twitter:card\" content=\"summary_large_image\" \/>\n<meta name=\"twitter:site\" content=\"@eyrignac\" \/>\n<meta name=\"twitter:label1\" content=\"Dur\u00e9e de lecture estim\u00e9e\" \/>\n\t<meta name=\"twitter:data1\" content=\"4 minutes\" \/>\n<script type=\"application\/ld+json\" class=\"yoast-schema-graph\">{\"@context\":\"https:\\\/\\\/schema.org\",\"@graph\":[{\"@type\":\"WebPage\",\"@id\":\"https:\\\/\\\/www.eyrignac.com\\\/fr\\\/preparer-ma-visite\\\/en-groupe\\\/circuit-eyrignac-jardins-chateau-lacypierre-groupes\",\"url\":\"https:\\\/\\\/www.eyrignac.com\\\/fr\\\/preparer-ma-visite\\\/en-groupe\\\/circuit-eyrignac-jardins-chateau-lacypierre-groupes\",\"name\":\"Circuit groupe Eyrignac & ses Jardins \\\/ ch\u00e2teau de Lacypierre\",\"isPartOf\":{\"@id\":\"https:\\\/\\\/www.eyrignac.com\\\/fr\\\/#website\"},\"datePublished\":\"2020-11-26T12:14:14+00:00\",\"dateModified\":\"2025-03-21T16:43:23+00:00\",\"description\":\"Eyrignac et ses Jardins, le ch\u00e2teau de Lacypierre, deux histoires de c\u0153ur et une m\u00eame passion pour le patrimoine \u00e0 d\u00e9couvrir\",\"breadcrumb\":{\"@id\":\"https:\\\/\\\/www.eyrignac.com\\\/fr\\\/preparer-ma-visite\\\/en-groupe\\\/circuit-eyrignac-jardins-chateau-lacypierre-groupes#breadcrumb\"},\"inLanguage\":\"fr-FR\",\"potentialAction\":[{\"@type\":\"ReadAction\",\"target\":[\"https:\\\/\\\/www.eyrignac.com\\\/fr\\\/preparer-ma-visite\\\/en-groupe\\\/circuit-eyrignac-jardins-chateau-lacypierre-groupes\"]}]},{\"@type\":\"BreadcrumbList\",\"@id\":\"https:\\\/\\\/www.eyrignac.com\\\/fr\\\/preparer-ma-visite\\\/en-groupe\\\/circuit-eyrignac-jardins-chateau-lacypierre-groupes#breadcrumb\",\"itemListElement\":[{\"@type\":\"ListItem\",\"position\":1,\"name\":\"Accueil\",\"item\":\"https:\\\/\\\/www.eyrignac.com\\\/fr\"},{\"@type\":\"ListItem\",\"position\":2,\"name\":\"Pr\u00e9parer ma visite\",\"item\":\"https:\\\/\\\/www.eyrignac.com\\\/fr\\\/preparer-ma-visite\"},{\"@type\":\"ListItem\",\"position\":3,\"name\":\"Visiter Eyrignac et ses jardins en groupe\",\"item\":\"https:\\\/\\\/www.eyrignac.com\\\/fr\\\/preparer-ma-visite\\\/en-groupe\"},{\"@type\":\"ListItem\",\"position\":4,\"name\":\"CIRCUIT \u00ab\u00a0EYRIGNAC &#038; SES JARDINS \\\/ LE CH\u00c2TEAU DE LACYPIERRE\u00a0\u00bb POUR LES GROUPES\"}]},{\"@type\":\"WebSite\",\"@id\":\"https:\\\/\\\/www.eyrignac.com\\\/fr\\\/#website\",\"url\":\"https:\\\/\\\/www.eyrignac.com\\\/fr\\\/\",\"name\":\"Eyrignac et ses jardins\",\"description\":\"Lieu de verdure unique en Dordogne\",\"publisher\":{\"@id\":\"https:\\\/\\\/www.eyrignac.com\\\/fr\\\/#organization\"},\"potentialAction\":[{\"@type\":\"SearchAction\",\"target\":{\"@type\":\"EntryPoint\",\"urlTemplate\":\"https:\\\/\\\/www.eyrignac.com\\\/fr\\\/?s={search_term_string}\"},\"query-input\":{\"@type\":\"PropertyValueSpecification\",\"valueRequired\":true,\"valueName\":\"search_term_string\"}}],\"inLanguage\":\"fr-FR\"},{\"@type\":\"Organization\",\"@id\":\"https:\\\/\\\/www.eyrignac.com\\\/fr\\\/#organization\",\"name\":\"Eyrignac\",\"url\":\"https:\\\/\\\/www.eyrignac.com\\\/fr\\\/\",\"logo\":{\"@type\":\"ImageObject\",\"inLanguage\":\"fr-FR\",\"@id\":\"https:\\\/\\\/www.eyrignac.com\\\/fr\\\/#\\\/schema\\\/logo\\\/image\\\/\",\"url\":\"https:\\\/\\\/www.eyrignac.com\\\/wp-content\\\/uploads\\\/2017\\\/12\\\/logo-eyrignac.png\",\"contentUrl\":\"https:\\\/\\\/www.eyrignac.com\\\/wp-content\\\/uploads\\\/2017\\\/12\\\/logo-eyrignac.png\",\"width\":500,\"height\":189,\"caption\":\"Eyrignac\"},\"image\":{\"@id\":\"https:\\\/\\\/www.eyrignac.com\\\/fr\\\/#\\\/schema\\\/logo\\\/image\\\/\"},\"sameAs\":[\"https:\\\/\\\/www.facebook.com\\\/JardinsEyrignac\\\/\",\"https:\\\/\\\/x.com\\\/eyrignac\",\"https:\\\/\\\/www.instagram.com\\\/eyrignac\\\/\",\"https:\\\/\\\/www.pinterest.fr\\\/eyrignac\\\/\",\"https:\\\/\\\/www.youtube.com\\\/channel\\\/UCjWc47ArIew83eRXXjaBowg\"]}]}<\/script>\n<!-- \/ Yoast SEO plugin. -->","yoast_head_json":{"title":"Circuit groupe Eyrignac & ses Jardins \/ ch\u00e2teau de Lacypierre","description":"Eyrignac et ses Jardins, le ch\u00e2teau de Lacypierre, deux histoires de c\u0153ur et une m\u00eame passion pour le patrimoine \u00e0 d\u00e9couvrir","robots":{"index":"index","follow":"follow","max-snippet":"max-snippet:-1","max-image-preview":"max-image-preview:large","max-video-preview":"max-video-preview:-1"},"canonical":"https:\/\/www.eyrignac.com\/fr\/preparer-ma-visite\/en-groupe\/circuit-eyrignac-jardins-chateau-lacypierre-groupes","og_locale":"fr_FR","og_type":"article","og_title":"Circuit groupe Eyrignac & ses Jardins \/ ch\u00e2teau de Lacypierre","og_description":"Eyrignac et ses Jardins, le ch\u00e2teau de Lacypierre, deux histoires de c\u0153ur et une m\u00eame passion pour le patrimoine \u00e0 d\u00e9couvrir","og_url":"https:\/\/www.eyrignac.com\/fr\/preparer-ma-visite\/en-groupe\/circuit-eyrignac-jardins-chateau-lacypierre-groupes","og_site_name":"Eyrignac et ses jardins","article_publisher":"https:\/\/www.facebook.com\/JardinsEyrignac\/","article_modified_time":"2025-03-21T16:43:23+00:00","twitter_card":"summary_large_image","twitter_site":"@eyrignac","twitter_misc":{"Dur\u00e9e de lecture estim\u00e9e":"4 minutes"},"schema":{"@context":"https:\/\/schema.org","@graph":[{"@type":"WebPage","@id":"https:\/\/www.eyrignac.com\/fr\/preparer-ma-visite\/en-groupe\/circuit-eyrignac-jardins-chateau-lacypierre-groupes","url":"https:\/\/www.eyrignac.com\/fr\/preparer-ma-visite\/en-groupe\/circuit-eyrignac-jardins-chateau-lacypierre-groupes","name":"Circuit groupe Eyrignac & ses Jardins \/ ch\u00e2teau de Lacypierre","isPartOf":{"@id":"https:\/\/www.eyrignac.com\/fr\/#website"},"datePublished":"2020-11-26T12:14:14+00:00","dateModified":"2025-03-21T16:43:23+00:00","description":"Eyrignac et ses Jardins, le ch\u00e2teau de Lacypierre, deux histoires de c\u0153ur et une m\u00eame passion pour le patrimoine \u00e0 d\u00e9couvrir","breadcrumb":{"@id":"https:\/\/www.eyrignac.com\/fr\/preparer-ma-visite\/en-groupe\/circuit-eyrignac-jardins-chateau-lacypierre-groupes#breadcrumb"},"inLanguage":"fr-FR","potentialAction":[{"@type":"ReadAction","target":["https:\/\/www.eyrignac.com\/fr\/preparer-ma-visite\/en-groupe\/circuit-eyrignac-jardins-chateau-lacypierre-groupes"]}]},{"@type":"BreadcrumbList","@id":"https:\/\/www.eyrignac.com\/fr\/preparer-ma-visite\/en-groupe\/circuit-eyrignac-jardins-chateau-lacypierre-groupes#breadcrumb","itemListElement":[{"@type":"ListItem","position":1,"name":"Accueil","item":"https:\/\/www.eyrignac.com\/fr"},{"@type":"ListItem","position":2,"name":"Pr\u00e9parer ma visite","item":"https:\/\/www.eyrignac.com\/fr\/preparer-ma-visite"},{"@type":"ListItem","position":3,"name":"Visiter Eyrignac et ses jardins en groupe","item":"https:\/\/www.eyrignac.com\/fr\/preparer-ma-visite\/en-groupe"},{"@type":"ListItem","position":4,"name":"CIRCUIT \u00ab\u00a0EYRIGNAC &#038; SES JARDINS \/ LE CH\u00c2TEAU DE LACYPIERRE\u00a0\u00bb POUR LES GROUPES"}]},{"@type":"WebSite","@id":"https:\/\/www.eyrignac.com\/fr\/#website","url":"https:\/\/www.eyrignac.com\/fr\/","name":"Eyrignac et ses jardins","description":"Lieu de verdure unique en Dordogne","publisher":{"@id":"https:\/\/www.eyrignac.com\/fr\/#organization"},"potentialAction":[{"@type":"SearchAction","target":{"@type":"EntryPoint","urlTemplate":"https:\/\/www.eyrignac.com\/fr\/?s={search_term_string}"},"query-input":{"@type":"PropertyValueSpecification","valueRequired":true,"valueName":"search_term_string"}}],"inLanguage":"fr-FR"},{"@type":"Organization","@id":"https:\/\/www.eyrignac.com\/fr\/#organization","name":"Eyrignac","url":"https:\/\/www.eyrignac.com\/fr\/","logo":{"@type":"ImageObject","inLanguage":"fr-FR","@id":"https:\/\/www.eyrignac.com\/fr\/#\/schema\/logo\/image\/","url":"https:\/\/www.eyrignac.com\/wp-content\/uploads\/2017\/12\/logo-eyrignac.png","contentUrl":"https:\/\/www.eyrignac.com\/wp-content\/uploads\/2017\/12\/logo-eyrignac.png","width":500,"height":189,"caption":"Eyrignac"},"image":{"@id":"https:\/\/www.eyrignac.com\/fr\/#\/schema\/logo\/image\/"},"sameAs":["https:\/\/www.facebook.com\/JardinsEyrignac\/","https:\/\/x.com\/eyrignac","https:\/\/www.instagram.com\/eyrignac\/","https:\/\/www.pinterest.fr\/eyrignac\/","https:\/\/www.youtube.com\/channel\/UCjWc47ArIew83eRXXjaBowg"]}]}},"_links":{"self":[{"href":"https:\/\/www.eyrignac.com\/fr\/wp-json\/wp\/v2\/pages\/5585","targetHints":{"allow":["GET"]}}],"collection":[{"href":"https:\/\/www.eyrignac.com\/fr\/wp-json\/wp\/v2\/pages"}],"about":[{"href":"https:\/\/www.eyrignac.com\/fr\/wp-json\/wp\/v2\/types\/page"}],"author":[{"embeddable":true,"href":"https:\/\/www.eyrignac.com\/fr\/wp-json\/wp\/v2\/users\/3"}],"replies":[{"embeddable":true,"href":"https:\/\/www.eyrignac.com\/fr\/wp-json\/wp\/v2\/comments?post=5585"}],"version-history":[{"count":0,"href":"https:\/\/www.eyrignac.com\/fr\/wp-json\/wp\/v2\/pages\/5585\/revisions"}],"up":[{"embeddable":true,"href":"https:\/\/www.eyrignac.com\/fr\/wp-json\/wp\/v2\/pages\/232"}],"wp:attachment":[{"href":"https:\/\/www.eyrignac.com\/fr\/wp-json\/wp\/v2\/media?parent=5585"}],"curies":[{"name":"wp","href":"https:\/\/api.w.org\/{rel}","templated":true}]}}