{"id":4415,"date":"2019-12-04T16:25:25","date_gmt":"2019-12-04T15:25:25","guid":{"rendered":"https:\/\/www.eyrignac.com\/?page_id=4415"},"modified":"2025-03-21T15:02:35","modified_gmt":"2025-03-21T14:02:35","slug":"circuit-groupes-eyrignac-oies-perigord","status":"publish","type":"page","link":"https:\/\/www.eyrignac.com\/fr\/preparer-ma-visite\/en-groupe\/circuit-groupes-eyrignac-oies-perigord","title":{"rendered":"Circuit \u201c EYRIGNAC &#038; SES JARDINS \/ LA FERME DES OIES DU P\u00c9RIGORD NOIR \u201c pour les groupes"},"content":{"rendered":"<div class=\"wpb-content-wrapper\"><p>[vc_row][vc_column][vc_column_text el_class=\u00a0\u00bbor\u00a0\u00bb]<\/p>\n<h1>CIRCUIT GROUPES<br \/>\nEYRIGNAC &amp; SES JARDINS \/ LA FERME DES OIES DU P\u00c9RIGORD NOIR<br \/>\nLE MEILLEUR DU PATRIMOINE ET DE LA GASTRONOMIE EN DORDOGNE<\/h1>\n<p>[\/vc_column_text][vc_column_text css=\u00a0\u00bb\u00a0\u00bb]<strong>Le circuit combinant la visite d\u2019Eyrignac &amp; ses Jardins et la d\u00e9couverte de la Ferme des Oies du P\u00e9rigord noir repose sur les th\u00e9matiques de l\u2019amour de la terre, de la transmission familiale et de la pr\u00e9servation des traditions.<br \/>\nOffre r\u00e9serv\u00e9e aux groupes \u00e0 partir de 37 \u20ac par personne d\u00e9jeuner compris.<br \/>\n<\/strong>[\/vc_column_text][\/vc_column][\/vc_row][vc_row][vc_column][vc_column_text css=\u00a0\u00bb\u00a0\u00bb]<\/p>\n<h3>PROGRAMME DE VOTRE VISITE en GROUPE \u201c Eyrignac &amp; ses Jardins \/ la Ferme d\u2019Oies du P\u00e9rigord Noir \u201c<\/h3>\n<p>Les 2 visites et le d\u00e9jeuner au restaurant d\u2019Eyrignac et ses Jardins \u00e0 partir de 37\u20ac*.<br \/>\n<em>*Voir les diff\u00e9rentes formules pour le menu \u201cCarte du Manoir\u201d ci-apr\u00e8s.<\/em><br \/>\nVous pouvez au choix positionner le matin ou l\u2019apr\u00e8s-midi :<\/p>\n<ul>\n<li>La visite libre ou guid\u00e9e des jardins d\u2019Eyrignac dont le jardin \u00e0 la fran\u00e7aise, la Roseraie blanche, le Potager, le jardin fleuriste (dur\u00e9e 1h \u00e0 1h30)<\/li>\n<li>Le d\u00e9jeuner au restaurant C\u00f4t\u00e9 Jardins \u00e0 Eyrignac<\/li>\n<li>La d\u00e9couverte accompagn\u00e9e de la ferme des Oies du P\u00e9rigord Noir, une pr\u00e9sentation du m\u00e9tier d&rsquo;\u00e9leveur et une d\u00e9gustation des produits faits maison + un verre de vin. (dur\u00e9e 1h30 \u00e0 2h)<\/li>\n<\/ul>\n<p>[\/vc_column_text][\/vc_column][\/vc_row][vc_row][vc_column css=\u00a0\u00bb.vc_custom_1573831361599{background-color: #ddddd2 !important;}\u00a0\u00bb][vc_column_text]<\/p>\n<h3 style=\"text-align: center;\">Informations et r\u00e9servation<\/h3>\n<p style=\"text-align: center;\">Via Eyrignac et ses Jardins : 05 53 28 99 71 &#8211; <a href=\"mailto:contact@eyrignac.com\">contact@eyrignac.com<\/a><br \/>\nVia Les Oies du P\u00e9rigord Noir : 06 86 73 80 38 &#8211; <a href=\"mailto:jsthomas@wanadoo.fr\">jsthomas@wanadoo.fr<\/a><\/p>\n<p style=\"text-align: center;\"><em><strong>A noter<\/strong><\/em><br \/>\n<em>Les r\u00e9servations s\u2019effectuent aupr\u00e8s de chaque site en pr\u00e9cisant le circuit.<\/em><br \/>\n<em>Le re\u0300glement s\u2019effectuera aupre\u0300s de chaque prestataire.<\/em><\/p>\n<p>[\/vc_column_text][\/vc_column][\/vc_row][vc_row][vc_column][vc_column_text]<\/p>\n<h3 style=\"text-align: center;\">MENU-CARTE DU MANOIR<\/h3>\n<p>[\/vc_column_text][\/vc_column][\/vc_row][vc_row][vc_column][vc_column_text css=\u00a0\u00bb\u00a0\u00bb]<\/p>\n<p style=\"text-align: center;\">CHOIX UNIQUE POUR L\u2019ENSEMBLE DU GROUPE (SAUF V\u00c9G\u00c9TARIENS)<br \/>\nPLAT + DESSERT 21\u20ac<br \/>\nENTR\u00c9E + PLAT + DESSERT 25\u20ac<br \/>\n(SUPPL\u00c9MENT FROMAGE 2,50\u20ac)<\/p>\n<p>[\/vc_column_text][\/vc_column][\/vc_row][vc_row][vc_column][vc_empty_space][vc_masonry_media_grid element_width=\u00a0\u00bb3&Prime; grid_id=\u00a0\u00bbvc_gid:1742565604429-9e52a38c-afd7-2&Prime; include=\u00a0\u00bb3263,4420,3235,4424,4422,3253,4418,3291,4426,2645,3245,3427&Prime;][\/vc_column][\/vc_row][vc_row][vc_column][vc_column_text]<\/p>\n<h3>Eyrignac &amp; ses Jardins, 500 ans d\u2019histoire familiale et de traditions<\/h3>\n<p>[\/vc_column_text][vc_column_text]Depuis la fin du Moyen- ge, 22 g\u00e9n\u00e9rations se sont succ\u00e9d\u00e9es \u00e0 la t\u00eate du domaine d\u2019Eyrignac. Cet amour profond pour la terre ancestrale s\u2019exprime aujourd\u2019hui \u00e0 travers le soin extr\u00eame port\u00e9 aux jardins du Manoir d\u2019Eyrignac. Chaque jour, une \u00e9quipe de 6 jardiniers tond, arrose, fertilise, nettoie ce qui est consid\u00e9r\u00e9 comme le joyau v\u00e9g\u00e9tal du P\u00e9rigord. Cette appellation, les jardins la doivent \u00e0 l\u2019extraordinaire collection de topiaires qui repr\u00e9sente plus de 300 sculptures v\u00e9g\u00e9tales, taill\u00e9es \u00e0 la cisaille \u00e0 main, au cordeau et au fil \u00e0 plomb comme le font les jardiniers depuis l\u2019Antiquit\u00e9, \u00e9poque \u00e0 laquelle l\u2019art topiaire fut invent\u00e9. Cet art et ses techniques sont parvenus jusqu\u2019\u00e0 nous gr\u00e2ce aux jardiniers et Eyrignac et ses Jardins en sont l\u2019un des fleurons.[\/vc_column_text][\/vc_column][\/vc_row][vc_row][vc_column][vc_column_text]<\/p>\n<h3>Les Oies du P\u00e9rigord Noir<\/h3>\n<p>[\/vc_column_text][vc_column_text]Indissociable du P\u00e9rigord, le foie gras est un produit dont les origines sont peu connues du grand public. Ce sont les \u00e9gyptiens qui ont d\u00e9but\u00e9 la pratique du gavage et les romains ont fait du foie gras un met d\u2019exception. C\u2019est \u00e0 la fin du XIXe si\u00e8cle que le P\u00e9rigord devient producteur de foie gras et s\u2019impose comme la r\u00e9f\u00e9rence en la mati\u00e8re.<br \/>\nLa Ferme d\u2019Oies du P\u00e9rigord d\u00e9bute son activit\u00e9 en 1906 et sans discontinuer, 4 g\u00e9n\u00e9rations se sont transmises les savoir-faire des m\u00e9tiers d\u2019\u00e9leveur, gaveur et conserveur.<br \/>\nLa famille Thomas a \u00e0 coeur de proposer des produits de qualit\u00e9 en ma\u00eetrisant la cha\u00eene de fabrication de A \u00e0 Z. Les c\u00e9r\u00e9ales sont produites par l\u2019exploitation pour nourrir les animaux, et les produits sont transform\u00e9s sur place de mani\u00e8re artisanale. La certification \u201c100% issue d\u2019agriculture biologique\u201d est en cours.[\/vc_column_text][\/vc_column][\/vc_row]<\/p>\n<\/div>","protected":false},"excerpt":{"rendered":"[vc_row][vc_column][vc_column_text el_class=\u00a0\u00bbor\u00a0\u00bb] CIRCUIT GROUPES EYRIGNAC &amp; SES JARDINS \/ LA FERME DES OIES DU P\u00c9RIGORD NOIR LE MEILLEUR DU PATRIMOINE ET DE LA GASTRONOMIE EN DORDOGNE [\/vc_column_text][vc_column_text css=\u00a0\u00bb\u00a0\u00bb]Le circuit combinant la visite d\u2019Eyrignac &amp; ses Jardins et la d\u00e9couverte de la Ferme des Oies du P\u00e9rigord noir repose sur les th\u00e9matiques de l\u2019amour de la&#8230; <a class=\"view-article\" href=\"https:\/\/www.eyrignac.com\/fr\/preparer-ma-visite\/en-groupe\/circuit-groupes-eyrignac-oies-perigord\">Voir l&rsquo;article<\/a>","protected":false},"author":3,"featured_media":0,"parent":232,"menu_order":0,"comment_status":"closed","ping_status":"closed","template":"","meta":{"_acf_changed":false,"footnotes":""},"class_list":["post-4415","page","type-page","status-publish","hentry"],"acf":[],"yoast_head":"<!-- This site is optimized with the Yoast SEO plugin v27.5 - https:\/\/yoast.com\/product\/yoast-seo-wordpress\/ -->\n<title>Circuit Groupes &quot;Eyrignac &amp; ses Jardins \/ Ferme des Oies du P\u00e9rigord noir&quot;<\/title>\n<meta name=\"description\" content=\"Circuit groupes : Eyrignac &amp; ses Jardins et la d\u00e9couverte de la Ferme des Oies du P\u00e9rigord noir. A partir de 30,50\u20ac par personne d\u00e9jeuner compris.\" \/>\n<meta name=\"robots\" content=\"index, follow, max-snippet:-1, max-image-preview:large, max-video-preview:-1\" \/>\n<link rel=\"canonical\" href=\"https:\/\/www.eyrignac.com\/fr\/preparer-ma-visite\/en-groupe\/circuit-groupes-eyrignac-oies-perigord\" \/>\n<meta property=\"og:locale\" content=\"fr_FR\" \/>\n<meta property=\"og:type\" content=\"article\" \/>\n<meta property=\"og:title\" content=\"Circuit Groupes &quot;Eyrignac &amp; ses Jardins \/ Ferme des Oies du P\u00e9rigord noir&quot;\" \/>\n<meta property=\"og:description\" content=\"Circuit groupes : Eyrignac &amp; ses Jardins et la d\u00e9couverte de la Ferme des Oies du P\u00e9rigord noir. A partir de 30,50\u20ac par personne d\u00e9jeuner compris.\" \/>\n<meta property=\"og:url\" content=\"https:\/\/www.eyrignac.com\/fr\/preparer-ma-visite\/en-groupe\/circuit-groupes-eyrignac-oies-perigord\" \/>\n<meta property=\"og:site_name\" content=\"Eyrignac et ses jardins\" \/>\n<meta property=\"article:publisher\" content=\"https:\/\/www.facebook.com\/JardinsEyrignac\/\" \/>\n<meta property=\"article:modified_time\" content=\"2025-03-21T14:02:35+00:00\" \/>\n<meta name=\"twitter:card\" content=\"summary_large_image\" \/>\n<meta name=\"twitter:site\" content=\"@eyrignac\" \/>\n<meta name=\"twitter:label1\" content=\"Dur\u00e9e de lecture estim\u00e9e\" \/>\n\t<meta name=\"twitter:data1\" content=\"4 minutes\" \/>\n<script type=\"application\/ld+json\" class=\"yoast-schema-graph\">{\"@context\":\"https:\\\/\\\/schema.org\",\"@graph\":[{\"@type\":\"WebPage\",\"@id\":\"https:\\\/\\\/www.eyrignac.com\\\/fr\\\/preparer-ma-visite\\\/en-groupe\\\/circuit-groupes-eyrignac-oies-perigord\",\"url\":\"https:\\\/\\\/www.eyrignac.com\\\/fr\\\/preparer-ma-visite\\\/en-groupe\\\/circuit-groupes-eyrignac-oies-perigord\",\"name\":\"Circuit Groupes \\\"Eyrignac & ses Jardins \\\/ Ferme des Oies du P\u00e9rigord noir\\\"\",\"isPartOf\":{\"@id\":\"https:\\\/\\\/www.eyrignac.com\\\/fr\\\/#website\"},\"datePublished\":\"2019-12-04T15:25:25+00:00\",\"dateModified\":\"2025-03-21T14:02:35+00:00\",\"description\":\"Circuit groupes : Eyrignac & ses Jardins et la d\u00e9couverte de la Ferme des Oies du P\u00e9rigord noir. A partir de 30,50\u20ac par personne d\u00e9jeuner compris.\",\"breadcrumb\":{\"@id\":\"https:\\\/\\\/www.eyrignac.com\\\/fr\\\/preparer-ma-visite\\\/en-groupe\\\/circuit-groupes-eyrignac-oies-perigord#breadcrumb\"},\"inLanguage\":\"fr-FR\",\"potentialAction\":[{\"@type\":\"ReadAction\",\"target\":[\"https:\\\/\\\/www.eyrignac.com\\\/fr\\\/preparer-ma-visite\\\/en-groupe\\\/circuit-groupes-eyrignac-oies-perigord\"]}]},{\"@type\":\"BreadcrumbList\",\"@id\":\"https:\\\/\\\/www.eyrignac.com\\\/fr\\\/preparer-ma-visite\\\/en-groupe\\\/circuit-groupes-eyrignac-oies-perigord#breadcrumb\",\"itemListElement\":[{\"@type\":\"ListItem\",\"position\":1,\"name\":\"Accueil\",\"item\":\"https:\\\/\\\/www.eyrignac.com\\\/fr\"},{\"@type\":\"ListItem\",\"position\":2,\"name\":\"Pr\u00e9parer ma visite\",\"item\":\"https:\\\/\\\/www.eyrignac.com\\\/fr\\\/preparer-ma-visite\"},{\"@type\":\"ListItem\",\"position\":3,\"name\":\"Visiter Eyrignac et ses jardins en groupe\",\"item\":\"https:\\\/\\\/www.eyrignac.com\\\/fr\\\/preparer-ma-visite\\\/en-groupe\"},{\"@type\":\"ListItem\",\"position\":4,\"name\":\"Circuit \u201c EYRIGNAC &#038; SES JARDINS \\\/ LA FERME DES OIES DU P\u00c9RIGORD NOIR \u201c pour les groupes\"}]},{\"@type\":\"WebSite\",\"@id\":\"https:\\\/\\\/www.eyrignac.com\\\/fr\\\/#website\",\"url\":\"https:\\\/\\\/www.eyrignac.com\\\/fr\\\/\",\"name\":\"Eyrignac et ses jardins\",\"description\":\"Lieu de verdure unique en Dordogne\",\"publisher\":{\"@id\":\"https:\\\/\\\/www.eyrignac.com\\\/fr\\\/#organization\"},\"potentialAction\":[{\"@type\":\"SearchAction\",\"target\":{\"@type\":\"EntryPoint\",\"urlTemplate\":\"https:\\\/\\\/www.eyrignac.com\\\/fr\\\/?s={search_term_string}\"},\"query-input\":{\"@type\":\"PropertyValueSpecification\",\"valueRequired\":true,\"valueName\":\"search_term_string\"}}],\"inLanguage\":\"fr-FR\"},{\"@type\":\"Organization\",\"@id\":\"https:\\\/\\\/www.eyrignac.com\\\/fr\\\/#organization\",\"name\":\"Eyrignac\",\"url\":\"https:\\\/\\\/www.eyrignac.com\\\/fr\\\/\",\"logo\":{\"@type\":\"ImageObject\",\"inLanguage\":\"fr-FR\",\"@id\":\"https:\\\/\\\/www.eyrignac.com\\\/fr\\\/#\\\/schema\\\/logo\\\/image\\\/\",\"url\":\"https:\\\/\\\/www.eyrignac.com\\\/wp-content\\\/uploads\\\/2017\\\/12\\\/logo-eyrignac.png\",\"contentUrl\":\"https:\\\/\\\/www.eyrignac.com\\\/wp-content\\\/uploads\\\/2017\\\/12\\\/logo-eyrignac.png\",\"width\":500,\"height\":189,\"caption\":\"Eyrignac\"},\"image\":{\"@id\":\"https:\\\/\\\/www.eyrignac.com\\\/fr\\\/#\\\/schema\\\/logo\\\/image\\\/\"},\"sameAs\":[\"https:\\\/\\\/www.facebook.com\\\/JardinsEyrignac\\\/\",\"https:\\\/\\\/x.com\\\/eyrignac\",\"https:\\\/\\\/www.instagram.com\\\/eyrignac\\\/\",\"https:\\\/\\\/www.pinterest.fr\\\/eyrignac\\\/\",\"https:\\\/\\\/www.youtube.com\\\/channel\\\/UCjWc47ArIew83eRXXjaBowg\"]}]}<\/script>\n<!-- \/ Yoast SEO plugin. -->","yoast_head_json":{"title":"Circuit Groupes \"Eyrignac & ses Jardins \/ Ferme des Oies du P\u00e9rigord noir\"","description":"Circuit groupes : Eyrignac & ses Jardins et la d\u00e9couverte de la Ferme des Oies du P\u00e9rigord noir. A partir de 30,50\u20ac par personne d\u00e9jeuner compris.","robots":{"index":"index","follow":"follow","max-snippet":"max-snippet:-1","max-image-preview":"max-image-preview:large","max-video-preview":"max-video-preview:-1"},"canonical":"https:\/\/www.eyrignac.com\/fr\/preparer-ma-visite\/en-groupe\/circuit-groupes-eyrignac-oies-perigord","og_locale":"fr_FR","og_type":"article","og_title":"Circuit Groupes \"Eyrignac & ses Jardins \/ Ferme des Oies du P\u00e9rigord noir\"","og_description":"Circuit groupes : Eyrignac & ses Jardins et la d\u00e9couverte de la Ferme des Oies du P\u00e9rigord noir. A partir de 30,50\u20ac par personne d\u00e9jeuner compris.","og_url":"https:\/\/www.eyrignac.com\/fr\/preparer-ma-visite\/en-groupe\/circuit-groupes-eyrignac-oies-perigord","og_site_name":"Eyrignac et ses jardins","article_publisher":"https:\/\/www.facebook.com\/JardinsEyrignac\/","article_modified_time":"2025-03-21T14:02:35+00:00","twitter_card":"summary_large_image","twitter_site":"@eyrignac","twitter_misc":{"Dur\u00e9e de lecture estim\u00e9e":"4 minutes"},"schema":{"@context":"https:\/\/schema.org","@graph":[{"@type":"WebPage","@id":"https:\/\/www.eyrignac.com\/fr\/preparer-ma-visite\/en-groupe\/circuit-groupes-eyrignac-oies-perigord","url":"https:\/\/www.eyrignac.com\/fr\/preparer-ma-visite\/en-groupe\/circuit-groupes-eyrignac-oies-perigord","name":"Circuit Groupes \"Eyrignac & ses Jardins \/ Ferme des Oies du P\u00e9rigord noir\"","isPartOf":{"@id":"https:\/\/www.eyrignac.com\/fr\/#website"},"datePublished":"2019-12-04T15:25:25+00:00","dateModified":"2025-03-21T14:02:35+00:00","description":"Circuit groupes : Eyrignac & ses Jardins et la d\u00e9couverte de la Ferme des Oies du P\u00e9rigord noir. A partir de 30,50\u20ac par personne d\u00e9jeuner compris.","breadcrumb":{"@id":"https:\/\/www.eyrignac.com\/fr\/preparer-ma-visite\/en-groupe\/circuit-groupes-eyrignac-oies-perigord#breadcrumb"},"inLanguage":"fr-FR","potentialAction":[{"@type":"ReadAction","target":["https:\/\/www.eyrignac.com\/fr\/preparer-ma-visite\/en-groupe\/circuit-groupes-eyrignac-oies-perigord"]}]},{"@type":"BreadcrumbList","@id":"https:\/\/www.eyrignac.com\/fr\/preparer-ma-visite\/en-groupe\/circuit-groupes-eyrignac-oies-perigord#breadcrumb","itemListElement":[{"@type":"ListItem","position":1,"name":"Accueil","item":"https:\/\/www.eyrignac.com\/fr"},{"@type":"ListItem","position":2,"name":"Pr\u00e9parer ma visite","item":"https:\/\/www.eyrignac.com\/fr\/preparer-ma-visite"},{"@type":"ListItem","position":3,"name":"Visiter Eyrignac et ses jardins en groupe","item":"https:\/\/www.eyrignac.com\/fr\/preparer-ma-visite\/en-groupe"},{"@type":"ListItem","position":4,"name":"Circuit \u201c EYRIGNAC &#038; SES JARDINS \/ LA FERME DES OIES DU P\u00c9RIGORD NOIR \u201c pour les groupes"}]},{"@type":"WebSite","@id":"https:\/\/www.eyrignac.com\/fr\/#website","url":"https:\/\/www.eyrignac.com\/fr\/","name":"Eyrignac et ses jardins","description":"Lieu de verdure unique en Dordogne","publisher":{"@id":"https:\/\/www.eyrignac.com\/fr\/#organization"},"potentialAction":[{"@type":"SearchAction","target":{"@type":"EntryPoint","urlTemplate":"https:\/\/www.eyrignac.com\/fr\/?s={search_term_string}"},"query-input":{"@type":"PropertyValueSpecification","valueRequired":true,"valueName":"search_term_string"}}],"inLanguage":"fr-FR"},{"@type":"Organization","@id":"https:\/\/www.eyrignac.com\/fr\/#organization","name":"Eyrignac","url":"https:\/\/www.eyrignac.com\/fr\/","logo":{"@type":"ImageObject","inLanguage":"fr-FR","@id":"https:\/\/www.eyrignac.com\/fr\/#\/schema\/logo\/image\/","url":"https:\/\/www.eyrignac.com\/wp-content\/uploads\/2017\/12\/logo-eyrignac.png","contentUrl":"https:\/\/www.eyrignac.com\/wp-content\/uploads\/2017\/12\/logo-eyrignac.png","width":500,"height":189,"caption":"Eyrignac"},"image":{"@id":"https:\/\/www.eyrignac.com\/fr\/#\/schema\/logo\/image\/"},"sameAs":["https:\/\/www.facebook.com\/JardinsEyrignac\/","https:\/\/x.com\/eyrignac","https:\/\/www.instagram.com\/eyrignac\/","https:\/\/www.pinterest.fr\/eyrignac\/","https:\/\/www.youtube.com\/channel\/UCjWc47ArIew83eRXXjaBowg"]}]}},"_links":{"self":[{"href":"https:\/\/www.eyrignac.com\/fr\/wp-json\/wp\/v2\/pages\/4415","targetHints":{"allow":["GET"]}}],"collection":[{"href":"https:\/\/www.eyrignac.com\/fr\/wp-json\/wp\/v2\/pages"}],"about":[{"href":"https:\/\/www.eyrignac.com\/fr\/wp-json\/wp\/v2\/types\/page"}],"author":[{"embeddable":true,"href":"https:\/\/www.eyrignac.com\/fr\/wp-json\/wp\/v2\/users\/3"}],"replies":[{"embeddable":true,"href":"https:\/\/www.eyrignac.com\/fr\/wp-json\/wp\/v2\/comments?post=4415"}],"version-history":[{"count":0,"href":"https:\/\/www.eyrignac.com\/fr\/wp-json\/wp\/v2\/pages\/4415\/revisions"}],"up":[{"embeddable":true,"href":"https:\/\/www.eyrignac.com\/fr\/wp-json\/wp\/v2\/pages\/232"}],"wp:attachment":[{"href":"https:\/\/www.eyrignac.com\/fr\/wp-json\/wp\/v2\/media?parent=4415"}],"curies":[{"name":"wp","href":"https:\/\/api.w.org\/{rel}","templated":true}]}}