{"id":1756,"date":"2018-04-30T15:45:02","date_gmt":"2018-04-30T13:45:02","guid":{"rendered":"https:\/\/www.eyrignac.com?page_id=1756"},"modified":"2026-04-10T12:44:34","modified_gmt":"2026-04-10T10:44:34","slug":"nos-partenaires","status":"publish","type":"page","link":"https:\/\/www.eyrignac.com\/fr\/nos-partenaires","title":{"rendered":"Nos Partenaires"},"content":{"rendered":"<div class=\"wpb-content-wrapper\"><p>[vc_section][vc_row][vc_column][vc_column_text el_class=\u00a0\u00bbor\u00a0\u00bb]<\/p>\n<h1>Les Partenaires d&rsquo;Eyrignac<\/h1>\n<p>[\/vc_column_text][vc_column_text css=\u00a0\u00bb\u00a0\u00bb]<strong>Eyrignac et ses Jardins est heureux de vous accueillir au c\u0153ur de la Dordogne, une r\u00e9gion authentique et riche en patrimoine, en histoire et en gastronomie. Vous trouverez sur cette page les partenaires d&rsquo;Eyrignac et une s\u00e9lection d&rsquo;adresses &lsquo;coup de c\u0153ur&rsquo;, des id\u00e9es de visites, circuits et h\u00e9bergements et bonnes adresses. <\/strong>[\/vc_column_text][vc_row_inner][vc_column_inner][vc_column_text]<\/p>\n<h3>Tourisme<\/h3>\n<p>[\/vc_column_text][\/vc_column_inner][\/vc_row_inner][\/vc_column][\/vc_row][vc_row][vc_column width=\u00a0\u00bb2\/3&Prime;][vc_column_text]<strong><a href=\"https:\/\/les-grands-sites-du-perigord.com\/\" target=\"_blank\" rel=\"noopener noreferrer\">Les Grands Sites du P\u00e9rigord<\/a><\/strong><br \/>\n20 sites d&rsquo;exception pour 20 000 ans d&rsquo;art et d&rsquo;histoire en P\u00e9rigord[\/vc_column_text][\/vc_column][vc_column width=\u00a0\u00bb1\/3&Prime;][vc_column_text]<img decoding=\"async\" class=\"alignnone wp-image-5892\" src=\"https:\/\/www.eyrignac.com\/wp-content\/uploads\/2021\/01\/t\u00e9l\u00e9chargement.jpg\" alt=\"\" width=\"101\" height=\"91\" \/>[\/vc_column_text][\/vc_column][\/vc_row][vc_row][vc_column width=\u00a0\u00bb2\/3&Prime;][vc_column_text css=\u00a0\u00bb\u00a0\u00bb]<strong><a href=\"https:\/\/www.chateaudeturenne.com\/\" target=\"_blank\" rel=\"noopener noreferrer\">Ch\u00e2teau de Turenne<\/a><\/strong><br \/>\nForteresse m\u00e9di\u00e9vale situ\u00e9e \u00e0 15 km de Brive et 40 km d&rsquo;Eyrignac. <strong>Sur pr\u00e9sentation d&rsquo;un billet de visite d&rsquo;Eyrignac, vous b\u00e9n\u00e9ficiez de tarifs r\u00e9duits au Ch\u00e2teau de Turenne<\/strong> (Billetterie, boutique, kiosque gourmand, animations)[\/vc_column_text][vc_single_image image=\u00a0\u00bb11318&Prime; img_size=\u00a0\u00bbfull\u00a0\u00bb css=\u00a0\u00bb\u00a0\u00bb][\/vc_column][vc_column width=\u00a0\u00bb1\/3&Prime;][vc_column_text css=\u00a0\u00bb\u00a0\u00bb]<img decoding=\"async\" class=\"alignnone wp-image-11320\" src=\"https:\/\/www.eyrignac.com\/wp-content\/uploads\/2025\/05\/chateau_de_turenne-logo-150x150.jpg\" alt=\"\" width=\"101\" height=\"106\" \/>[\/vc_column_text][\/vc_column][\/vc_row][\/vc_section][vc_row][vc_column][vc_column_text]<\/p>\n<h3>Les partenaires privil\u00e9gi\u00e9s d&rsquo;Eyrignac et ses jardins<\/h3>\n<p>[\/vc_column_text][vc_row_inner][vc_column_inner width=\u00a0\u00bb1\/2&Prime;][vc_column_text]<a href=\"https:\/\/agence.europcar-sudouest.fr\/5-europcar-sarlat\"><strong>Europcar<\/strong><\/a><\/p>\n<p>Sillonner les routes de Dordogne \u00e0 la d\u00e9couverte de sites exceptionnels dont les jardins du Manoir d&rsquo;Eyrignac, telle est la promesse de notre partenaire Europcar.<\/p>\n<p><em>Visitez Eyrignac et ses jardins ou r\u00e9servez votre billet en ligne et sur pr\u00e9sentation de votre preuve d&rsquo;achat, b\u00e9n\u00e9ficiez d&rsquo;une r\u00e9duction sur votre location chez notre partenaire en adressant votre demande \u00e0 l&rsquo;agence aupr\u00e8s de laquelle vous souhaitez louer votre v\u00e9hicule :<\/em><\/p>\n<ul>\n<li><em>Sarlat-la-Can\u00e9da :\u00a0<a href=\"mailto:sarlat@europcar-saint-michel.fr\">sarlat@europcar-saint-michel.fr<\/a><\/em><\/li>\n<li><em>Bergerac ville : <a href=\"mailto:bergerac-gare@europcar-saint-michel.fr\">bergerac-gare@europcar-saint-michel.fr<\/a><\/em><\/li>\n<li><em>Bergerac a\u00e9roport : <a href=\"mailto:bergerac-apt@europcar-saint-michel.fr\">bergerac-apt@europcar-saint-michel.fr<\/a><\/em><\/li>\n<li><em>Brive : <a href=\"mailto:brive@europcar-saint-michel.fr\">brive@europcar-saint-michel.fr<\/a><\/em><\/li>\n<li><em>P\u00e9rigueux : <a href=\"mailto:perigueux@europcar-saint-michel.fr\">perigueux@europcar-saint-michel.fr<\/a><\/em><\/li>\n<\/ul>\n<p><em><img decoding=\"async\" width=\"200\" height=\"77\" class=\"alignnone size-full wp-image-2808\" src=\"https:\/\/www.eyrignac.com\/wp-content\/uploads\/2019\/01\/eyrignac_partenariat_europcar_200.png\" alt=\"\" \/><\/em>[\/vc_column_text][\/vc_column_inner][vc_column_inner width=\u00a0\u00bb1\/2&Prime;][vc_column_text css=\u00a0\u00bb\u00a0\u00bb]<a href=\"http:\/\/www.oies-du-perigord.com\/\"><strong>Les Oies du P\u00e9rigord Noir<\/strong><\/a><\/p>\n<p>Venez d\u00e9couvrir notre ferme et notre m\u00e9tier de reproducteur, \u00e9leveur, gaveur et conserveur. Nous vous proposons des produits de qualit\u00e9 issus de notre \u00e9levage.<br \/>\nDe l\u2019\u0153uf \u00e0 la conserve , nous ma\u00eetrisons toute la cha\u00eene de production et de transformation.<\/p>\n<p>Boutique \u00e0 la ferme ouverte toute l&rsquo;ann\u00e9e et visite possible.<\/p>\n<p>Karelle et Jean-Sylvain THOMAS<br \/>\nLa Brousse &#8211; 24 370 PRATS DE CARLUX<br \/>\nTel : <a href=\"tel:+33686738038\">06 86 73 80 38<\/a><br \/>\nMel : <a href=\"jsthomas@wanadoo.fr\">jsthomas@wanadoo.fr<\/a><\/p>\n<p><em><img decoding=\"async\" class=\"alignnone wp-image-4753 size-full\" src=\"https:\/\/www.eyrignac.com\/wp-content\/uploads\/2020\/02\/logo00.png\" alt=\"\" width=\"294\" height=\"86\" \/><\/em>[\/vc_column_text][\/vc_column_inner][\/vc_row_inner][\/vc_column][\/vc_row][vc_row][vc_column][vc_column_text css=\u00a0\u00bb\u00a0\u00bb]<\/p>\n<h3>Les campings<\/h3>\n<p>[\/vc_column_text][\/vc_column][\/vc_row][vc_row][vc_column width=\u00a0\u00bb1\/3&Prime;][vc_column_text css=\u00a0\u00bb\u00a0\u00bb]<strong><a href=\"https:\/\/www.sandaya.fr\/nos-campings\/peneyrals\">Camping Sandaya Les Peneyrals*****<\/a><\/strong><\/p>\n<p>A Saint-Cr\u00e9pin-et-Carlucet pr\u00e8s de Sarlat, blotti au c\u0153ur des paysages vallonn\u00e9s du P\u00e9rigord noir, ce grand complexe vous accueille dans son \u00e9crin de verdure. Vous pouvez y r\u00e9server votre cottage ou louer un emplacement de camping. Laissez ensuite le charme des lieux op\u00e9rer ![\/vc_column_text][\/vc_column][vc_column width=\u00a0\u00bb1\/3&Prime;][vc_column_text css=\u00a0\u00bb\u00a0\u00bb]<strong><a href=\"https:\/\/www.chenes-verts.com\/\" target=\"_blank\" rel=\"noopener noreferrer\">Domaine des Ch\u00eanes Verts****<\/a><\/strong><\/p>\n<p>Situ\u00e9 en Dordogne, le Domaine des Ch\u00eanes Verts est un camping familial 4 \u00e9toiles o\u00f9 vous serez accueilli dans un site soigneusement int\u00e9gr\u00e9 dans une nature verdoyante de 9 hectares, \u00e0 6 kilom\u00e8tres de Sarlat.[\/vc_column_text][\/vc_column][vc_column width=\u00a0\u00bb1\/3&Prime;][vc_column_text css=\u00a0\u00bb\u00a0\u00bb]<strong><a href=\"https:\/\/www.camping-vagues-oceanes.com\/camping-dordogne\/la-chataigneraie.html\">Camping La Ch\u00e2taigneraie****<\/a><\/strong><\/p>\n<p>Situ\u00e9 \u00e0 Prats-de-Carlux, au c\u0153ur du P\u00e9rigord Noir, cet h\u00e9bergement vous accueille dans un environnement verdoyant et convivial. \u00c0 proximit\u00e9 imm\u00e9diate de Sarlat, il combine confort, animations et nature pour un s\u00e9jour id\u00e9al en Dordogne.[\/vc_column_text][\/vc_column][\/vc_row][vc_row][vc_column width=\u00a0\u00bb1\/3&Prime;][vc_column_text css=\u00a0\u00bb\u00a0\u00bb]<strong><a href=\"https:\/\/www.camping-leshirondelles.com\/fr\/\">Camping Les Hirondelles ****<\/a><\/strong><\/p>\n<p>Ce camping familial et \u00e9co-responsable de 4 \u00e9toiles, id\u00e9alement situ\u00e9 dans la vall\u00e9e de la Dordogne, vous plonge au c\u0153ur d\u2019une for\u00eat de ch\u00eanes centenaires pr\u00e8s de Sarlat o\u00f9 vous pourrez partir d\u00e9couvrir les merveilles de la r\u00e9gion.[\/vc_column_text][\/vc_column][vc_column width=\u00a0\u00bb1\/3&Prime;][vc_column_text css=\u00a0\u00bb\u00a0\u00bb]<a href=\"https:\/\/www.lespierreschaudes.fr\/\"><b>Camping Les Pierres Chaudes<\/b><\/a><\/p>\n<p>Petit camping nature situ\u00e9 \u00e0 12km de Sarlat qui vous accueillera dans un cadre champ\u00eatre agr\u00e9ment\u00e9 d\u2019une ambiance familiale. Ils proposent des emplacements de camping pour tentes et caravanes, ainsi que des location de mobilhomes ou de g\u00eetes \u00e0 l\u2019ann\u00e9e.[\/vc_column_text][\/vc_column][vc_column width=\u00a0\u00bb1\/3&Prime;][vc_column_text css=\u00a0\u00bb\u00a0\u00bb]<a href=\"https:\/\/www.les-granges.com\/\"><b>Camping Les Granges Vintage***<\/b><\/a><\/p>\n<p>Install\u00e9 directement sur les rives de la Dordogne, notre camping dans le Lot vous offre un environnement exceptionnel, o\u00f9 nature et tranquillit\u00e9 riment avec \u00e9vasion. Il ravira les campeurs en qu\u00eate de fra\u00eecheur, de calme ou d\u2019activit\u00e9s nature.[\/vc_column_text][\/vc_column][\/vc_row][vc_row][vc_column width=\u00a0\u00bb1\/3&Prime;][vc_column_text css=\u00a0\u00bb\u00a0\u00bb]<strong><a href=\"https:\/\/www.campinglesequoia.fr\/fr\/\">Camping Le S\u00e9quo\u00efa ****<\/a><\/strong><\/p>\n<p>Id\u00e9alement situ\u00e9, le camping Sun\u00ealia Le S\u00e9quo\u00efa vous permettra de d\u00e9couvrir les merveilles des vall\u00e9es du Lot et de la Dordogne. Dans ce camping \u00e0 taille humaine, convivialit\u00e9 et atmosph\u00e8re familiale seront reines ![\/vc_column_text][\/vc_column][vc_column width=\u00a0\u00bb1\/3&Prime;][vc_column_text css=\u00a0\u00bb\u00a0\u00bb]<strong><a href=\"https:\/\/www.camping-bourniou.com\/\">Camping Le Bourniou<\/a><\/strong><\/p>\n<p>Situ\u00e9 \u00e0 10 min de Sarlat-la-Can\u00e9da, capitale du P\u00e9rigord Noir \u00e0 deux pas de la vall\u00e9e de la Dordogne. Un camping o\u00f9 rime authenticit\u00e9 et convivialit\u00e9 dans un environnement pr\u00e9serv\u00e9, b\u00e9n\u00e9ficiant d&#8217;emplacements de choix d\u2019environ 100m2.[\/vc_column_text][\/vc_column][vc_column width=\u00a0\u00bb1\/3&Prime;][vc_column_text css=\u00a0\u00bb\u00a0\u00bb]<a href=\"https:\/\/roffy.fr\/\"><strong>Camping les grottes de Roffy *****<\/strong><\/a><\/p>\n<p>\u00c0 <span class=\"hover:entity-accent entity-underline inline cursor-pointer align-baseline\"><span class=\"whitespace-normal\">Sainte-Nathal\u00e8ne<\/span><\/span>, au c\u0153ur d\u2019un vaste domaine arbor\u00e9, ce camping familial s\u00e9duit par son cadre naturel et ses \u00e9quipements de loisirs. Piscines avec toboggans, chalets et emplacements spacieux en font un point de d\u00e9part id\u00e9al pour explorer le P\u00e9rigord Noir et ses sites embl\u00e9matiques.[\/vc_column_text][\/vc_column][\/vc_row][vc_row][vc_column width=\u00a0\u00bb1\/3&Prime;][vc_column_text css=\u00a0\u00bb\u00a0\u00bb]<strong><a href=\"http:\/\/www.lapalombiere.fr\/\" target=\"_blank\" rel=\"noopener noreferrer\">Camping La Palombi\u00e8re *****<\/a><\/strong><\/p>\n<p>\u00c0 <span class=\"hover:entity-accent entity-underline inline cursor-pointer align-baseline\"><span class=\"whitespace-normal\">Sainte-Nathal\u00e8ne<\/span><\/span>, au c\u0153ur du P\u00e9rigord Noir, ce camping dynamique s\u00e9duit par son vaste parc aquatique et ses nombreuses animations familiales. Mobil-homes confortables, espaces de loisirs et proximit\u00e9 de Sarlat en font une destination id\u00e9ale pour des vacances actives en Dordogne.[\/vc_column_text][\/vc_column][vc_column width=\u00a0\u00bb1\/3&Prime;][vc_column_text css=\u00a0\u00bb\u00a0\u00bb]<a href=\"https:\/\/www.campinglereve.com\/\"><b>Camping Le R\u00eave ***<\/b><\/a><\/p>\n<p>Petit camping nature et \u00e9coresponsable, Le R\u00eave est un jardin arbor\u00e9 de 8ha o\u00f9 se nichent 60 emplacements. Lieu de calme, de bien-\u00eatre et de ressourcement, lieu de vacances pour vivre une parenth\u00e8se, profiter de l\u2019instant pr\u00e9sent et profiter de ses proches.[\/vc_column_text][\/vc_column][vc_column width=\u00a0\u00bb1\/3&Prime;][vc_column_text css=\u00a0\u00bb\u00a0\u00bb]<strong><a href=\"https:\/\/www.lespialades.com\/\" target=\"_blank\" rel=\"noopener noreferrer\">Camping Les Pialades ***<\/a><\/strong><\/p>\n<p>\u00c0 Nabirat, au c\u0153ur du P\u00e9rigord Noir, ce camping \u00e0 taille humaine s\u00e9duit par son environnement naturel et son ambiance paisible. Chalets, emplacements spacieux, piscine et vue d\u00e9gag\u00e9e en font une adresse id\u00e9ale pour se ressourcer entre Sarlat et la vall\u00e9e de la Dordogne.[\/vc_column_text][\/vc_column][\/vc_row][vc_row][vc_column width=\u00a0\u00bb1\/3&Prime;][vc_column_text css=\u00a0\u00bb\u00a0\u00bb]<a href=\"https:\/\/www.camping-auptitbonheur.com\/\"><b>Camping Au P&rsquo;tit Bonheur ***<\/b><\/a><\/p>\n<p>\u00c0 Peyrillac-et-Millac, au c\u0153ur du P\u00e9rigord Noir, ce camping familial s\u00e9duit par son ambiance conviviale et son cadre naturel. Emplacements spacieux, piscine et accueil chaleureux en font un lieu id\u00e9al pour se d\u00e9tendre et partir \u00e0 la d\u00e9couverte de la vall\u00e9e de la Dordogne et de ses sites embl\u00e9matiques.[\/vc_column_text][\/vc_column][vc_column width=\u00a0\u00bb1\/3&Prime;][vc_column_text css=\u00a0\u00bb\u00a0\u00bb]<strong><a href=\"https:\/\/www.homair.com\/camping\/le-val-dussel?cq_src=google_ads&amp;cq_cmp=20568659196&amp;cq_con=150613161101&amp;cq_term=le+val+d+ussel&amp;cq_med=&amp;cq_plac=&amp;cq_net=g&amp;cq_pos=&amp;cq_plt=gp&amp;gclsrc=aw.ds&amp;gad_source=1&amp;gad_campaignid=20568659196&amp;gbraid=0AAAAAD3b68T0fCpwDgAGZjEiV6FjGGtLs&amp;gclid=CjwKCAjw1N7NBhAoEiwAcPchpy9SpE96_bdFaJBRal1tmwZlRXSt4m3BQZ1JXcmqQK5LTYVowXG0RhoCZU4QAvD_BwE\">Camping Le Val d&rsquo;Ussel ***<\/a><\/strong><\/p>\n<p>\u00c0 Proissans, \u00e0 quelques minutes de Sarlat-la-Can\u00e9da, ce camping nich\u00e9 dans un parc bois\u00e9 offre un cadre id\u00e9al pour des vacances en famille. Parc aquatique, mobil-homes confortables et nombreuses activit\u00e9s permettent de profiter pleinement du P\u00e9rigord Noir.[\/vc_column_text][\/vc_column][vc_column width=\u00a0\u00bb1\/3&Prime;][vc_column_text css=\u00a0\u00bb\u00a0\u00bb]<\/p>\n<div><\/div>\n<div class=\"clear\">\n<p><a href=\"https:\/\/www.lapaillebasse.com\/\" target=\"_blank\" rel=\"noopener noreferrer\"><strong>La Paille Basse ****<\/strong><\/a><\/p>\n<p>A Souillac, aux portes du P\u00e9rigord Noir, ce village de vacances perch\u00e9 sur une colline offre un cadre naturel exceptionnel. Piscines, animations, h\u00e9bergements vari\u00e9s et panorama sur la vall\u00e9e en font une destination id\u00e9ale pour des s\u00e9jours en famille entre Lot et Dordogne.<\/p>\n<\/div>\n<p>[\/vc_column_text][\/vc_column][\/vc_row][vc_row][vc_column width=\u00a0\u00bb1\/3&Prime;][vc_column_text css=\u00a0\u00bb\u00a0\u00bb]<a href=\"https:\/\/camping-lemondou.com\/\"><b>Camping Le Mondou<\/b><\/a><\/p>\n<p>Pour vos vacances en Dordogne, le camping Le Mondou est la location de vacances id\u00e9ales. Situ\u00e9 en pleine nature, \u00e0 300 m\u00e8tres de la rivi\u00e8re Dordogne, ils vous offrent la possibilit\u00e9 de choisir l&rsquo;h\u00e9bergement qui vous correspond : Mobil-Home, Tente Lodge, Emplacement ou Chalet.[\/vc_column_text][\/vc_column][vc_column width=\u00a0\u00bb1\/3&Prime;][vc_column_text css=\u00a0\u00bb\u00a0\u00bb]<strong><a href=\"https:\/\/www.olela.fr\/campings\/camping-moulin-roch\" target=\"_blank\" rel=\"noopener noreferrer\">Camping Le Moulin du Roch ****<\/a><\/strong><\/p>\n<p>A Saint-Andr\u00e9 d&rsquo;Allas, pr\u00e8s de Sarlat,ce camping familial nich\u00e9 dans un environnement verdoyant propose des h\u00e9bergements confortables et de nombreux \u00e9quipements de loisirs. Piscine, animations et cadre naturel en font un lieu id\u00e9al pour d\u00e9couvrir le P\u00e9rigord Noir en famille.[\/vc_column_text][\/vc_column][vc_column width=\u00a0\u00bb1\/3&Prime;][vc_column_text css=\u00a0\u00bb\u00a0\u00bb]<a href=\"https:\/\/www.eden-villages.fr\/campings\/les-truffieres-de-dordogne\/\"><b>Camping Eden Village Les truffi\u00e8res<\/b><\/a><\/p>\n<p>Ce camping familial vous accueille dans un cadre verdoyant et apaisant, parfait pour vous ressourcer. \u00c0 la recherche de d\u00e9tente, d\u2019activit\u00e9s sportives\u00a0ou de d\u00e9couvertes\u00a0culturelles, il dispose m\u00eame\u00a0d\u2019un\u00a0\u00e9tang privatif.[\/vc_column_text][\/vc_column][\/vc_row][vc_row][vc_column width=\u00a0\u00bb1\/3&Prime;][vc_column_text css=\u00a0\u00bb\u00a0\u00bb]<strong><a href=\"https:\/\/www.acacias.fr\/\">Camping Les Acacias ***<\/a><\/strong><\/p>\n<p>\u00c0 Sarlat-la-Can\u00e9da, ce camping familial 3 \u00e9toiles propose un espace bien-\u00eatre avec piscine couverte chauff\u00e9e, jacuzzi et baln\u00e9o. Emplacements et h\u00e9bergements confortables, animations et cadre verdoyant en font un lieu id\u00e9al pour se d\u00e9tendre en P\u00e9rigord Noir.[\/vc_column_text][\/vc_column][vc_column width=\u00a0\u00bb1\/3&Prime;][vc_column_text css=\u00a0\u00bb\u00a0\u00bb]<strong><a href=\"https:\/\/www.camping-lesondines.com\/\">Flower Camping Les Ondines ****<\/a><\/strong><\/p>\n<p>\u00c0 Souillac, au bord de la Dordogne, ce camping familial offre un cadre naturel privil\u00e9gi\u00e9 pour se ressourcer. Acc\u00e8s direct \u00e0 la rivi\u00e8re, piscine, h\u00e9bergements confortables et animations en font une destination id\u00e9ale entre Lot et P\u00e9rigord Noir.[\/vc_column_text][\/vc_column][vc_column width=\u00a0\u00bb1\/3&Prime;][vc_column_text css=\u00a0\u00bb\u00a0\u00bb]<strong><a href=\"https:\/\/www.soleilplage.fr\/\">Domaine Soleil Plage *****<\/a><\/strong><\/p>\n<p>En bord de rivi\u00e8re Dordogne, pr\u00e8s de Sarlat-la-Can\u00e9da, ce camping haut de gamme s\u00e9duit par son acc\u00e8s direct \u00e0 la plage, son parc aquatique et ses h\u00e9bergements tout confort. Un cadre id\u00e9al pour profiter du P\u00e9rigord Noir entre d\u00e9tente, nature et loisirs.[\/vc_column_text][\/vc_column][\/vc_row][vc_row][vc_column width=\u00a0\u00bb1\/3&Prime;][vc_column_text css=\u00a0\u00bb\u00a0\u00bb]<strong><a href=\"https:\/\/www.lepech.com\/\">Le Pech Charmant ****<\/a>\u00a0<\/strong><\/p>\n<p>Au c\u0153ur de la vall\u00e9e de la V\u00e9z\u00e8re, ce camping de charme offre un cadre naturel exceptionnel. Emplacements spacieux, piscine et ambiance paisible en font une adresse id\u00e9ale pour se ressourcer et d\u00e9couvrir les sites pr\u00e9historiques du P\u00e9rigord Noir.[\/vc_column_text][\/vc_column][vc_column width=\u00a0\u00bb1\/3&Prime;][vc_column_text css=\u00a0\u00bb\u00a0\u00bb]<strong><a href=\"https:\/\/www.lagranelle.com\/\" target=\"_blank\" rel=\"noopener noreferrer\">Le Rocher de la Granelle ***<\/a><\/strong><\/p>\n<p>Au Bugue, au c\u0153ur de la vall\u00e9e de la V\u00e9z\u00e8re, ce camping familial b\u00e9n\u00e9ficie d\u2019un emplacement privil\u00e9gi\u00e9 en bord de rivi\u00e8re. Piscine, acc\u00e8s direct \u00e0 la nature et h\u00e9bergements confortables en font un point de d\u00e9part id\u00e9al pour explorer le P\u00e9rigord Noir et ses sites pr\u00e9historiques.[\/vc_column_text][\/vc_column][vc_column width=\u00a0\u00bb1\/3&Prime;][vc_column_text css=\u00a0\u00bb\u00a0\u00bb]<strong><a href=\"https:\/\/www.lepontdemazerat.com\/\">Le Pont de Mazerat ****<\/a><\/strong><\/p>\n<p>\u00c0 Tamni\u00e8s, entre Sarlat-la-Can\u00e9da et la vall\u00e9e de la V\u00e9z\u00e8re, ce camping familial s\u00e9duit par son cadre naturel et son atmosph\u00e8re conviviale. Emplacements spacieux, piscine et \u00e9tang en font un lieu id\u00e9al pour se ressourcer et d\u00e9couvrir les tr\u00e9sors du P\u00e9rigord Noir.[\/vc_column_text][\/vc_column][\/vc_row][vc_row][vc_column width=\u00a0\u00bb1\/3&Prime;][vc_column_text css=\u00a0\u00bb\u00a0\u00bb]<a href=\"https:\/\/www.camping-la-sagne.com\/\"><strong>Camping La Sagne ***<\/strong><\/a><\/p>\n<p>\u00c0 Vitrac, en bord de Dordogne et au c\u0153ur du P\u00e9rigord Noir, ce camping familial offre un cadre naturel privil\u00e9gi\u00e9. Acc\u00e8s direct \u00e0 la rivi\u00e8re, plage, piscine et h\u00e9bergements confortables en font un lieu id\u00e9al pour se d\u00e9tendre et d\u00e9couvrir la r\u00e9gion.[\/vc_column_text][\/vc_column][vc_column width=\u00a0\u00bb1\/3&Prime;][vc_column_text css=\u00a0\u00bb\u00a0\u00bb]<\/p>\n<div class=\"promotion_box\">\n<div class=\"clear\"><strong><a href=\"https:\/\/www.temps-de-vivre.com\/\">Camping Le Temps de Vivre<\/a><\/strong><\/div>\n<div class=\"clear\"><strong><br \/>\n<\/strong>\u00c0 <span class=\"hover:entity-accent entity-underline inline cursor-pointer align-baseline\"><span class=\"whitespace-normal\">Salignac-Eyvigues<\/span><\/span>, proche d&rsquo;Eyrignac, ce camping \u00e0 taille humaine privil\u00e9gie calme et convivialit\u00e9. Emplacements spacieux, h\u00e9bergements confortables et cadre naturel en font un lieu id\u00e9al pour se ressourcer \u00e0 proximit\u00e9 de Sarlat et des sites embl\u00e9matiques.<\/div>\n<\/div>\n<div class=\"clear\"><\/div>\n<div class=\"clear\"><\/div>\n<div class=\"fancy_content_box_wrapper\">\n<div class=\"one_fourth\">\n<div class=\"fancy_content_box\">\n<div class=\"fcb_style1\"><\/div>\n<\/div>\n<\/div>\n<\/div>\n<p>[\/vc_column_text][\/vc_column][vc_column width=\u00a0\u00bb1\/3&Prime;][vc_column_text css=\u00a0\u00bb\u00a0\u00bb]<\/p>\n<p><a href=\"https:\/\/www.camping-lafage.com\/\"><strong>Camping La Fage<\/strong><\/a><\/p>\n<p>La famille Cr\u00e9t\u00e9 vous accueille dans un cadre verdoyant et propice \u00e0 la d\u00e9tente pour vos vacances camping en Dordogne. Situ\u00e9 pr\u00e8s de Sarlat, de Montignac et de la grotte de Lascaux, c\u2019est le camping de Dordogne id\u00e9al pour passer d\u2019agr\u00e9ables vacances.[\/vc_column_text][\/vc_column][\/vc_row][vc_row][vc_column width=\u00a0\u00bb1\/3&Prime;][vc_column_text css=\u00a0\u00bb\u00a0\u00bb]<a href=\"https:\/\/www.camping-vagues-oceanes.com\/camping-dordogne\/les-granges.html\"><strong>Camping Vagues oc\u00e9anes &#8211; Les granges<\/strong><\/a><\/p>\n<div class=\"clear\">\n<p>Situ\u00e9 en plein c\u0153ur du P\u00e9rigord Noir, le camping Les Granges vous offre un cadre d\u2019exception pour des vacances au c\u0153ur de la nature. Il est id\u00e9alement situ\u00e9 pr\u00e8s de nombreux lieux touristiques incontournables et des circuits de randonn\u00e9e \u00e0 proximit\u00e9.<\/p>\n<\/div>\n<p>[\/vc_column_text][\/vc_column][vc_column width=\u00a0\u00bb1\/3&Prime;][vc_column_text css=\u00a0\u00bb\u00a0\u00bb]<a href=\"https:\/\/europe.huttopia.com\/site\/camping-sarlat\/\"><b>Camping Huttopia<\/b><\/a><\/p>\n<p>\u00c0 seulement 800m du centre historique de Sarlat-la-Can\u00e9da, s\u00e9journez en emplacement ou en h\u00e9bergement au camping Huttopia Sarlat et profitez des piscines, d&rsquo;\u00e9quipements de loisirs et d&rsquo;activit\u00e9s d&rsquo;\u00e9t\u00e9 pour un s\u00e9jour inoubliable en Dordogne ![\/vc_column_text][\/vc_column][vc_column width=\u00a0\u00bb1\/3&Prime;][\/vc_column][\/vc_row][vc_row][vc_column][vc_column_text css=\u00a0\u00bb\u00a0\u00bb]<\/p>\n<h3>Les villages et r\u00e9sidences de vacances<\/h3>\n<p>[\/vc_column_text][\/vc_column][\/vc_row][vc_row][vc_column width=\u00a0\u00bb1\/3&Prime;][vc_column_text css=\u00a0\u00bb\u00a0\u00bb]<strong><a href=\"https:\/\/www.perigordgites.com\/\" target=\"_blank\" rel=\"noopener noreferrer\">Combas village de g\u00eetes<\/a><\/strong><\/p>\n<p>\u00c0 Saint-Cr\u00e9pin-et-Carlucet, au c\u0153ur du P\u00e9rigord Noir, cet ensemble de g\u00eetes de charme offre aux familles et groupes un cadre paisible en pleine nature. Maisons en pierre, piscine et vaste domaine verdoyant invitent \u00e0 la d\u00e9tente, \u00e0 proximit\u00e9 de Sarlat et des sites incontournables de la Dordogne.[\/vc_column_text][\/vc_column][vc_column width=\u00a0\u00bb1\/3&Prime;][vc_column_text css=\u00a0\u00bb\u00a0\u00bb]<strong><a href=\"https:\/\/lescollinesdeyvigues.fr\/\">Les Collines d&rsquo;Eyvigues\u00a0<\/a><\/strong><\/p>\n<p>\u00c0 Salignac-Eyvigues, au c\u0153ur du P\u00e9rigord Noir, ces g\u00eetes de charme offrent un cadre paisible avec vue sur la campagne. Maisons en pierre, piscine chauff\u00e9e et couverte et environnement vallonn\u00e9 invitent \u00e0 la d\u00e9tente, \u00e0 proximit\u00e9 de Sarlat et des sites majeurs de la Dordogne.[\/vc_column_text][\/vc_column][vc_column width=\u00a0\u00bb1\/3&Prime;][vc_column_text css=\u00a0\u00bb\u00a0\u00bb]<strong><a href=\"https:\/\/le-village-enchanteur.com\/fr\/le-village-enchanteur\/\">Le Village Enchanteur<\/a><\/strong><\/p>\n<p>Entre Montignac-Lascaux et Sarlat-la-Can\u00e9da, ce domaine de g\u00eetes en bois s\u00e9duit par son concept original et son ambiance conviviale. Piscine, h\u00e9bergements chaleureux et cadre verdoyant en font un lieu id\u00e9al pour les familles au c\u0153ur du P\u00e9rigord Noir.[\/vc_column_text][\/vc_column][\/vc_row][vc_row][vc_column width=\u00a0\u00bb1\/3&Prime;][vc_column_text css=\u00a0\u00bb\u00a0\u00bb]<strong><a href=\"https:\/\/www.goelia.com\/fr\/residence-vacances\/st-amand-de-coly-lascaux\/goelia-les-cottages-du-lac.207.4.php\">R\u00e9sidence Goelia \u00ab\u00a0Les Cottages du Lac\u00a0\u00bb<\/a><\/strong><\/p>\n<p>Dans une propri\u00e9t\u00e9 bois\u00e9e de 20 ha et autour d&rsquo;un lac priv\u00e9, la r\u00e9sidence de tourisme Goelia les Cottages du Lac class\u00e9e 3*** se pr\u00eate \u00e0 toutes vos envies : d\u00e9tente, tourisme culturel, tourisme vert, activit\u00e9s sportives&#8230;[\/vc_column_text][\/vc_column][vc_column width=\u00a0\u00bb1\/3&Prime;][vc_column_text css=\u00a0\u00bb\u00a0\u00bb]<a href=\"https:\/\/www.odalys-vacances.com\/location-campagne\/sud-ouest\/sarlat\/les-coteaux-de-sarlat.html?duree=7#ectrans=1\"><b>R\u00e9sidence**** Odalys Les C\u00f4teaux de Sarlat<\/b><\/a><\/p>\n<p>La R\u00e9sidence-club Les Coteaux de Sarlat est situ\u00e9e \u00e0 proximit\u00e9 du centre historique de Sarlat. Elle propose une belle piscine ext\u00e9rieure chauff\u00e9e agr\u00e9ment\u00e9e d\u2019une pataugeoire ainsi qu\u2019une piscine semi-couverte chauff\u00e9e, un sauna, un hammam et une salle de remise en forme.[\/vc_column_text][\/vc_column][vc_column width=\u00a0\u00bb1\/3&Prime;][vc_column_text css=\u00a0\u00bb\u00a0\u00bb]<a href=\"https:\/\/www.sarlat-gites-dordogne.com\/\"><b>Village de la Combe ***<\/b><\/a><\/p>\n<p>\u00c0 Domme, l\u2019un des plus beaux villages de France, ce domaine de g\u00eetes offre un cadre paisible au c\u0153ur du P\u00e9rigord Noir. Maisons de caract\u00e8re, piscine et environnement verdoyant en font un lieu id\u00e9al pour se d\u00e9tendre et d\u00e9couvrir la vall\u00e9e de la Dordogne et ses sites embl\u00e9matiques.[\/vc_column_text][\/vc_column][\/vc_row][vc_row][vc_column width=\u00a0\u00bb1\/3&Prime;][vc_column_text css=\u00a0\u00bb\u00a0\u00bb]<a href=\"https:\/\/www.lesbernardies.com\/\"><b>Hameau Les Bernardies<\/b><\/a><\/p>\n<p>L\u2019Hameau de Vacances les Bernardies est un ancien hameau fran\u00e7ais id\u00e9alement situ\u00e9 autour d\u2019un manoir du 17\u00e8me si\u00e8cle sur une colline. Vous pouvez profiter d\u2019une immense tranquillit\u00e9, de la beaut\u00e9 d\u2019une nature pr\u00e9serv\u00e9e et des vues splendides sur la campagne environnante.[\/vc_column_text][\/vc_column][vc_column width=\u00a0\u00bb1\/3&Prime;][vc_column_text css=\u00a0\u00bb\u00a0\u00bb]<strong><a href=\"https:\/\/www.odalys-vacances.com\/location-campagne\/sud-ouest\/montignac-lascaux\/le-hameau-du-moulin.html\" target=\"_blank\" rel=\"noopener noreferrer\">R\u00e9sidence Odalys le Hameau du Moulin<\/a><\/strong><\/p>\n<p>\u00c0 Montignac-Lascaux, \u00e0 proximit\u00e9 de Lascaux, cette r\u00e9sidence de tourisme propose des appartements confortables avec services. Piscine, \u00e9quipements et environnement paisible en font une adresse id\u00e9ale pour s\u00e9journer en toute libert\u00e9 au c\u0153ur du P\u00e9rigord Noir.[\/vc_column_text][\/vc_column][vc_column width=\u00a0\u00bb1\/3&Prime;][vc_column_text css=\u00a0\u00bb\u00a0\u00bb]<strong><a href=\"https:\/\/www.souillaccountryclub.com\/\">Souillac Golf &amp; Country Club<\/a><\/strong><\/p>\n<p>Au c\u0153ur des causses de la Vall\u00e9e de la Dordogne, le Souillac Golf &amp; Country Club est une r\u00e9sidence de vacances avec piscines, golf 18 trous, tennis et restaurant.[\/vc_column_text][\/vc_column][\/vc_row][vc_row][vc_column width=\u00a0\u00bb1\/3&Prime;][vc_column_text css=\u00a0\u00bb\u00a0\u00bb]<strong><a href=\"https:\/\/www.vacances-ulvf.com\/nos-villages\/le-domaine-de-pelvezy\" target=\"_blank\" rel=\"noopener noreferrer\">Domaine de Pelvezy<\/a><\/strong><\/p>\n<p>\u00c0 <span class=\"hover:entity-accent entity-underline inline cursor-pointer align-baseline\"><span class=\"whitespace-normal\">Saint-Geni\u00e8s<\/span><\/span>, au c\u0153ur du P\u00e9rigord Noir, ce village vacances propose g\u00eetes et services dans un vaste domaine arbor\u00e9. Piscine, activit\u00e9s et ambiance conviviale en font une destination id\u00e9ale pour les s\u00e9jours en famille \u00e0 proximit\u00e9 de Sarlat et des sites majeurs de la Dordogne.[\/vc_column_text][\/vc_column][vc_column width=\u00a0\u00bb1\/3&Prime;][vc_column_text css=\u00a0\u00bb\u00a0\u00bb]<a href=\"https:\/\/gironie.com\/\"><b>Kamea Club La Gironie<\/b><\/a><\/p>\n<div class=\"clear\">\n<p>Au c\u0153ur du Midi corr\u00e9zien, dans la Vall\u00e9e de la Dordogne, le village vacances vous accueille dans un cadre bucolique propice \u00e0 la d\u00e9tente, et des animations en journ\u00e9e avec des soir\u00e9es festives en juillet et ao\u00fbt. Un s\u00e9jour inoubliable au c\u0153ur de la nature.<\/p>\n<\/div>\n<p>[\/vc_column_text][\/vc_column][vc_column width=\u00a0\u00bb1\/3&Prime;][\/vc_column][\/vc_row][vc_row][vc_column][vc_column_text css=\u00a0\u00bb\u00a0\u00bb]<\/p>\n<h3>Les h\u00f4tels<\/h3>\n<p>[\/vc_column_text][\/vc_column][\/vc_row][vc_row][vc_column width=\u00a0\u00bb1\/3&Prime;][vc_column_text css=\u00a0\u00bb\u00a0\u00bb]<strong><a href=\"http:\/\/www.hotel-perigord-noir.com\/\" target=\"_blank\" rel=\"noopener noreferrer\">Auberge de la Petite Reine<\/a><\/strong><\/p>\n<p>David et Caroline Masure vous accueillent dans leur \u00e9tablissement familial \u00e0 Siorac-en-P\u00e9rigord : des chambres confortables et une carte plein de saveurs du terroir ![\/vc_column_text][\/vc_column][vc_column width=\u00a0\u00bb1\/3&Prime;][vc_column_text css=\u00a0\u00bb\u00a0\u00bb]<strong><a href=\"http:\/\/www.la-couleuvrine.com\" target=\"_blank\" rel=\"noopener noreferrer\">H\u00f4tel La Couleuvrine<\/a><\/strong><\/p>\n<p>Situ\u00e9 en plein c\u0153ur de la cit\u00e9 de Sarlat, cet h\u00f4tel restaurant ouvert toute l\u2019ann\u00e9e saura vous charmer par sa d\u00e9coration soign\u00e9e et par sa table avec ses produits faits maison \u00e0 partir de produits frais[\/vc_column_text][\/vc_column][vc_column width=\u00a0\u00bb1\/3&Prime;][vc_column_text css=\u00a0\u00bb\u00a0\u00bb]<strong><a href=\"https:\/\/hotel-sarlat-bonencontre.fr\/\" target=\"_blank\" rel=\"noopener noreferrer\">H\u00f4tel Bon Encontre ***<\/a><\/strong><\/p>\n<p>Sur les hauteurs de Sarlat-la-Can\u00e9da, cet h\u00f4tel de charme offre une vue panoramique exceptionnelle sur la vall\u00e9e. Chambres confortables, piscine ext\u00e9rieure et accueil chaleureux en font une adresse paisible \u00e0 deux pas du centre historique et des tr\u00e9sors du P\u00e9rigord Noir.[\/vc_column_text][\/vc_column][\/vc_row][vc_row][vc_column width=\u00a0\u00bb1\/3&Prime;][vc_column_text css=\u00a0\u00bb\u00a0\u00bb]<a href=\"https:\/\/www.hotelducentenaire.fr\/\"><strong>H\u00f4tel Le Centenaire<\/strong><\/a><\/p>\n<p>H\u00f4tel situ\u00e9 \u00e0 20km de Sarlat, les chambres du Centenaire ont \u00e9t\u00e9 enti\u00e8rement r\u00e9nov\u00e9es en 2021. L\u2019\u00e9tablissement allie le charme et l\u2019\u00e9l\u00e9gance d\u2019un h\u00f4tel de caract\u00e8re. D\u00e9couvrez leurs deux restaurants : La Table du Centenaire, r\u00e9f\u00e9renc\u00e9 au Guide Michelin et La Terrasse des Beaux-jours[\/vc_column_text][\/vc_column][vc_column width=\u00a0\u00bb1\/3&Prime;][vc_column_text css=\u00a0\u00bb\u00a0\u00bb]<strong><a href=\"http:\/\/www.le-tropicana.fr\/\" target=\"_blank\" rel=\"noopener noreferrer\">Le Tropicana ***<\/a><\/strong><\/p>\n<p>Cet h\u00f4tel-restaurant spa, Logis de France, est situ\u00e9 entre P\u00e9rigueux et Bergerac. Etablissement familial depuis 44 ans,Eric TYTGAT Ma\u00eetre-Restaurateur et son \u00e9quipe vous proposent une cuisine r\u00e9gionale et traditionnelle[\/vc_column_text][\/vc_column][vc_column width=\u00a0\u00bb1\/3&Prime;][vc_column_text css=\u00a0\u00bb\u00a0\u00bb]<a href=\"http:\/\/www.hotel-renoir-sarlat.com\/fr\/accueil\/\" target=\"_blank\" rel=\"noopener noreferrer\"><strong>H\u00f4tel Best Western Le Renoir ***<\/strong><\/a><\/p>\n<p>\u00c0 Sarlat-la-Can\u00e9da, cet h\u00f4tel atypique s\u00e9duit par son style singulier m\u00ealant charme et originalit\u00e9. Chambres personnalis\u00e9es, piscine ext\u00e9rieure et situation id\u00e9ale \u00e0 proximit\u00e9 du centre en font une adresse confortable pour d\u00e9couvrir le P\u00e9rigord Noir autrement.[\/vc_column_text][\/vc_column][\/vc_row][vc_row][vc_column width=\u00a0\u00bb1\/3&Prime;][vc_column_text css=\u00a0\u00bb\u00a0\u00bb]<a href=\"http:\/\/au-grand-hotel-de-sarlat.com\/\" target=\"_blank\" rel=\"noopener noreferrer\"><strong>Au Grand H\u00f4tel de Sarlat<\/strong><\/a><\/p>\n<p>Le Grand H\u00f4tel de Sarlat, \u00e0 deux pas du centre m\u00e9di\u00e9val de la ville, vous propose d\u2019\u00eatre h\u00e9berg\u00e9 dans\u00a0deux pavillons : le Pavillon Selves et le Clos la B\u00f6\u00e9tie. Tout autour de ces deux pavillons d\u2019exception, vous trouverez un\u00a0 ravissant parc avec de vastes terrasses et une superbe piscine[\/vc_column_text][\/vc_column][vc_column width=\u00a0\u00bb1\/3&Prime;][\/vc_column][\/vc_row][vc_row][vc_column][vc_column_text css=\u00a0\u00bb\u00a0\u00bb]<\/p>\n<h3>Les g\u00eetes et maisons d&rsquo;h\u00f4tes<\/h3>\n<p>[\/vc_column_text][\/vc_column][\/vc_row][vc_row][vc_column width=\u00a0\u00bb1\/3&Prime;][vc_column_text css=\u00a0\u00bb\u00a0\u00bb]<\/p>\n<div class=\"promotion_box\">\n<div class=\"clear\">\n<p><strong><a href=\"https:\/\/www.guide-du-perigord.com\/fr\/tourisme\/se-loger\/locations-de-vacances\/prestige-charme\/la-chapelle-aubareil-513\/le-domaine-du-cheyssignaguet-7188.html\">Periloc &#8211; Le domaine de Cheyssignaguet<\/a><\/strong><\/p>\n<p>Dans un magnifique domaine priv\u00e9 de 35 Ha, en Dordogne, au c\u0153ur du P\u00e9rigord Noir, le domaine du Cheyssignaguet propose 4 chambres d\u2019h\u00f4tes de charme avec piscine et 4 g\u00eetes de charme de 6 \u00e0 12 personnes avec piscine priv\u00e9e et chauff\u00e9e dans chacune, climatisation.<\/p>\n<\/div>\n<\/div>\n<p>[\/vc_column_text][\/vc_column][vc_column width=\u00a0\u00bb1\/3&Prime;][vc_column_text css=\u00a0\u00bb\u00a0\u00bb]<strong><a href=\"http:\/\/www.collinedesendrevies.com\/index.html\" target=\"_blank\" rel=\"noopener noreferrer\">La Colline des Endrevies<\/a><\/strong><\/p>\n<p>Au c\u0153ur du P\u00e9rigord Noir, situ\u00e9es entre Sarlat-la-Can\u00e9da et\u00a0 les Eyzies-de-Tayac-Sireuil sur la commune de Saint-Andr\u00e9-Allas chambres d&rsquo;h\u00f4tes avec piscine et chemins de randonn\u00e9es \u00e0 proximit\u00e9.[\/vc_column_text][\/vc_column][vc_column width=\u00a0\u00bb1\/3&Prime;][vc_column_text css=\u00a0\u00bb\u00a0\u00bb]<a href=\"https:\/\/gitespaetnature.fr\/\"><b>G\u00eete Spa &amp; Nature<\/b><\/a><\/p>\n<p>Profitez d\u2019un h\u00e9bergement chaleureux et confortable avec spa privatif en plein c\u0153ur du P\u00e9rigord Noir. Que vous soyez d\u2019humeur romantique ou en qu\u00eate de simplicit\u00e9, leurs maisons sauront vous proposer une ambiance propice \u00e0 un s\u00e9jour sous le signe du bien-\u00eatre.[\/vc_column_text][\/vc_column][\/vc_row][vc_row][vc_column width=\u00a0\u00bb1\/3&Prime;][vc_column_text css=\u00a0\u00bb\u00a0\u00bb]<strong><a href=\"https:\/\/www.dordogne-perigord-tourisme.fr\/sejourner\/chambres-hotes\/detail\/?ido=carsac-aillac-la-feuillade-HLOAQU024FS003I0\" target=\"_blank\" rel=\"noopener noreferrer\">Chambres d&rsquo;h\u00f4tes \u00ab\u00a0La Feuillade\u00a0\u00bb<\/a><\/strong><\/p>\n<p>Situ\u00e9e dans un cadre accueillant, \u00e0 5 km de Sarlat et \u00e0 3 km de la vall\u00e9e de la Dordogne. A proximit\u00e9 des sites pittoresques du P\u00e9rigord Noir et de ses Ch\u00e2teaux ainsi que de Lascaux 4 et de la vall\u00e9e de la V\u00e9z\u00e8re.[\/vc_column_text][\/vc_column][vc_column width=\u00a0\u00bb1\/3&Prime;][vc_column_text css=\u00a0\u00bb\u00a0\u00bb]<a href=\"https:\/\/lamelano24.fr\/\" target=\"_blank\" rel=\"noopener noreferrer\"><strong>La M\u00e9lano<\/strong><\/a><\/p>\n<p>\u00c0 Sarlat, au c\u0153ur du P\u00e9rigord Noir, cette maison \u00e0 ossature bois sur pilotis offre un s\u00e9jour original entre nature et confort. Lumineuse et ouverte sur l\u2019ext\u00e9rieur, elle invite au calme tout en permettant de rayonner facilement vers les sites incontournables de la Dordogne.[\/vc_column_text][\/vc_column][vc_column width=\u00a0\u00bb1\/3&Prime;][vc_column_text css=\u00a0\u00bb\u00a0\u00bb]<a href=\"https:\/\/www.facebook.com\/ChezZoa\/\"><strong>G\u00eete \u00ab\u00a0Chez Zoa\u00a0\u00bb<\/strong><\/a><\/p>\n<p>Marion et R\u00e9my seront ravis de vous accueillir dans leur charmant g\u00eete avec piscine d&rsquo;une capacit\u00e9 de 6 personnes au c\u0153ur de la vall\u00e9e de la Dordogne. Un lieu authentique, dans un territoire aux multiples facettes&#8230;[\/vc_column_text][\/vc_column][\/vc_row][vc_row][vc_column width=\u00a0\u00bb1\/3&Prime;][vc_column_text css=\u00a0\u00bb\u00a0\u00bb]<a href=\"https:\/\/www.leclosdelacaneda.com\/\" target=\"_blank\" rel=\"noopener noreferrer\"><strong>Maison d&rsquo;h\u00f4tes et g\u00eete Le Clos de la Caneda<\/strong><\/a><\/p>\n<p>\u00c0 Sarlat-la-Can\u00e9da, dans un ancien corps de ferme p\u00e9rigourdin de plus de 200 ans, cette maison d\u2019h\u00f4tes et g\u00eete allie charme, calme et convivialit\u00e9. Jardin, piscine et accueil personnalis\u00e9 en font une base id\u00e9ale pour d\u00e9couvrir les richesses naturelles et culturelles de la Dordogne.[\/vc_column_text][\/vc_column][vc_column width=\u00a0\u00bb1\/3&Prime;][vc_column_text css=\u00a0\u00bb\u00a0\u00bb]<strong><a href=\"http:\/\/chambresperigord.com\/\" target=\"_blank\" rel=\"noopener noreferrer\">La Belle Demeure<\/a><\/strong><\/p>\n<p>Situ\u00e9e dans un ancien relais-diligence \u00e0 St Cybranet, cette maison confortable propose 2 chambres d&rsquo;h\u00f4tes ainsi qu&rsquo;une suite familiale et vous r\u00e9galera \u00e9galement avec sa table d&rsquo;h\u00f4tes ![\/vc_column_text][\/vc_column][vc_column width=\u00a0\u00bb1\/3&Prime;][vc_column_text css=\u00a0\u00bb\u00a0\u00bb]<strong><a href=\"https:\/\/www.gites-perigord-dordogne.com\/\" target=\"_blank\" rel=\"noopener noreferrer\">Village de g\u00eetes La Truffi\u00e8re<\/a><\/strong><\/p>\n<p>Vos h\u00f4tes Muriel et Hubert vous accueillent dans un ensemble de 9 g\u00eetes, avec piscine chauff\u00e9e toute l\u2019ann\u00e9e. Les villages de g\u00eetes vous offrent \u00e0 la fois la chaleur d\u2019un accueil personnalis\u00e9 et la convivialit\u00e9 d\u2019un lieu de vacances avec des espaces et des activit\u00e9s.[\/vc_column_text][\/vc_column][\/vc_row][vc_row][vc_column width=\u00a0\u00bb1\/3&Prime;][vc_column_text css=\u00a0\u00bb\u00a0\u00bb]<a href=\"https:\/\/lacloseriedesarlat.com\/\" target=\"_blank\" rel=\"noopener noreferrer\"><strong>La Closerie de Sarlat<\/strong><\/a><\/p>\n<p>Aux portes de Sarlat, les propri\u00e9taires vous offre leur maison d\u2019h\u00f4tes de charme au c\u0153ur du P\u00e9rigord Noir : id\u00e9alement situ\u00e9e \u00e0 10 mn du centre m\u00e9di\u00e9val, nous vous recevrons comme des amis, en veillant \u00e0 pr\u00e9server une atmosph\u00e8re chaleureuse et amicale.<\/p>\n<div class=\"promotion_box\">\n<div class=\"clear\"><\/div>\n<\/div>\n<p>[\/vc_column_text][\/vc_column][vc_column width=\u00a0\u00bb1\/3&Prime;][vc_column_text]<a href=\"https:\/\/latourdecause.com\/about\/\"><b>La Tour de Cause<\/b><\/a><\/p>\n<p>Cette superbe maison p\u00e9rigourdine en pierre, transform\u00e9e en chambres d\u2019h\u00f4tes de charme est id\u00e9alement situ\u00e9e au c\u0153ur de la Dordogne dans le P\u00e9rigord Noir.<\/p>\n<p>[\/vc_column_text][\/vc_column][vc_column width=\u00a0\u00bb1\/3&Prime;][vc_column_text css=\u00a0\u00bb\u00a0\u00bb]<a href=\"https:\/\/les-granges-hautes.fr\/\" target=\"_blank\" rel=\"noopener noreferrer\"><strong>Les Granges Hautes<\/strong><\/a><\/p>\n<p>\u00c0 Saint-Cr\u00e9pin-et-Carlucet, au c\u0153ur d\u2019un vaste domaine bois\u00e9, cet ensemble de g\u00eetes et maison d\u2019h\u00f4tes offre calme et authenticit\u00e9. Piscine, nature pr\u00e9serv\u00e9e et panorama sur la campagne en font un lieu privil\u00e9gi\u00e9 pour se ressourcer et d\u00e9couvrir le P\u00e9rigord Noir.[\/vc_column_text][\/vc_column][\/vc_row][vc_row][vc_column width=\u00a0\u00bb1\/3&Prime;][vc_column_text] <b><a href=\"http:\/\/www.leclosdo.com\/gites-3\/\">Le Clos d\u2019\u00d4<\/a>\u00a0<\/b><\/p>\n<p>Lieu de vacances lov\u00e9 au c\u0153ur du P\u00e9rigord Noir \u00e0 dix minutes de la cit\u00e9 m\u00e9di\u00e9vale de Sarlat. Dans un environnement privil\u00e9gi\u00e9 de trois hectares, vous pourrez jouir de l&rsquo;un de leurs trois g\u00eetes de charme, de leurs espaces partag\u00e9s et leur bulle de Bien-\u00eatre. [\/vc_column_text][\/vc_column][vc_column width=\u00a0\u00bb1\/3&Prime;][vc_column_text css=\u00a0\u00bb\u00a0\u00bb]<strong><a href=\"https:\/\/gite-dordogne-sarlat.com\/\" target=\"_blank\" rel=\"noopener noreferrer\">Les g\u00eetes Quermaurelle<\/a><\/strong><\/p>\n<p>\u00c0 Milhac, \u00e0 la fronti\u00e8re du Lot et du P\u00e9rigord Noir, ces g\u00eetes de charme offrent un cadre paisible en pleine campagne. Maisons en pierre, piscine et panorama verdoyant invitent \u00e0 la d\u00e9tente, tout en permettant de d\u00e9couvrir Sarlat, la vall\u00e9e de la Dordogne et les sites majeurs alentour.[\/vc_column_text][\/vc_column][vc_column width=\u00a0\u00bb1\/3&Prime;][vc_column_text css=\u00a0\u00bb\u00a0\u00bb]<strong><a href=\"https:\/\/www.maisonleschandelles.com\/\">Maison Les Chandelles<\/a><\/strong><\/p>\n<p>\u00c0 <span class=\"hover:entity-accent entity-underline inline cursor-pointer align-baseline\"><span class=\"whitespace-normal\">Loupiac<\/span><\/span>, dans le Lot, cette maison d\u2019h\u00f4tes de charme offre une parenth\u00e8se \u00e9l\u00e9gante et intimiste aux portes du P\u00e9rigord Noir. Chambres d\u00e9cor\u00e9es avec raffinement, jardin et accueil attentionn\u00e9 composent un cadre id\u00e9al pour d\u00e9couvrir la vall\u00e9e de la Dordogne et ses tr\u00e9sors.[\/vc_column_text][\/vc_column][\/vc_row][vc_row][vc_column width=\u00a0\u00bb1\/3&Prime;][vc_column_text css=\u00a0\u00bb\u00a0\u00bb]<strong><a href=\"https:\/\/www.lesclauzels.fr\" target=\"_blank\" rel=\"noopener noreferrer\">Les Clauzels<\/a><\/strong><\/p>\n<p>\u00c0 Proissans, \u00e0 quelques minutes de Sarlat-la-Can\u00e9da, cet ensemble de g\u00eetes et chambres d\u2019h\u00f4tes vous accueille dans un ancien corps de ferme restaur\u00e9. Piscine, pierres apparentes et cadre champ\u00eatre offrent calme et authenticit\u00e9 pour d\u00e9couvrir le P\u00e9rigord Noir.[\/vc_column_text][\/vc_column][vc_column width=\u00a0\u00bb1\/3&Prime;][vc_column_text css=\u00a0\u00bb\u00a0\u00bb]<strong><a href=\"http:\/\/labardemontfort.com\/\" target=\"_blank\" rel=\"noopener noreferrer\">La Barde Montfort<\/a><\/strong><\/p>\n<p>Dans le cadre enchanteur du Cingle de Montfort, Virginie et \u00c9ric, vous accueillent dans leur Maison d\u2019h\u00f4tes en Dordogne, loin de toute agitation et pourtant \u00e0 4 km seulement de la cit\u00e9 m\u00e9di\u00e9vale de Sarlat[\/vc_column_text][\/vc_column][vc_column width=\u00a0\u00bb1\/3&Prime;][vc_column_text css=\u00a0\u00bb\u00a0\u00bb]<strong><a href=\"https:\/\/www.giteslepagus.fr\/\">G\u00eetes Le Pagus<\/a><\/strong><\/p>\n<p>\u00c0 Simeyrols, au c\u0153ur du P\u00e9rigord Noir, ces g\u00eetes de caract\u00e8re offrent un cadre paisible entre nature et patrimoine. Maisons en pierre, piscine et vaste environnement verdoyant invitent \u00e0 la d\u00e9tente, \u00e0 proximit\u00e9 de Sarlat et des incontournables de la vall\u00e9e de la Dordogne.[\/vc_column_text][\/vc_column][\/vc_row][vc_row][vc_column width=\u00a0\u00bb1\/3&Prime;][vc_column_text css=\u00a0\u00bb\u00a0\u00bb]<strong><a href=\"https:\/\/www.belestiu.com\/\">Bel Estiu<\/a><\/strong><\/p>\n<p>A la campagne, dans une ambiance conviviale, Bel Estiu est une maison d\u2019h\u00f4tes o\u00f9 l\u2019on aime se retrouver en famille, entre amis et se laisser bercer par la douceur de vivre du P\u00e9rigord. Piscine chauff\u00e9e et cuisine \u00e0 disposition.[\/vc_column_text][\/vc_column][vc_column width=\u00a0\u00bb1\/3&Prime;][vc_column_text css=\u00a0\u00bb\u00a0\u00bb]<a href=\"https:\/\/www.leclosdelamusardise.fr\/\"><strong>Le Clos de la Musardise<\/strong><\/a><\/p>\n<p>Au c\u0153ur de Salignac et proche des jardins d&rsquo;Eyrignac, Sylvie et Laurent vous accueilleront dans leurs g\u00eetes de charme. Une vue imprenable sur le ch\u00e2teau m\u00e9di\u00e9val, une piscine chauff\u00e9e et un jardin vous offriront s\u00e9r\u00e9nit\u00e9 et d\u00e9paysement.[\/vc_column_text][\/vc_column][vc_column width=\u00a0\u00bb1\/3&Prime;][vc_column_text css=\u00a0\u00bb\u00a0\u00bb]<\/p>\n<div class=\"clear\">\n<p><strong><a href=\"https:\/\/www.aupredessources.com\/\" target=\"_blank\" rel=\"noopener noreferrer\">Au Pr\u00e9 des Sources<\/a><\/strong><\/p>\n<p>Situ\u00e9 \u00e0 Campagne, pr\u00e8s du ch\u00e2teau sur la route des Eyzies, au c\u0153ur de nombreux sites prestigieux. Dans cet \u00e9crin de nature, l&rsquo;une de leurs 4 chambres d&rsquo;h\u00f4tes vous attend.<\/p>\n<\/div>\n<p>[\/vc_column_text][\/vc_column][\/vc_row][vc_row][vc_column width=\u00a0\u00bb1\/3&Prime;][vc_column_text css=\u00a0\u00bb\u00a0\u00bb]<strong><a href=\"https:\/\/gitesduboisdebontemps.com\/\" target=\"_blank\" rel=\"noopener noreferrer\">G\u00eete du Bois de Bontemps<\/a><\/strong><\/p>\n<p>Val\u00e9rie et Didier seront ravis de vous accueillir dans une de leurs chambres d&rsquo;h\u00f4tes ou dans un de leurs g\u00eetes 2* pour passer un bon moment dans leur r\u00e9gion d&rsquo;adoption. Chambre d&rsquo;h\u00f4tes avec piscine chauff\u00e9e et jacuzzi.[\/vc_column_text][\/vc_column][vc_column width=\u00a0\u00bb1\/3&Prime;][vc_column_text css=\u00a0\u00bb\u00a0\u00bb]<a href=\"https:\/\/www.domainedepommarede.com\/\"><b>Domaine de Pommar\u00e8de<\/b><\/a><\/p>\n<p>Venez vous d\u00e9tendre dans un cadre d&rsquo;exception typique de la r\u00e9gion. V\u00e9ritable espace de convivialit\u00e9, le Domaine de Pommar\u00e8de est l&rsquo;endroit id\u00e9al pour vivre un s\u00e9jour inoubliable, plac\u00e9 sous le signe du partage et de l&rsquo;\u00e9change.[\/vc_column_text][\/vc_column][vc_column width=\u00a0\u00bb1\/3&Prime;][vc_column_text css=\u00a0\u00bb\u00a0\u00bb]<strong><a href=\"https:\/\/www.dordogne-perigord-tourisme.fr\/sejourner\/location-vacances\/detail\/?ido=prats-de-carlux-la-titoune-HLOAQU024V506DRJ\" target=\"_blank\" rel=\"noopener noreferrer\">G\u00eete La Titoune<\/a><\/strong><\/p>\n<p>Joli hameau, au sein d&rsquo;une propri\u00e9t\u00e9 fleurie, vous appr\u00e9cierez le confort de ce g\u00eete de 2 personnes et le calme des lieux, ainsi que la piscine en p\u00e9riode estivale. Etant au c\u0153ur du P\u00e9rigord Noir, vous pourrez \u00e9galement visiter des sites et lieux incontournables.[\/vc_column_text][\/vc_column][\/vc_row][vc_row][vc_column width=\u00a0\u00bb1\/3&Prime;][vc_column_text css=\u00a0\u00bb\u00a0\u00bb]<strong><a href=\"https:\/\/www.dordogne-perigord-tourisme.fr\/sejourner\/location-vacances\/detail\/?ido=prats-de-carlux-les-tilleuls-HLOAQU024FS006O8\" target=\"_blank\" rel=\"noopener noreferrer\">Le Grand Pech \/ Le Petit Pech \/ Les Tilleuls<\/a><\/strong><\/p>\n<p>Situ\u00e9s dans un grand parc arbor\u00e9, les gites poss\u00e8dent une grande capacit\u00e9 d&rsquo;accueil pour des vacances en famille tout pr\u00e8s de Sarlat. C&rsquo;est un endroit id\u00e9al pour passer des vacances au calme dans un cadre de nature.[\/vc_column_text][\/vc_column][vc_column width=\u00a0\u00bb1\/3&Prime;][vc_column_text css=\u00a0\u00bb\u00a0\u00bb]<strong><a href=\"https:\/\/www.vallee-dordogne.com\/offres\/le-gite-du-barry-haut-souillac-fr-389593\">G\u00eete du Barry Haut\u00a0<\/a><\/strong><\/p>\n<p>Maison en pierre sur 2 niveaux \u00e0 proximit\u00e9 du bourg et du parc de loisirs et \u00e0 1 km de la Dordogne. Terrasse et tour de maison en b\u00e9ton lav\u00e9.[\/vc_column_text][\/vc_column][vc_column width=\u00a0\u00bb1\/3&Prime;][vc_column_text css=\u00a0\u00bb\u00a0\u00bb]<strong><a href=\"https:\/\/www.vallee-verte-razac.fr\/\">Appartements de Vacances Vall\u00e9e Verte<\/a><\/strong><\/p>\n<p>Perch\u00e9e sur les hauteurs de Razac-sur-l&rsquo;Isle en P\u00e9rigord Blanc, cette jolie demeure vous propose 2 appartements luxueux, aux couleurs pastel, o\u00f9 chaque d\u00e9tail a \u00e9t\u00e9 pens\u00e9 pour votre confort.[\/vc_column_text][\/vc_column][\/vc_row][vc_row][vc_column width=\u00a0\u00bb1\/3&Prime;][vc_column_text css=\u00a0\u00bb\u00a0\u00bb]<a href=\"https:\/\/forenea.com\/\"><strong>Chambres d&rsquo;h\u00f4tes &#8211; Maison Forenea<\/strong><\/a><\/p>\n<p>\u00c0 Sainte-Nathal\u00e8ne, entre Jardins d\u2019Eyrignac et Sarlat-la-Can\u00e9da, cette maison d\u2019h\u00f4tes de charme offre un cadre paisible au c\u0153ur du P\u00e9rigord Noir. Chambres \u00e9l\u00e9gantes, jardin et accueil attentionn\u00e9 invitent \u00e0 la d\u00e9tente et \u00e0 la d\u00e9couverte des richesses de la Dordogne.[\/vc_column_text][\/vc_column][vc_column width=\u00a0\u00bb1\/3&Prime;][vc_column_text css=\u00a0\u00bb\u00a0\u00bb]<a href=\"https:\/\/leshautsdesaintvincent.com\/\" target=\"_blank\" rel=\"noopener noreferrer\"><strong>Les Hauts de Saint-Vincent<\/strong><\/a><\/p>\n<p>La maison d\u2019h\u00f4tes Les Hauts de Saint-Vincent, ancienne ferme XVIIIe pleine de charme et d\u2019authenticit\u00e9, est situ\u00e9e \u00e0 15 minutes de Sarlat. Restaur\u00e9e avec des meubles et objets chin\u00e9s lors de voyages des h\u00f4tes, elle offre des espaces conviviaux propices aux discussions[\/vc_column_text][\/vc_column][vc_column width=\u00a0\u00bb1\/3&Prime;][vc_column_text css=\u00a0\u00bb\u00a0\u00bb]<strong><a href=\"https:\/\/www.gites-perigord-sarlat.com\/fr\/\" target=\"_blank\" rel=\"noopener noreferrer\">Le Bonheur dans notre Pr\u00e9<\/a><\/strong><\/p>\n<p>Class\u00e9 trois \u00e9toiles, le domaine est constitu\u00e9 de plusieurs g\u00eetes dans une ancienne ferme. C&rsquo;est un endroit id\u00e9al pour des vacances en famille o\u00f9 vous pourrez profiter pleinement de l\u2019air frais de la campagne. Leur capacit\u00e9 d\u2019accueil peut aller jusqu\u2019\u00e0 33 personnes[\/vc_column_text][\/vc_column][\/vc_row][vc_row][vc_column width=\u00a0\u00bb1\/3&Prime;][vc_column_text css=\u00a0\u00bb\u00a0\u00bb]<strong><a href=\"https:\/\/gitescombefalce-perigord.site-pap.fr\/accueil.html\">L<\/a><a href=\"https:\/\/gitescombefalce-perigord.site-pap.fr\/accueil.html\">es G\u00eetes de Combe Falce<\/a><\/strong><\/p>\n<p>\u00c0 Salignac-Eyvigues, \u00e0 deux pas des Jardins d\u2019Eyrignac accessibles \u00e0 pied, ces g\u00eetes ind\u00e9pendants et une <a href=\"https:\/\/www.cabanecombefalce.com\/\">cabane romantique<\/a> sont nich\u00e9s dans un domaine bois\u00e9 de plus de 3 hectares. Un cadre naturel privil\u00e9gi\u00e9 pour s\u00e9journer au c\u0153ur du P\u00e9rigord Noir.[\/vc_column_text][\/vc_column][vc_column width=\u00a0\u00bb1\/3&Prime;][vc_column_text css=\u00a0\u00bb\u00a0\u00bb]<a href=\"https:\/\/www.lesfarges.com\/\"><strong>G\u00eetes Les Farges<\/strong><\/a><\/p>\n<p>Pr\u00e8s de Sarlat-la-Can\u00e9da, ces g\u00eetes de charme avec jacuzzi offrent un cadre id\u00e9al pour un s\u00e9jour d\u00e9tente au c\u0153ur du P\u00e9rigord Noir. Maisons en pierre, espace bien-\u00eatre et environnement paisible invitent \u00e0 se ressourcer tout en d\u00e9couvrant les richesses de la Dordogne.[\/vc_column_text][\/vc_column][vc_column width=\u00a0\u00bb1\/3&Prime;][vc_column_text css=\u00a0\u00bb\u00a0\u00bb]<strong><a href=\"https:\/\/ladeymarie.jimdofree.com\/\">G\u00eetes Bourdeilh<\/a><\/strong><\/p>\n<p>\u00c0 Rouffignac-Saint-Cernin-de-Reilhac, au c\u0153ur du P\u00e9rigord Noir, ces g\u00eetes de charme offrent un cadre paisible en pleine nature. Maisons en pierre, jardin et environnement bois\u00e9 invitent \u00e0 la d\u00e9tente, \u00e0 proximit\u00e9 des sites pr\u00e9historiques de la vall\u00e9e de la V\u00e9z\u00e8re.[\/vc_column_text][\/vc_column][\/vc_row][vc_row][vc_column width=\u00a0\u00bb1\/3&Prime;][vc_column_text css=\u00a0\u00bb\u00a0\u00bb]<a href=\"https:\/\/www.airbnb.fr\/users\/show\/21598607\" target=\"_blank\" rel=\"noopener noreferrer\"><strong>G\u00eetes EOL Sarlat<\/strong><\/a><\/p>\n<p>\u00c0 Sarlat-la-Can\u00e9da, ces g\u00eetes offrent un cadre confortable et fonctionnel pour un s\u00e9jour au c\u0153ur du P\u00e9rigord Noir. H\u00e9bergements bien \u00e9quip\u00e9s, environnement calme et proximit\u00e9 des sites incontournables permettent de profiter pleinement de la Dordogne en toute libert\u00e9.[\/vc_column_text][\/vc_column][vc_column width=\u00a0\u00bb1\/3&Prime;][vc_column_text css=\u00a0\u00bb\u00a0\u00bb]<a href=\"https:\/\/nieudegat.wixsite.com\/chambre-le-nieudegat\" target=\"_blank\" rel=\"noopener noreferrer\"><strong>G\u00eete le Nieudegat<\/strong><\/a><\/p>\n<p>\u00c0 <span class=\"hover:entity-accent entity-underline inline cursor-pointer align-baseline\"><span class=\"whitespace-normal\">Simeyrols<\/span><\/span>, au c\u0153ur du P\u00e9rigord Noir, ce lieu de charme propose g\u00eete, chambres et table d\u2019h\u00f4tes dans un cadre paisible. Maison en pierre, environnement verdoyant et accueil convivial invitent \u00e0 la d\u00e9tente, \u00e0 proximit\u00e9 de Sarlat et de la vall\u00e9e de la Dordogne.[\/vc_column_text][\/vc_column][vc_column width=\u00a0\u00bb1\/3&Prime;][vc_column_text css=\u00a0\u00bb\u00a0\u00bb]<strong><a href=\"https:\/\/www.lespierreslotoises.com\/\">Les Pierres Lotoises<\/a><\/strong><\/p>\n<p>Au nord du Quercy, \u00ab\u00a0Terre des Merveilles\u00a0\u00bb, au confluent du Lot, de la Dordogne et de la Corr\u00e8ze, se dressent \u00ab\u00a0Les Pierres Lotoises\u00a0\u00bb dans le joli hameau de Laval de Reilhaguet. Une localisation id\u00e9ale pour d\u00e9couvrir parmi les plus beaux sites naturels, historiques et culturels de France.<\/p>\n<p>[\/vc_column_text][\/vc_column][\/vc_row][vc_row][vc_column width=\u00a0\u00bb1\/3&Prime;][vc_column_text css=\u00a0\u00bb\u00a0\u00bb]<strong><a href=\"https:\/\/www.1logisadomme.fr\/\">1 Logis A Domme<\/a><\/strong><\/p>\n<p>\u00c0 Domme, l\u2019un des plus beaux villages de France, cette maison d\u2019h\u00f4tes de charme offre une parenth\u00e8se \u00e9l\u00e9gante au c\u0153ur du P\u00e9rigord Noir. Chambres raffin\u00e9es, terrasse et vue sur la vall\u00e9e invitent \u00e0 un s\u00e9jour paisible entre patrimoine et nature.[\/vc_column_text][\/vc_column][vc_column width=\u00a0\u00bb1\/3&Prime;][vc_column_text css=\u00a0\u00bb\u00a0\u00bb]<strong><a href=\"https:\/\/www.leclosvallis.com\/\">Le Clos Vallis<\/a><\/strong><\/p>\n<p>\u00c0 Sarlat-la-Can\u00e9da, cette ancienne ferme du XVIIe si\u00e8cle abrite g\u00eetes et chambres d\u2019h\u00f4tes de charme dans un cadre verdoyant. Piscine, pierres apparentes et atmosph\u00e8re paisible en font un lieu id\u00e9al pour se ressourcer au c\u0153ur du P\u00e9rigord Noir.[\/vc_column_text][\/vc_column][vc_column width=\u00a0\u00bb1\/3&Prime;][vc_column_text css=\u00a0\u00bb\u00a0\u00bb]<strong><a href=\"https:\/\/www.villa-perigord.com\/\">Villa Luceo<\/a><\/strong><\/p>\n<p>\u00c0 Coly-Saint-Amand, au c\u0153ur du P\u00e9rigord Noir, cette villa contemporaine de standing offre un cadre \u00e9l\u00e9gant pour un s\u00e9jour tout confort. Piscine, espaces lumineux et prestations haut de gamme invitent \u00e0 la d\u00e9tente, \u00e0 proximit\u00e9 des sites majeurs de la Dordogne.[\/vc_column_text][\/vc_column][\/vc_row][vc_row][vc_column][vc_column_text css=\u00a0\u00bb\u00a0\u00bb]<\/p>\n<h3>Les fermes auberges<\/h3>\n<p>[\/vc_column_text][\/vc_column][\/vc_row][vc_row][vc_column width=\u00a0\u00bb1\/3&Prime;][vc_column_text css=\u00a0\u00bb\u00a0\u00bb]<a href=\"http:\/\/aubergedesmarthres.com\/site\/index.php\"><b>Auberge des Marthres<\/b><\/a><\/p>\n<p>\u00c0 <span class=\"hover:entity-accent entity-underline inline cursor-pointer align-baseline\"><span class=\"whitespace-normal\">Salignac-Eyvigues<\/span><\/span>, \u00e0 proximit\u00e9 des <span class=\"hover:entity-accent entity-underline inline cursor-pointer align-baseline\"><span class=\"whitespace-normal\">Jardins d\u2019Eyrignac<\/span><\/span>, cette ferme auberge authentique propose \u00e9galement 3 g\u00eetes et 4 chambres d\u2019h\u00f4tes. Dans un cadre champ\u00eatre, on y savoure une cuisine fermi\u00e8re et l\u2019art de vivre du P\u00e9rigord Noir.[\/vc_column_text][\/vc_column][vc_column width=\u00a0\u00bb1\/3&Prime;][vc_column_text css=\u00a0\u00bb\u00a0\u00bb]<a href=\"http:\/\/lagarriguehaute.fr\/\" target=\"_blank\" rel=\"noopener noreferrer\"><strong>Ferme de La Garrigue Haute<\/strong><\/a><\/p>\n<p>La famille Boucherie vous accueille sur leur exploitation agricole. Dans cette ancienne grange r\u00e9nov\u00e9e, ils vous proposent de venir s\u00e9journer dans une de leurs 7 chambres d\u2019H\u00f4tes ou de d\u00e9guster de bons produits \u00e0 base de Canard et d\u2019Oie dans leur ferme auberge.[\/vc_column_text][\/vc_column][vc_column width=\u00a0\u00bb1\/3&Prime;][vc_column_text css=\u00a0\u00bb\u00a0\u00bb]<strong><a href=\"https:\/\/www.lesgenestes.com\/\" target=\"_blank\" rel=\"noopener noreferrer\">Ferme Auberge Les Genestes<\/a><\/strong><\/p>\n<div><\/div>\n<p>La Ferme des Genestes appartient \u00e0 la m\u00eame famille depuis 5 g\u00e9n\u00e9rations. La famille Mazet vous propose leur production de conserves de canard gras. Boutique \u00e0 la ferme toute l\u2019ann\u00e9e, vente de produits frais d&rsquo;octobre \u00e0 avril. 9 Chambres d&rsquo;h\u00f4tes. Restauration le soir sur r\u00e9servation.[\/vc_column_text][\/vc_column][\/vc_row]<\/p>\n<\/div>","protected":false},"excerpt":{"rendered":"[vc_section][vc_row][vc_column][vc_column_text el_class=\u00a0\u00bbor\u00a0\u00bb] Les Partenaires d&rsquo;Eyrignac [\/vc_column_text][vc_column_text css=\u00a0\u00bb\u00a0\u00bb]Eyrignac et ses Jardins est heureux de vous accueillir au c\u0153ur de la Dordogne, une r\u00e9gion authentique et riche en patrimoine, en histoire et en gastronomie. Vous trouverez sur cette page les partenaires d&rsquo;Eyrignac et une s\u00e9lection d&rsquo;adresses &lsquo;coup de c\u0153ur&rsquo;, des id\u00e9es de visites, circuits et h\u00e9bergements et&#8230; <a class=\"view-article\" href=\"https:\/\/www.eyrignac.com\/fr\/nos-partenaires\">Voir l&rsquo;article<\/a>","protected":false},"author":8,"featured_media":0,"parent":0,"menu_order":0,"comment_status":"closed","ping_status":"closed","template":"","meta":{"_acf_changed":false,"footnotes":""},"class_list":["post-1756","page","type-page","status-publish","hentry"],"acf":[],"yoast_head":"<!-- This site is optimized with the Yoast SEO plugin v27.5 - https:\/\/yoast.com\/product\/yoast-seo-wordpress\/ -->\n<title>Partenaires d&#039;Eyrignac et bonnes adresses<\/title>\n<meta name=\"robots\" content=\"index, follow, max-snippet:-1, max-image-preview:large, max-video-preview:-1\" \/>\n<link rel=\"canonical\" href=\"https:\/\/www.eyrignac.com\/fr\/nos-partenaires\" \/>\n<meta property=\"og:locale\" content=\"fr_FR\" \/>\n<meta property=\"og:type\" content=\"article\" \/>\n<meta property=\"og:title\" content=\"Partenaires d&#039;Eyrignac et bonnes adresses\" \/>\n<meta property=\"og:description\" content=\"[vc_section][vc_row][vc_column][vc_column_text el_class=\u00a0\u00bbor\u00a0\u00bb] Les Partenaires d&rsquo;Eyrignac [\/vc_column_text][vc_column_text css=\u00a0\u00bb\u00a0\u00bb]Eyrignac et ses Jardins est heureux de vous accueillir au c\u0153ur de la Dordogne, une r\u00e9gion authentique et riche en patrimoine, en histoire et en gastronomie. Vous trouverez sur cette page les partenaires d&rsquo;Eyrignac et une s\u00e9lection d&rsquo;adresses &lsquo;coup de c\u0153ur&rsquo;, des id\u00e9es de visites, circuits et h\u00e9bergements et... Voir l&#039;article\" \/>\n<meta property=\"og:url\" content=\"https:\/\/www.eyrignac.com\/fr\/nos-partenaires\" \/>\n<meta property=\"og:site_name\" content=\"Eyrignac et ses jardins\" \/>\n<meta property=\"article:publisher\" content=\"https:\/\/www.facebook.com\/JardinsEyrignac\/\" \/>\n<meta property=\"article:modified_time\" content=\"2026-04-10T10:44:34+00:00\" \/>\n<meta property=\"og:image\" content=\"https:\/\/www.eyrignac.com\/wp-content\/uploads\/2025\/05\/chateau_de_turenne-logo-150x150.jpg\" \/>\n<meta name=\"twitter:card\" content=\"summary_large_image\" \/>\n<meta name=\"twitter:site\" content=\"@eyrignac\" \/>\n<meta name=\"twitter:label1\" content=\"Dur\u00e9e de lecture estim\u00e9e\" \/>\n\t<meta name=\"twitter:data1\" content=\"20 minutes\" \/>\n<script type=\"application\/ld+json\" class=\"yoast-schema-graph\">{\"@context\":\"https:\\\/\\\/schema.org\",\"@graph\":[{\"@type\":\"WebPage\",\"@id\":\"https:\\\/\\\/www.eyrignac.com\\\/fr\\\/nos-partenaires\",\"url\":\"https:\\\/\\\/www.eyrignac.com\\\/fr\\\/nos-partenaires\",\"name\":\"Partenaires d'Eyrignac et bonnes adresses\",\"isPartOf\":{\"@id\":\"https:\\\/\\\/www.eyrignac.com\\\/fr\\\/#website\"},\"primaryImageOfPage\":{\"@id\":\"https:\\\/\\\/www.eyrignac.com\\\/fr\\\/nos-partenaires#primaryimage\"},\"image\":{\"@id\":\"https:\\\/\\\/www.eyrignac.com\\\/fr\\\/nos-partenaires#primaryimage\"},\"thumbnailUrl\":\"https:\\\/\\\/www.eyrignac.com\\\/wp-content\\\/uploads\\\/2025\\\/05\\\/chateau_de_turenne-logo-150x150.jpg\",\"datePublished\":\"2018-04-30T13:45:02+00:00\",\"dateModified\":\"2026-04-10T10:44:34+00:00\",\"breadcrumb\":{\"@id\":\"https:\\\/\\\/www.eyrignac.com\\\/fr\\\/nos-partenaires#breadcrumb\"},\"inLanguage\":\"fr-FR\",\"potentialAction\":[{\"@type\":\"ReadAction\",\"target\":[\"https:\\\/\\\/www.eyrignac.com\\\/fr\\\/nos-partenaires\"]}]},{\"@type\":\"ImageObject\",\"inLanguage\":\"fr-FR\",\"@id\":\"https:\\\/\\\/www.eyrignac.com\\\/fr\\\/nos-partenaires#primaryimage\",\"url\":\"https:\\\/\\\/www.eyrignac.com\\\/wp-content\\\/uploads\\\/2025\\\/05\\\/chateau_de_turenne-logo-150x150.jpg\",\"contentUrl\":\"https:\\\/\\\/www.eyrignac.com\\\/wp-content\\\/uploads\\\/2025\\\/05\\\/chateau_de_turenne-logo-150x150.jpg\"},{\"@type\":\"BreadcrumbList\",\"@id\":\"https:\\\/\\\/www.eyrignac.com\\\/fr\\\/nos-partenaires#breadcrumb\",\"itemListElement\":[{\"@type\":\"ListItem\",\"position\":1,\"name\":\"Accueil\",\"item\":\"https:\\\/\\\/www.eyrignac.com\\\/fr\"},{\"@type\":\"ListItem\",\"position\":2,\"name\":\"Nos Partenaires\"}]},{\"@type\":\"WebSite\",\"@id\":\"https:\\\/\\\/www.eyrignac.com\\\/fr\\\/#website\",\"url\":\"https:\\\/\\\/www.eyrignac.com\\\/fr\\\/\",\"name\":\"Eyrignac et ses jardins\",\"description\":\"Lieu de verdure unique en Dordogne\",\"publisher\":{\"@id\":\"https:\\\/\\\/www.eyrignac.com\\\/fr\\\/#organization\"},\"potentialAction\":[{\"@type\":\"SearchAction\",\"target\":{\"@type\":\"EntryPoint\",\"urlTemplate\":\"https:\\\/\\\/www.eyrignac.com\\\/fr\\\/?s={search_term_string}\"},\"query-input\":{\"@type\":\"PropertyValueSpecification\",\"valueRequired\":true,\"valueName\":\"search_term_string\"}}],\"inLanguage\":\"fr-FR\"},{\"@type\":\"Organization\",\"@id\":\"https:\\\/\\\/www.eyrignac.com\\\/fr\\\/#organization\",\"name\":\"Eyrignac\",\"url\":\"https:\\\/\\\/www.eyrignac.com\\\/fr\\\/\",\"logo\":{\"@type\":\"ImageObject\",\"inLanguage\":\"fr-FR\",\"@id\":\"https:\\\/\\\/www.eyrignac.com\\\/fr\\\/#\\\/schema\\\/logo\\\/image\\\/\",\"url\":\"https:\\\/\\\/www.eyrignac.com\\\/wp-content\\\/uploads\\\/2017\\\/12\\\/logo-eyrignac.png\",\"contentUrl\":\"https:\\\/\\\/www.eyrignac.com\\\/wp-content\\\/uploads\\\/2017\\\/12\\\/logo-eyrignac.png\",\"width\":500,\"height\":189,\"caption\":\"Eyrignac\"},\"image\":{\"@id\":\"https:\\\/\\\/www.eyrignac.com\\\/fr\\\/#\\\/schema\\\/logo\\\/image\\\/\"},\"sameAs\":[\"https:\\\/\\\/www.facebook.com\\\/JardinsEyrignac\\\/\",\"https:\\\/\\\/x.com\\\/eyrignac\",\"https:\\\/\\\/www.instagram.com\\\/eyrignac\\\/\",\"https:\\\/\\\/www.pinterest.fr\\\/eyrignac\\\/\",\"https:\\\/\\\/www.youtube.com\\\/channel\\\/UCjWc47ArIew83eRXXjaBowg\"]}]}<\/script>\n<!-- \/ Yoast SEO plugin. -->","yoast_head_json":{"title":"Partenaires d'Eyrignac et bonnes adresses","robots":{"index":"index","follow":"follow","max-snippet":"max-snippet:-1","max-image-preview":"max-image-preview:large","max-video-preview":"max-video-preview:-1"},"canonical":"https:\/\/www.eyrignac.com\/fr\/nos-partenaires","og_locale":"fr_FR","og_type":"article","og_title":"Partenaires d'Eyrignac et bonnes adresses","og_description":"[vc_section][vc_row][vc_column][vc_column_text el_class=\u00a0\u00bbor\u00a0\u00bb] Les Partenaires d&rsquo;Eyrignac [\/vc_column_text][vc_column_text css=\u00a0\u00bb\u00a0\u00bb]Eyrignac et ses Jardins est heureux de vous accueillir au c\u0153ur de la Dordogne, une r\u00e9gion authentique et riche en patrimoine, en histoire et en gastronomie. Vous trouverez sur cette page les partenaires d&rsquo;Eyrignac et une s\u00e9lection d&rsquo;adresses &lsquo;coup de c\u0153ur&rsquo;, des id\u00e9es de visites, circuits et h\u00e9bergements et... Voir l'article","og_url":"https:\/\/www.eyrignac.com\/fr\/nos-partenaires","og_site_name":"Eyrignac et ses jardins","article_publisher":"https:\/\/www.facebook.com\/JardinsEyrignac\/","article_modified_time":"2026-04-10T10:44:34+00:00","og_image":[{"url":"https:\/\/www.eyrignac.com\/wp-content\/uploads\/2025\/05\/chateau_de_turenne-logo-150x150.jpg","type":"","width":"","height":""}],"twitter_card":"summary_large_image","twitter_site":"@eyrignac","twitter_misc":{"Dur\u00e9e de lecture estim\u00e9e":"20 minutes"},"schema":{"@context":"https:\/\/schema.org","@graph":[{"@type":"WebPage","@id":"https:\/\/www.eyrignac.com\/fr\/nos-partenaires","url":"https:\/\/www.eyrignac.com\/fr\/nos-partenaires","name":"Partenaires d'Eyrignac et bonnes adresses","isPartOf":{"@id":"https:\/\/www.eyrignac.com\/fr\/#website"},"primaryImageOfPage":{"@id":"https:\/\/www.eyrignac.com\/fr\/nos-partenaires#primaryimage"},"image":{"@id":"https:\/\/www.eyrignac.com\/fr\/nos-partenaires#primaryimage"},"thumbnailUrl":"https:\/\/www.eyrignac.com\/wp-content\/uploads\/2025\/05\/chateau_de_turenne-logo-150x150.jpg","datePublished":"2018-04-30T13:45:02+00:00","dateModified":"2026-04-10T10:44:34+00:00","breadcrumb":{"@id":"https:\/\/www.eyrignac.com\/fr\/nos-partenaires#breadcrumb"},"inLanguage":"fr-FR","potentialAction":[{"@type":"ReadAction","target":["https:\/\/www.eyrignac.com\/fr\/nos-partenaires"]}]},{"@type":"ImageObject","inLanguage":"fr-FR","@id":"https:\/\/www.eyrignac.com\/fr\/nos-partenaires#primaryimage","url":"https:\/\/www.eyrignac.com\/wp-content\/uploads\/2025\/05\/chateau_de_turenne-logo-150x150.jpg","contentUrl":"https:\/\/www.eyrignac.com\/wp-content\/uploads\/2025\/05\/chateau_de_turenne-logo-150x150.jpg"},{"@type":"BreadcrumbList","@id":"https:\/\/www.eyrignac.com\/fr\/nos-partenaires#breadcrumb","itemListElement":[{"@type":"ListItem","position":1,"name":"Accueil","item":"https:\/\/www.eyrignac.com\/fr"},{"@type":"ListItem","position":2,"name":"Nos Partenaires"}]},{"@type":"WebSite","@id":"https:\/\/www.eyrignac.com\/fr\/#website","url":"https:\/\/www.eyrignac.com\/fr\/","name":"Eyrignac et ses jardins","description":"Lieu de verdure unique en Dordogne","publisher":{"@id":"https:\/\/www.eyrignac.com\/fr\/#organization"},"potentialAction":[{"@type":"SearchAction","target":{"@type":"EntryPoint","urlTemplate":"https:\/\/www.eyrignac.com\/fr\/?s={search_term_string}"},"query-input":{"@type":"PropertyValueSpecification","valueRequired":true,"valueName":"search_term_string"}}],"inLanguage":"fr-FR"},{"@type":"Organization","@id":"https:\/\/www.eyrignac.com\/fr\/#organization","name":"Eyrignac","url":"https:\/\/www.eyrignac.com\/fr\/","logo":{"@type":"ImageObject","inLanguage":"fr-FR","@id":"https:\/\/www.eyrignac.com\/fr\/#\/schema\/logo\/image\/","url":"https:\/\/www.eyrignac.com\/wp-content\/uploads\/2017\/12\/logo-eyrignac.png","contentUrl":"https:\/\/www.eyrignac.com\/wp-content\/uploads\/2017\/12\/logo-eyrignac.png","width":500,"height":189,"caption":"Eyrignac"},"image":{"@id":"https:\/\/www.eyrignac.com\/fr\/#\/schema\/logo\/image\/"},"sameAs":["https:\/\/www.facebook.com\/JardinsEyrignac\/","https:\/\/x.com\/eyrignac","https:\/\/www.instagram.com\/eyrignac\/","https:\/\/www.pinterest.fr\/eyrignac\/","https:\/\/www.youtube.com\/channel\/UCjWc47ArIew83eRXXjaBowg"]}]}},"_links":{"self":[{"href":"https:\/\/www.eyrignac.com\/fr\/wp-json\/wp\/v2\/pages\/1756","targetHints":{"allow":["GET"]}}],"collection":[{"href":"https:\/\/www.eyrignac.com\/fr\/wp-json\/wp\/v2\/pages"}],"about":[{"href":"https:\/\/www.eyrignac.com\/fr\/wp-json\/wp\/v2\/types\/page"}],"author":[{"embeddable":true,"href":"https:\/\/www.eyrignac.com\/fr\/wp-json\/wp\/v2\/users\/8"}],"replies":[{"embeddable":true,"href":"https:\/\/www.eyrignac.com\/fr\/wp-json\/wp\/v2\/comments?post=1756"}],"version-history":[{"count":65,"href":"https:\/\/www.eyrignac.com\/fr\/wp-json\/wp\/v2\/pages\/1756\/revisions"}],"predecessor-version":[{"id":12262,"href":"https:\/\/www.eyrignac.com\/fr\/wp-json\/wp\/v2\/pages\/1756\/revisions\/12262"}],"wp:attachment":[{"href":"https:\/\/www.eyrignac.com\/fr\/wp-json\/wp\/v2\/media?parent=1756"}],"curies":[{"name":"wp","href":"https:\/\/api.w.org\/{rel}","templated":true}]}}