{"id":1286,"date":"2018-03-23T21:50:00","date_gmt":"2018-03-23T20:50:00","guid":{"rendered":"https:\/\/www.eyrignac.com?page_id=1286"},"modified":"2018-05-30T17:35:01","modified_gmt":"2018-05-30T15:35:01","slug":"phototheque","status":"publish","type":"page","link":"https:\/\/www.eyrignac.com\/fr\/phototheque","title":{"rendered":"Phototh\u00e8que"},"content":{"rendered":"<div class=\"wpb-content-wrapper\"><p>[vc_row][vc_column][vc_column_text el_class=\u00a0\u00bbtitre-actu-home\u00a0\u00bb]<\/p>\n<h2 class=\"itemTitle\" style=\"text-align: center;\">Les Jardins de Verdure<\/h2>\n<p>[\/vc_column_text][vc_column_text]<\/p>\n\n\t\t<style type=\"text\/css\">\n\t\t\t#gallery-1 {\n\t\t\t\tmargin: auto;\n\t\t\t}\n\t\t\t#gallery-1 .gallery-item {\n\t\t\t\tfloat: left;\n\t\t\t\tmargin-top: 10px;\n\t\t\t\ttext-align: center;\n\t\t\t\twidth: 20%;\n\t\t\t}\n\t\t\t#gallery-1 img {\n\t\t\t\tborder: 2px solid #cfcfcf;\n\t\t\t}\n\t\t\t#gallery-1 .gallery-caption {\n\t\t\t\tmargin-left: 0;\n\t\t\t}\n\t\t\t\/* see gallery_shortcode() in wp-includes\/media.php *\/\n\t\t<\/style>\n\t\t<div id='gallery-1' class='gallery galleryid-1286 gallery-columns-5 gallery-size-thumbnail'><dl class='gallery-item'>\n\t\t\t<dt class='gallery-icon landscape'>\n\t\t\t\t<a href='https:\/\/www.eyrignac.com\/wp-content\/uploads\/2018\/04\/eyrignac_vue_aerienne_allee_charmes_\u00a9eric_sander.jpg' target=\"_blank\"><img decoding=\"async\" width=\"150\" height=\"150\" src=\"https:\/\/www.eyrignac.com\/wp-content\/uploads\/2018\/04\/eyrignac_vue_aerienne_allee_charmes_\u00a9eric_sander-150x150.jpg\" class=\"attachment-thumbnail size-thumbnail\" alt=\"Vue A\u00e9rienne All\u00e9e des Charmes Miroir \u00a9Eric Sander\" srcset=\"https:\/\/www.eyrignac.com\/wp-content\/uploads\/2018\/04\/eyrignac_vue_aerienne_allee_charmes_\u00a9eric_sander-150x150.jpg 150w, https:\/\/www.eyrignac.com\/wp-content\/uploads\/2018\/04\/eyrignac_vue_aerienne_allee_charmes_\u00a9eric_sander-400x400.jpg 400w, https:\/\/www.eyrignac.com\/wp-content\/uploads\/2018\/04\/eyrignac_vue_aerienne_allee_charmes_\u00a9eric_sander-100x100.jpg 100w, https:\/\/www.eyrignac.com\/wp-content\/uploads\/2018\/04\/eyrignac_vue_aerienne_allee_charmes_\u00a9eric_sander-450x450.jpg 450w\" sizes=\"(max-width: 150px) 100vw, 150px\" \/><\/a>\n\t\t\t<\/dt><\/dl><dl class='gallery-item'>\n\t\t\t<dt class='gallery-icon landscape'>\n\t\t\t\t<a href='https:\/\/www.eyrignac.com\/wp-content\/uploads\/2018\/04\/eyrignac_rotonde_verdure_\u00a9eric_sander.jpg' target=\"_blank\"><img decoding=\"async\" width=\"150\" height=\"150\" src=\"https:\/\/www.eyrignac.com\/wp-content\/uploads\/2018\/04\/eyrignac_rotonde_verdure_\u00a9eric_sander-150x150.jpg\" class=\"attachment-thumbnail size-thumbnail\" alt=\"Rotonde de Verdure \u00a9Eric Sander\" srcset=\"https:\/\/www.eyrignac.com\/wp-content\/uploads\/2018\/04\/eyrignac_rotonde_verdure_\u00a9eric_sander-150x150.jpg 150w, https:\/\/www.eyrignac.com\/wp-content\/uploads\/2018\/04\/eyrignac_rotonde_verdure_\u00a9eric_sander-400x400.jpg 400w, https:\/\/www.eyrignac.com\/wp-content\/uploads\/2018\/04\/eyrignac_rotonde_verdure_\u00a9eric_sander-100x100.jpg 100w, https:\/\/www.eyrignac.com\/wp-content\/uploads\/2018\/04\/eyrignac_rotonde_verdure_\u00a9eric_sander-450x450.jpg 450w\" sizes=\"(max-width: 150px) 100vw, 150px\" \/><\/a>\n\t\t\t<\/dt><\/dl><dl class='gallery-item'>\n\t\t\t<dt class='gallery-icon landscape'>\n\t\t\t\t<a href='https:\/\/www.eyrignac.com\/wp-content\/uploads\/2018\/04\/eyrignac_manoir_parterre_\u00a9jerome_morel.jpg' target=\"_blank\"><img decoding=\"async\" width=\"150\" height=\"150\" src=\"https:\/\/www.eyrignac.com\/wp-content\/uploads\/2018\/04\/eyrignac_manoir_parterre_\u00a9jerome_morel-150x150.jpg\" class=\"attachment-thumbnail size-thumbnail\" alt=\"Parterre \u00e0 la Fran\u00e7aise \u00a9J\u00e9rome Morel\" srcset=\"https:\/\/www.eyrignac.com\/wp-content\/uploads\/2018\/04\/eyrignac_manoir_parterre_\u00a9jerome_morel-150x150.jpg 150w, https:\/\/www.eyrignac.com\/wp-content\/uploads\/2018\/04\/eyrignac_manoir_parterre_\u00a9jerome_morel-400x400.jpg 400w, https:\/\/www.eyrignac.com\/wp-content\/uploads\/2018\/04\/eyrignac_manoir_parterre_\u00a9jerome_morel-100x100.jpg 100w, https:\/\/www.eyrignac.com\/wp-content\/uploads\/2018\/04\/eyrignac_manoir_parterre_\u00a9jerome_morel-450x450.jpg 450w\" sizes=\"(max-width: 150px) 100vw, 150px\" \/><\/a>\n\t\t\t<\/dt><\/dl><dl class='gallery-item'>\n\t\t\t<dt class='gallery-icon landscape'>\n\t\t\t\t<a href='https:\/\/www.eyrignac.com\/wp-content\/uploads\/2018\/04\/eyrignac_jardin_francais_\u00a9jerome_morel.jpg' target=\"_blank\"><img decoding=\"async\" width=\"150\" height=\"150\" src=\"https:\/\/www.eyrignac.com\/wp-content\/uploads\/2018\/04\/eyrignac_jardin_francais_\u00a9jerome_morel-150x150.jpg\" class=\"attachment-thumbnail size-thumbnail\" alt=\"Parterre \u00e0 la Fran\u00e7aise \u00a9J\u00e9rome Morel\" srcset=\"https:\/\/www.eyrignac.com\/wp-content\/uploads\/2018\/04\/eyrignac_jardin_francais_\u00a9jerome_morel-150x150.jpg 150w, https:\/\/www.eyrignac.com\/wp-content\/uploads\/2018\/04\/eyrignac_jardin_francais_\u00a9jerome_morel-400x400.jpg 400w, https:\/\/www.eyrignac.com\/wp-content\/uploads\/2018\/04\/eyrignac_jardin_francais_\u00a9jerome_morel-100x100.jpg 100w, https:\/\/www.eyrignac.com\/wp-content\/uploads\/2018\/04\/eyrignac_jardin_francais_\u00a9jerome_morel-450x450.jpg 450w\" sizes=\"(max-width: 150px) 100vw, 150px\" \/><\/a>\n\t\t\t<\/dt><\/dl><dl class='gallery-item'>\n\t\t\t<dt class='gallery-icon landscape'>\n\t\t\t\t<a href='https:\/\/www.eyrignac.com\/wp-content\/uploads\/2018\/04\/eyrignac_parterre_francaise_\u00a9eric_sander.jpg' target=\"_blank\"><img decoding=\"async\" width=\"150\" height=\"150\" src=\"https:\/\/www.eyrignac.com\/wp-content\/uploads\/2018\/04\/eyrignac_parterre_francaise_\u00a9eric_sander-150x150.jpg\" class=\"attachment-thumbnail size-thumbnail\" alt=\"Parterre \u00e0 la Fran\u00e7aise \u00a9Eric Sander\" srcset=\"https:\/\/www.eyrignac.com\/wp-content\/uploads\/2018\/04\/eyrignac_parterre_francaise_\u00a9eric_sander-150x150.jpg 150w, https:\/\/www.eyrignac.com\/wp-content\/uploads\/2018\/04\/eyrignac_parterre_francaise_\u00a9eric_sander-400x400.jpg 400w, https:\/\/www.eyrignac.com\/wp-content\/uploads\/2018\/04\/eyrignac_parterre_francaise_\u00a9eric_sander-100x100.jpg 100w, https:\/\/www.eyrignac.com\/wp-content\/uploads\/2018\/04\/eyrignac_parterre_francaise_\u00a9eric_sander-450x450.jpg 450w\" sizes=\"(max-width: 150px) 100vw, 150px\" \/><\/a>\n\t\t\t<\/dt><\/dl><br style=\"clear: both\" \/><dl class='gallery-item'>\n\t\t\t<dt class='gallery-icon landscape'>\n\t\t\t\t<a href='https:\/\/www.eyrignac.com\/wp-content\/uploads\/2018\/04\/eyrignac_rond_point_repos_\u00a9Eric_sander.jpg' target=\"_blank\"><img decoding=\"async\" width=\"150\" height=\"150\" src=\"https:\/\/www.eyrignac.com\/wp-content\/uploads\/2018\/04\/eyrignac_rond_point_repos_\u00a9Eric_sander-150x150.jpg\" class=\"attachment-thumbnail size-thumbnail\" alt=\"Rond-point de repos \u00a9Eric Sander\" srcset=\"https:\/\/www.eyrignac.com\/wp-content\/uploads\/2018\/04\/eyrignac_rond_point_repos_\u00a9Eric_sander-150x150.jpg 150w, https:\/\/www.eyrignac.com\/wp-content\/uploads\/2018\/04\/eyrignac_rond_point_repos_\u00a9Eric_sander-400x400.jpg 400w, https:\/\/www.eyrignac.com\/wp-content\/uploads\/2018\/04\/eyrignac_rond_point_repos_\u00a9Eric_sander-100x100.jpg 100w, https:\/\/www.eyrignac.com\/wp-content\/uploads\/2018\/04\/eyrignac_rond_point_repos_\u00a9Eric_sander-450x450.jpg 450w\" sizes=\"(max-width: 150px) 100vw, 150px\" \/><\/a>\n\t\t\t<\/dt><\/dl><dl class='gallery-item'>\n\t\t\t<dt class='gallery-icon landscape'>\n\t\t\t\t<a href='https:\/\/www.eyrignac.com\/wp-content\/uploads\/2018\/04\/eyrignac_vivier_miroir_\u00a9jerome_morel.jpg' target=\"_blank\"><img decoding=\"async\" width=\"150\" height=\"150\" src=\"https:\/\/www.eyrignac.com\/wp-content\/uploads\/2018\/04\/eyrignac_vivier_miroir_\u00a9jerome_morel-150x150.jpg\" class=\"attachment-thumbnail size-thumbnail\" alt=\"Miroir \u00a9J\u00e9rome Morel\" srcset=\"https:\/\/www.eyrignac.com\/wp-content\/uploads\/2018\/04\/eyrignac_vivier_miroir_\u00a9jerome_morel-150x150.jpg 150w, https:\/\/www.eyrignac.com\/wp-content\/uploads\/2018\/04\/eyrignac_vivier_miroir_\u00a9jerome_morel-400x400.jpg 400w, https:\/\/www.eyrignac.com\/wp-content\/uploads\/2018\/04\/eyrignac_vivier_miroir_\u00a9jerome_morel-100x100.jpg 100w, https:\/\/www.eyrignac.com\/wp-content\/uploads\/2018\/04\/eyrignac_vivier_miroir_\u00a9jerome_morel-450x450.jpg 450w\" sizes=\"(max-width: 150px) 100vw, 150px\" \/><\/a>\n\t\t\t<\/dt><\/dl><dl class='gallery-item'>\n\t\t\t<dt class='gallery-icon landscape'>\n\t\t\t\t<a href='https:\/\/www.eyrignac.com\/wp-content\/uploads\/2018\/04\/eyrignac_miroir_vivier_\u00a9jerome_morel.jpg' target=\"_blank\"><img decoding=\"async\" width=\"150\" height=\"150\" src=\"https:\/\/www.eyrignac.com\/wp-content\/uploads\/2018\/04\/eyrignac_miroir_vivier_\u00a9jerome_morel-150x150.jpg\" class=\"attachment-thumbnail size-thumbnail\" alt=\"Miroir \u00a9J\u00e9rome Morel\" srcset=\"https:\/\/www.eyrignac.com\/wp-content\/uploads\/2018\/04\/eyrignac_miroir_vivier_\u00a9jerome_morel-150x150.jpg 150w, https:\/\/www.eyrignac.com\/wp-content\/uploads\/2018\/04\/eyrignac_miroir_vivier_\u00a9jerome_morel-400x400.jpg 400w, https:\/\/www.eyrignac.com\/wp-content\/uploads\/2018\/04\/eyrignac_miroir_vivier_\u00a9jerome_morel-100x100.jpg 100w, https:\/\/www.eyrignac.com\/wp-content\/uploads\/2018\/04\/eyrignac_miroir_vivier_\u00a9jerome_morel-450x450.jpg 450w\" sizes=\"(max-width: 150px) 100vw, 150px\" \/><\/a>\n\t\t\t<\/dt><\/dl><dl class='gallery-item'>\n\t\t\t<dt class='gallery-icon landscape'>\n\t\t\t\t<a href='https:\/\/www.eyrignac.com\/wp-content\/uploads\/2018\/04\/eyrignac_torii_\u00a9jerome_morel.jpg' target=\"_blank\"><img decoding=\"async\" width=\"150\" height=\"150\" src=\"https:\/\/www.eyrignac.com\/wp-content\/uploads\/2018\/04\/eyrignac_torii_\u00a9jerome_morel-150x150.jpg\" class=\"attachment-thumbnail size-thumbnail\" alt=\"Torii \u00a9J\u00e9rome Morel\" srcset=\"https:\/\/www.eyrignac.com\/wp-content\/uploads\/2018\/04\/eyrignac_torii_\u00a9jerome_morel-150x150.jpg 150w, https:\/\/www.eyrignac.com\/wp-content\/uploads\/2018\/04\/eyrignac_torii_\u00a9jerome_morel-400x400.jpg 400w, https:\/\/www.eyrignac.com\/wp-content\/uploads\/2018\/04\/eyrignac_torii_\u00a9jerome_morel-100x100.jpg 100w, https:\/\/www.eyrignac.com\/wp-content\/uploads\/2018\/04\/eyrignac_torii_\u00a9jerome_morel-450x450.jpg 450w\" sizes=\"(max-width: 150px) 100vw, 150px\" \/><\/a>\n\t\t\t<\/dt><\/dl><dl class='gallery-item'>\n\t\t\t<dt class='gallery-icon landscape'>\n\t\t\t\t<a href='https:\/\/www.eyrignac.com\/wp-content\/uploads\/2018\/04\/eyrignac_allee_vases_\u00a9j\u00e9rome_morel.jpg' target=\"_blank\"><img decoding=\"async\" width=\"150\" height=\"150\" src=\"https:\/\/www.eyrignac.com\/wp-content\/uploads\/2018\/04\/eyrignac_allee_vases_\u00a9j\u00e9rome_morel-150x150.jpg\" class=\"attachment-thumbnail size-thumbnail\" alt=\"All\u00e9e des Vases \u00a9J\u00e9rome Morel\" srcset=\"https:\/\/www.eyrignac.com\/wp-content\/uploads\/2018\/04\/eyrignac_allee_vases_\u00a9j\u00e9rome_morel-150x150.jpg 150w, https:\/\/www.eyrignac.com\/wp-content\/uploads\/2018\/04\/eyrignac_allee_vases_\u00a9j\u00e9rome_morel-400x400.jpg 400w, https:\/\/www.eyrignac.com\/wp-content\/uploads\/2018\/04\/eyrignac_allee_vases_\u00a9j\u00e9rome_morel-100x100.jpg 100w, https:\/\/www.eyrignac.com\/wp-content\/uploads\/2018\/04\/eyrignac_allee_vases_\u00a9j\u00e9rome_morel-450x450.jpg 450w\" sizes=\"(max-width: 150px) 100vw, 150px\" \/><\/a>\n\t\t\t<\/dt><\/dl><br style=\"clear: both\" \/><dl class='gallery-item'>\n\t\t\t<dt class='gallery-icon landscape'>\n\t\t\t\t<a href='https:\/\/www.eyrignac.com\/wp-content\/uploads\/2018\/04\/eyrignac_cour_manoir_chapelle_\u00a9olivier_anger.jpg' target=\"_blank\"><img decoding=\"async\" width=\"150\" height=\"150\" src=\"https:\/\/www.eyrignac.com\/wp-content\/uploads\/2018\/04\/eyrignac_cour_manoir_chapelle_\u00a9olivier_anger-150x150.jpg\" class=\"attachment-thumbnail size-thumbnail\" alt=\"Chapelle et Cour du Manoir \u00a9Olivier Anger Ch\u00e2teaux en f\u00eate 2022 Eyrignac jardins Dordogne P\u00e9rigord Sarlat visite insolite exceptionnel manoir art de vivre fran\u00e7aise VII \u00e8me si\u00e8cle\" srcset=\"https:\/\/www.eyrignac.com\/wp-content\/uploads\/2018\/04\/eyrignac_cour_manoir_chapelle_\u00a9olivier_anger-150x150.jpg 150w, https:\/\/www.eyrignac.com\/wp-content\/uploads\/2018\/04\/eyrignac_cour_manoir_chapelle_\u00a9olivier_anger-400x400.jpg 400w, https:\/\/www.eyrignac.com\/wp-content\/uploads\/2018\/04\/eyrignac_cour_manoir_chapelle_\u00a9olivier_anger-100x100.jpg 100w, https:\/\/www.eyrignac.com\/wp-content\/uploads\/2018\/04\/eyrignac_cour_manoir_chapelle_\u00a9olivier_anger-450x450.jpg 450w\" sizes=\"(max-width: 150px) 100vw, 150px\" \/><\/a>\n\t\t\t<\/dt><\/dl><dl class='gallery-item'>\n\t\t\t<dt class='gallery-icon landscape'>\n\t\t\t\t<a href='https:\/\/www.eyrignac.com\/wp-content\/uploads\/2018\/04\/eyrignac_jardin_blanc_\u00a9georges_leveque.jpg' target=\"_blank\"><img decoding=\"async\" width=\"150\" height=\"150\" src=\"https:\/\/www.eyrignac.com\/wp-content\/uploads\/2018\/04\/eyrignac_jardin_blanc_\u00a9georges_leveque-150x150.jpg\" class=\"attachment-thumbnail size-thumbnail\" alt=\"Jardin Blanc \u00a9Georges L\u00e9v\u00eaque\" srcset=\"https:\/\/www.eyrignac.com\/wp-content\/uploads\/2018\/04\/eyrignac_jardin_blanc_\u00a9georges_leveque-150x150.jpg 150w, https:\/\/www.eyrignac.com\/wp-content\/uploads\/2018\/04\/eyrignac_jardin_blanc_\u00a9georges_leveque-400x400.jpg 400w, https:\/\/www.eyrignac.com\/wp-content\/uploads\/2018\/04\/eyrignac_jardin_blanc_\u00a9georges_leveque-100x100.jpg 100w, https:\/\/www.eyrignac.com\/wp-content\/uploads\/2018\/04\/eyrignac_jardin_blanc_\u00a9georges_leveque-450x450.jpg 450w\" sizes=\"(max-width: 150px) 100vw, 150px\" \/><\/a>\n\t\t\t<\/dt><\/dl><dl class='gallery-item'>\n\t\t\t<dt class='gallery-icon landscape'>\n\t\t\t\t<a href='https:\/\/www.eyrignac.com\/wp-content\/uploads\/2018\/04\/eyrignac_jardin_blanc_\u00a9skyme.jpg' target=\"_blank\"><img decoding=\"async\" width=\"150\" height=\"150\" src=\"https:\/\/www.eyrignac.com\/wp-content\/uploads\/2018\/04\/eyrignac_jardin_blanc_\u00a9skyme-150x150.jpg\" class=\"attachment-thumbnail size-thumbnail\" alt=\"Jardin Blanc \u00a9Skyme\" srcset=\"https:\/\/www.eyrignac.com\/wp-content\/uploads\/2018\/04\/eyrignac_jardin_blanc_\u00a9skyme-150x150.jpg 150w, https:\/\/www.eyrignac.com\/wp-content\/uploads\/2018\/04\/eyrignac_jardin_blanc_\u00a9skyme-400x400.jpg 400w, https:\/\/www.eyrignac.com\/wp-content\/uploads\/2018\/04\/eyrignac_jardin_blanc_\u00a9skyme-100x100.jpg 100w, https:\/\/www.eyrignac.com\/wp-content\/uploads\/2018\/04\/eyrignac_jardin_blanc_\u00a9skyme-450x450.jpg 450w, https:\/\/www.eyrignac.com\/wp-content\/uploads\/2018\/04\/eyrignac_jardin_blanc_\u00a9skyme-500x500.jpg 500w\" sizes=\"(max-width: 150px) 100vw, 150px\" \/><\/a>\n\t\t\t<\/dt><\/dl><dl class='gallery-item'>\n\t\t\t<dt class='gallery-icon landscape'>\n\t\t\t\t<a href='https:\/\/www.eyrignac.com\/wp-content\/uploads\/2018\/04\/eyrignac_jardin_blanc_\u00a9Eric_sander.jpg' target=\"_blank\"><img decoding=\"async\" width=\"150\" height=\"150\" src=\"https:\/\/www.eyrignac.com\/wp-content\/uploads\/2018\/04\/eyrignac_jardin_blanc_\u00a9Eric_sander-150x150.jpg\" class=\"attachment-thumbnail size-thumbnail\" alt=\"Jardin Blanc \u00a9Eric Sander\" srcset=\"https:\/\/www.eyrignac.com\/wp-content\/uploads\/2018\/04\/eyrignac_jardin_blanc_\u00a9Eric_sander-150x150.jpg 150w, https:\/\/www.eyrignac.com\/wp-content\/uploads\/2018\/04\/eyrignac_jardin_blanc_\u00a9Eric_sander-400x400.jpg 400w, https:\/\/www.eyrignac.com\/wp-content\/uploads\/2018\/04\/eyrignac_jardin_blanc_\u00a9Eric_sander-100x100.jpg 100w, https:\/\/www.eyrignac.com\/wp-content\/uploads\/2018\/04\/eyrignac_jardin_blanc_\u00a9Eric_sander-450x450.jpg 450w\" sizes=\"(max-width: 150px) 100vw, 150px\" \/><\/a>\n\t\t\t<\/dt><\/dl><dl class='gallery-item'>\n\t\t\t<dt class='gallery-icon landscape'>\n\t\t\t\t<a href='https:\/\/www.eyrignac.com\/wp-content\/uploads\/2018\/04\/eyrignac_pagode_chinoise_\u00a9jerome_morel.jpg' target=\"_blank\"><img decoding=\"async\" width=\"150\" height=\"150\" src=\"https:\/\/www.eyrignac.com\/wp-content\/uploads\/2018\/04\/eyrignac_pagode_chinoise_\u00a9jerome_morel-150x150.jpg\" class=\"attachment-thumbnail size-thumbnail\" alt=\"Pagode Chinoise \u00a9J\u00e9rome Morel\" srcset=\"https:\/\/www.eyrignac.com\/wp-content\/uploads\/2018\/04\/eyrignac_pagode_chinoise_\u00a9jerome_morel-150x150.jpg 150w, https:\/\/www.eyrignac.com\/wp-content\/uploads\/2018\/04\/eyrignac_pagode_chinoise_\u00a9jerome_morel-400x400.jpg 400w, https:\/\/www.eyrignac.com\/wp-content\/uploads\/2018\/04\/eyrignac_pagode_chinoise_\u00a9jerome_morel-100x100.jpg 100w, https:\/\/www.eyrignac.com\/wp-content\/uploads\/2018\/04\/eyrignac_pagode_chinoise_\u00a9jerome_morel-450x450.jpg 450w\" sizes=\"(max-width: 150px) 100vw, 150px\" \/><\/a>\n\t\t\t<\/dt><\/dl><br style=\"clear: both\" \/><dl class='gallery-item'>\n\t\t\t<dt class='gallery-icon landscape'>\n\t\t\t\t<a href='https:\/\/www.eyrignac.com\/wp-content\/uploads\/2018\/04\/eyrignac_pavillon_repos_\u00a9jerome_morel-2.jpg' target=\"_blank\"><img decoding=\"async\" width=\"150\" height=\"150\" src=\"https:\/\/www.eyrignac.com\/wp-content\/uploads\/2018\/04\/eyrignac_pavillon_repos_\u00a9jerome_morel-2-150x150.jpg\" class=\"attachment-thumbnail size-thumbnail\" alt=\"Pavillon de repos \u00a9J\u00e9rome Morel\" srcset=\"https:\/\/www.eyrignac.com\/wp-content\/uploads\/2018\/04\/eyrignac_pavillon_repos_\u00a9jerome_morel-2-150x150.jpg 150w, https:\/\/www.eyrignac.com\/wp-content\/uploads\/2018\/04\/eyrignac_pavillon_repos_\u00a9jerome_morel-2-400x400.jpg 400w, https:\/\/www.eyrignac.com\/wp-content\/uploads\/2018\/04\/eyrignac_pavillon_repos_\u00a9jerome_morel-2-100x100.jpg 100w, https:\/\/www.eyrignac.com\/wp-content\/uploads\/2018\/04\/eyrignac_pavillon_repos_\u00a9jerome_morel-2-450x450.jpg 450w\" sizes=\"(max-width: 150px) 100vw, 150px\" \/><\/a>\n\t\t\t<\/dt><\/dl><dl class='gallery-item'>\n\t\t\t<dt class='gallery-icon landscape'>\n\t\t\t\t<a href='https:\/\/www.eyrignac.com\/wp-content\/uploads\/2018\/04\/eyrignac_pavillon_repos_\u00a9jerome_morel.jpg' target=\"_blank\"><img decoding=\"async\" width=\"150\" height=\"150\" src=\"https:\/\/www.eyrignac.com\/wp-content\/uploads\/2018\/04\/eyrignac_pavillon_repos_\u00a9jerome_morel-150x150.jpg\" class=\"attachment-thumbnail size-thumbnail\" alt=\"Pavillon de repos \u00a9J\u00e9rome Morel\" srcset=\"https:\/\/www.eyrignac.com\/wp-content\/uploads\/2018\/04\/eyrignac_pavillon_repos_\u00a9jerome_morel-150x150.jpg 150w, https:\/\/www.eyrignac.com\/wp-content\/uploads\/2018\/04\/eyrignac_pavillon_repos_\u00a9jerome_morel-400x400.jpg 400w, https:\/\/www.eyrignac.com\/wp-content\/uploads\/2018\/04\/eyrignac_pavillon_repos_\u00a9jerome_morel-100x100.jpg 100w, https:\/\/www.eyrignac.com\/wp-content\/uploads\/2018\/04\/eyrignac_pavillon_repos_\u00a9jerome_morel-450x450.jpg 450w\" sizes=\"(max-width: 150px) 100vw, 150px\" \/><\/a>\n\t\t\t<\/dt><\/dl><dl class='gallery-item'>\n\t\t\t<dt class='gallery-icon landscape'>\n\t\t\t\t<a href='https:\/\/www.eyrignac.com\/wp-content\/uploads\/2018\/01\/eyrignac_jardins_eric_sander_allee_charmes_web.jpg' target=\"_blank\"><img decoding=\"async\" width=\"150\" height=\"150\" src=\"https:\/\/www.eyrignac.com\/wp-content\/uploads\/2018\/01\/eyrignac_jardins_eric_sander_allee_charmes_web-150x150.jpg\" class=\"attachment-thumbnail size-thumbnail\" alt=\"Vue a\u00e9rienne rapproch\u00e9e de l&#039;All\u00e9e des Charmes \u00e0 Eyrignac\" srcset=\"https:\/\/www.eyrignac.com\/wp-content\/uploads\/2018\/01\/eyrignac_jardins_eric_sander_allee_charmes_web-150x150.jpg 150w, https:\/\/www.eyrignac.com\/wp-content\/uploads\/2018\/01\/eyrignac_jardins_eric_sander_allee_charmes_web-400x400.jpg 400w, https:\/\/www.eyrignac.com\/wp-content\/uploads\/2018\/01\/eyrignac_jardins_eric_sander_allee_charmes_web-100x100.jpg 100w, https:\/\/www.eyrignac.com\/wp-content\/uploads\/2018\/01\/eyrignac_jardins_eric_sander_allee_charmes_web-450x450.jpg 450w, https:\/\/www.eyrignac.com\/wp-content\/uploads\/2018\/01\/eyrignac_jardins_eric_sander_allee_charmes_web-500x500.jpg 500w\" sizes=\"(max-width: 150px) 100vw, 150px\" \/><\/a>\n\t\t\t<\/dt><\/dl>\n\t\t\t<br style='clear: both' \/>\n\t\t<\/div>\n\n<p>[\/vc_column_text][vc_btn title=\u00a0\u00bbT\u00e9l\u00e9charger le dossier en HD\u00a0\u00bb style=\u00a0\u00bbclassic\u00a0\u00bb shape=\u00a0\u00bbsquare\u00a0\u00bb color=\u00a0\u00bbwhite\u00a0\u00bb align=\u00a0\u00bbcenter\u00a0\u00bb i_align=\u00a0\u00bbright\u00a0\u00bb i_icon_fontawesome=\u00a0\u00bbfa fa-play\u00a0\u00bb button_block=\u00a0\u00bbtrue\u00a0\u00bb add_icon=\u00a0\u00bbtrue\u00a0\u00bb link=\u00a0\u00bburl:https%3A%2F%2Fwww.dropbox.com%2Fsh%2F6zhy04i5pi6oetq%2FAABaThDX52WEto-bTF6xlfHga%3Fdl%3D0||target:%20_blank|\u00a0\u00bb el_class=\u00a0\u00bbor\u00a0\u00bb][vc_column_text el_class=\u00a0\u00bbtitre-actu-home\u00a0\u00bb]<\/p>\n<h2 class=\"itemTitle\" style=\"text-align: center;\">Les Jardins Champ\u00eatres<\/h2>\n<p>[\/vc_column_text][vc_column_text]<\/p>\n\n\t\t<style type=\"text\/css\">\n\t\t\t#gallery-2 {\n\t\t\t\tmargin: auto;\n\t\t\t}\n\t\t\t#gallery-2 .gallery-item {\n\t\t\t\tfloat: left;\n\t\t\t\tmargin-top: 10px;\n\t\t\t\ttext-align: center;\n\t\t\t\twidth: 20%;\n\t\t\t}\n\t\t\t#gallery-2 img {\n\t\t\t\tborder: 2px solid #cfcfcf;\n\t\t\t}\n\t\t\t#gallery-2 .gallery-caption {\n\t\t\t\tmargin-left: 0;\n\t\t\t}\n\t\t\t\/* see gallery_shortcode() in wp-includes\/media.php *\/\n\t\t<\/style>\n\t\t<div id='gallery-2' class='gallery galleryid-1286 gallery-columns-5 gallery-size-thumbnail'><dl class='gallery-item'>\n\t\t\t<dt class='gallery-icon landscape'>\n\t\t\t\t<a href='https:\/\/www.eyrignac.com\/wp-content\/uploads\/2018\/04\/eyrignac_jardin_sources.jpg' target=\"_blank\"><img decoding=\"async\" width=\"150\" height=\"150\" src=\"https:\/\/www.eyrignac.com\/wp-content\/uploads\/2018\/04\/eyrignac_jardin_sources-150x150.jpg\" class=\"attachment-thumbnail size-thumbnail\" alt=\"Jardin des Sources\" srcset=\"https:\/\/www.eyrignac.com\/wp-content\/uploads\/2018\/04\/eyrignac_jardin_sources-150x150.jpg 150w, https:\/\/www.eyrignac.com\/wp-content\/uploads\/2018\/04\/eyrignac_jardin_sources-400x400.jpg 400w, https:\/\/www.eyrignac.com\/wp-content\/uploads\/2018\/04\/eyrignac_jardin_sources-100x100.jpg 100w, https:\/\/www.eyrignac.com\/wp-content\/uploads\/2018\/04\/eyrignac_jardin_sources-450x450.jpg 450w\" sizes=\"(max-width: 150px) 100vw, 150px\" \/><\/a>\n\t\t\t<\/dt><\/dl><dl class='gallery-item'>\n\t\t\t<dt class='gallery-icon landscape'>\n\t\t\t\t<a href='https:\/\/www.eyrignac.com\/wp-content\/uploads\/2018\/04\/eyrignac_basse_cour_topiaires\u00a9Jerome_Morel.jpg' target=\"_blank\"><img decoding=\"async\" width=\"150\" height=\"150\" src=\"https:\/\/www.eyrignac.com\/wp-content\/uploads\/2018\/04\/eyrignac_basse_cour_topiaires\u00a9Jerome_Morel-150x150.jpg\" class=\"attachment-thumbnail size-thumbnail\" alt=\"Basse-cour de topiaires \u00a9J\u00e9rome Morel\" srcset=\"https:\/\/www.eyrignac.com\/wp-content\/uploads\/2018\/04\/eyrignac_basse_cour_topiaires\u00a9Jerome_Morel-150x150.jpg 150w, https:\/\/www.eyrignac.com\/wp-content\/uploads\/2018\/04\/eyrignac_basse_cour_topiaires\u00a9Jerome_Morel-400x400.jpg 400w, https:\/\/www.eyrignac.com\/wp-content\/uploads\/2018\/04\/eyrignac_basse_cour_topiaires\u00a9Jerome_Morel-100x100.jpg 100w, https:\/\/www.eyrignac.com\/wp-content\/uploads\/2018\/04\/eyrignac_basse_cour_topiaires\u00a9Jerome_Morel-450x450.jpg 450w\" sizes=\"(max-width: 150px) 100vw, 150px\" \/><\/a>\n\t\t\t<\/dt><\/dl><dl class='gallery-item'>\n\t\t\t<dt class='gallery-icon landscape'>\n\t\t\t\t<a href='https:\/\/www.eyrignac.com\/wp-content\/uploads\/2018\/04\/Jardin_potager\u00a9Jerome_Morel.jpg' target=\"_blank\"><img decoding=\"async\" width=\"150\" height=\"150\" src=\"https:\/\/www.eyrignac.com\/wp-content\/uploads\/2018\/04\/Jardin_potager\u00a9Jerome_Morel-150x150.jpg\" class=\"attachment-thumbnail size-thumbnail\" alt=\"Jardin Potager \u00a9J\u00e9rome Morel\" srcset=\"https:\/\/www.eyrignac.com\/wp-content\/uploads\/2018\/04\/Jardin_potager\u00a9Jerome_Morel-150x150.jpg 150w, https:\/\/www.eyrignac.com\/wp-content\/uploads\/2018\/04\/Jardin_potager\u00a9Jerome_Morel-400x400.jpg 400w, https:\/\/www.eyrignac.com\/wp-content\/uploads\/2018\/04\/Jardin_potager\u00a9Jerome_Morel-100x100.jpg 100w, https:\/\/www.eyrignac.com\/wp-content\/uploads\/2018\/04\/Jardin_potager\u00a9Jerome_Morel-450x450.jpg 450w\" sizes=\"(max-width: 150px) 100vw, 150px\" \/><\/a>\n\t\t\t<\/dt><\/dl><dl class='gallery-item'>\n\t\t\t<dt class='gallery-icon landscape'>\n\t\t\t\t<a href='https:\/\/www.eyrignac.com\/wp-content\/uploads\/2018\/04\/eyrignac_jardin_potager.jpg' target=\"_blank\"><img decoding=\"async\" width=\"150\" height=\"150\" src=\"https:\/\/www.eyrignac.com\/wp-content\/uploads\/2018\/04\/eyrignac_jardin_potager-150x150.jpg\" class=\"attachment-thumbnail size-thumbnail\" alt=\"Jardin Potager\" srcset=\"https:\/\/www.eyrignac.com\/wp-content\/uploads\/2018\/04\/eyrignac_jardin_potager-150x150.jpg 150w, https:\/\/www.eyrignac.com\/wp-content\/uploads\/2018\/04\/eyrignac_jardin_potager-400x400.jpg 400w, https:\/\/www.eyrignac.com\/wp-content\/uploads\/2018\/04\/eyrignac_jardin_potager-100x100.jpg 100w, https:\/\/www.eyrignac.com\/wp-content\/uploads\/2018\/04\/eyrignac_jardin_potager-450x450.jpg 450w, https:\/\/www.eyrignac.com\/wp-content\/uploads\/2018\/04\/eyrignac_jardin_potager-500x500.jpg 500w\" sizes=\"(max-width: 150px) 100vw, 150px\" \/><\/a>\n\t\t\t<\/dt><\/dl><dl class='gallery-item'>\n\t\t\t<dt class='gallery-icon landscape'>\n\t\t\t\t<a href='https:\/\/www.eyrignac.com\/wp-content\/uploads\/2018\/04\/eyrignac_jardin_fleuriste-.jpg' target=\"_blank\"><img decoding=\"async\" width=\"150\" height=\"150\" src=\"https:\/\/www.eyrignac.com\/wp-content\/uploads\/2018\/04\/eyrignac_jardin_fleuriste--150x150.jpg\" class=\"attachment-thumbnail size-thumbnail\" alt=\"Jardin Fleuriste\" srcset=\"https:\/\/www.eyrignac.com\/wp-content\/uploads\/2018\/04\/eyrignac_jardin_fleuriste--150x150.jpg 150w, https:\/\/www.eyrignac.com\/wp-content\/uploads\/2018\/04\/eyrignac_jardin_fleuriste--400x400.jpg 400w, https:\/\/www.eyrignac.com\/wp-content\/uploads\/2018\/04\/eyrignac_jardin_fleuriste--100x100.jpg 100w, https:\/\/www.eyrignac.com\/wp-content\/uploads\/2018\/04\/eyrignac_jardin_fleuriste--450x450.jpg 450w\" sizes=\"(max-width: 150px) 100vw, 150px\" \/><\/a>\n\t\t\t<\/dt><\/dl><br style=\"clear: both\" \/><dl class='gallery-item'>\n\t\t\t<dt class='gallery-icon landscape'>\n\t\t\t\t<a href='https:\/\/www.eyrignac.com\/wp-content\/uploads\/2018\/04\/Jardin_fleuriste2\u00a9Jerome_Morel.jpg' target=\"_blank\"><img decoding=\"async\" width=\"150\" height=\"150\" src=\"https:\/\/www.eyrignac.com\/wp-content\/uploads\/2018\/04\/Jardin_fleuriste2\u00a9Jerome_Morel-150x150.jpg\" class=\"attachment-thumbnail size-thumbnail\" alt=\"Jardin Fleuriste \u00a9J\u00e9rome Morel\" srcset=\"https:\/\/www.eyrignac.com\/wp-content\/uploads\/2018\/04\/Jardin_fleuriste2\u00a9Jerome_Morel-150x150.jpg 150w, https:\/\/www.eyrignac.com\/wp-content\/uploads\/2018\/04\/Jardin_fleuriste2\u00a9Jerome_Morel-400x400.jpg 400w, https:\/\/www.eyrignac.com\/wp-content\/uploads\/2018\/04\/Jardin_fleuriste2\u00a9Jerome_Morel-100x100.jpg 100w, https:\/\/www.eyrignac.com\/wp-content\/uploads\/2018\/04\/Jardin_fleuriste2\u00a9Jerome_Morel-450x450.jpg 450w\" sizes=\"(max-width: 150px) 100vw, 150px\" \/><\/a>\n\t\t\t<\/dt><\/dl><dl class='gallery-item'>\n\t\t\t<dt class='gallery-icon landscape'>\n\t\t\t\t<a href='https:\/\/www.eyrignac.com\/wp-content\/uploads\/2018\/04\/jardin_fleuriste\u00a9Jerome_Morel.jpg' target=\"_blank\"><img decoding=\"async\" width=\"150\" height=\"150\" src=\"https:\/\/www.eyrignac.com\/wp-content\/uploads\/2018\/04\/jardin_fleuriste\u00a9Jerome_Morel-150x150.jpg\" class=\"attachment-thumbnail size-thumbnail\" alt=\"Jardin Fleuriste \u00a9J\u00e9rome Morel\" srcset=\"https:\/\/www.eyrignac.com\/wp-content\/uploads\/2018\/04\/jardin_fleuriste\u00a9Jerome_Morel-150x150.jpg 150w, https:\/\/www.eyrignac.com\/wp-content\/uploads\/2018\/04\/jardin_fleuriste\u00a9Jerome_Morel-400x400.jpg 400w, https:\/\/www.eyrignac.com\/wp-content\/uploads\/2018\/04\/jardin_fleuriste\u00a9Jerome_Morel-100x100.jpg 100w, https:\/\/www.eyrignac.com\/wp-content\/uploads\/2018\/04\/jardin_fleuriste\u00a9Jerome_Morel-450x450.jpg 450w\" sizes=\"(max-width: 150px) 100vw, 150px\" \/><\/a>\n\t\t\t<\/dt><\/dl><dl class='gallery-item'>\n\t\t\t<dt class='gallery-icon landscape'>\n\t\t\t\t<a href='https:\/\/www.eyrignac.com\/wp-content\/uploads\/2018\/04\/Jardin_sources_\u00a9Jerome_Morel.jpg' target=\"_blank\"><img decoding=\"async\" width=\"150\" height=\"150\" src=\"https:\/\/www.eyrignac.com\/wp-content\/uploads\/2018\/04\/Jardin_sources_\u00a9Jerome_Morel-150x150.jpg\" class=\"attachment-thumbnail size-thumbnail\" alt=\"Jardin des Sources \u00a9J\u00e9rome Morel\" srcset=\"https:\/\/www.eyrignac.com\/wp-content\/uploads\/2018\/04\/Jardin_sources_\u00a9Jerome_Morel-150x150.jpg 150w, https:\/\/www.eyrignac.com\/wp-content\/uploads\/2018\/04\/Jardin_sources_\u00a9Jerome_Morel-400x400.jpg 400w, https:\/\/www.eyrignac.com\/wp-content\/uploads\/2018\/04\/Jardin_sources_\u00a9Jerome_Morel-100x100.jpg 100w, https:\/\/www.eyrignac.com\/wp-content\/uploads\/2018\/04\/Jardin_sources_\u00a9Jerome_Morel-450x450.jpg 450w\" sizes=\"(max-width: 150px) 100vw, 150px\" \/><\/a>\n\t\t\t<\/dt><\/dl><dl class='gallery-item'>\n\t\t\t<dt class='gallery-icon landscape'>\n\t\t\t\t<a href='https:\/\/www.eyrignac.com\/wp-content\/uploads\/2018\/04\/Jardin_des_sources\u00a9Dan_Courtice.jpg' target=\"_blank\"><img decoding=\"async\" width=\"150\" height=\"150\" src=\"https:\/\/www.eyrignac.com\/wp-content\/uploads\/2018\/04\/Jardin_des_sources\u00a9Dan_Courtice-150x150.jpg\" class=\"attachment-thumbnail size-thumbnail\" alt=\"Jardin des Sources \u00a9Dan Courtice\" srcset=\"https:\/\/www.eyrignac.com\/wp-content\/uploads\/2018\/04\/Jardin_des_sources\u00a9Dan_Courtice-150x150.jpg 150w, https:\/\/www.eyrignac.com\/wp-content\/uploads\/2018\/04\/Jardin_des_sources\u00a9Dan_Courtice-400x400.jpg 400w, https:\/\/www.eyrignac.com\/wp-content\/uploads\/2018\/04\/Jardin_des_sources\u00a9Dan_Courtice-100x100.jpg 100w, https:\/\/www.eyrignac.com\/wp-content\/uploads\/2018\/04\/Jardin_des_sources\u00a9Dan_Courtice-450x450.jpg 450w\" sizes=\"(max-width: 150px) 100vw, 150px\" \/><\/a>\n\t\t\t<\/dt><\/dl><dl class='gallery-item'>\n\t\t\t<dt class='gallery-icon landscape'>\n\t\t\t\t<a href='https:\/\/www.eyrignac.com\/wp-content\/uploads\/2018\/04\/Jardin_fleuriste\u00a9Dan_Courtice.jpg' target=\"_blank\"><img decoding=\"async\" width=\"150\" height=\"150\" src=\"https:\/\/www.eyrignac.com\/wp-content\/uploads\/2018\/04\/Jardin_fleuriste\u00a9Dan_Courtice-150x150.jpg\" class=\"attachment-thumbnail size-thumbnail\" alt=\"Jardin Fleuriste \u00a9Dan Courtice\" srcset=\"https:\/\/www.eyrignac.com\/wp-content\/uploads\/2018\/04\/Jardin_fleuriste\u00a9Dan_Courtice-150x150.jpg 150w, https:\/\/www.eyrignac.com\/wp-content\/uploads\/2018\/04\/Jardin_fleuriste\u00a9Dan_Courtice-400x400.jpg 400w, https:\/\/www.eyrignac.com\/wp-content\/uploads\/2018\/04\/Jardin_fleuriste\u00a9Dan_Courtice-100x100.jpg 100w, https:\/\/www.eyrignac.com\/wp-content\/uploads\/2018\/04\/Jardin_fleuriste\u00a9Dan_Courtice-450x450.jpg 450w\" sizes=\"(max-width: 150px) 100vw, 150px\" \/><\/a>\n\t\t\t<\/dt><\/dl><br style=\"clear: both\" \/>\n\t\t<\/div>\n\n<p>[\/vc_column_text][vc_btn title=\u00a0\u00bbT\u00e9l\u00e9charger le dossier en HD\u00a0\u00bb style=\u00a0\u00bbclassic\u00a0\u00bb shape=\u00a0\u00bbsquare\u00a0\u00bb color=\u00a0\u00bbwhite\u00a0\u00bb align=\u00a0\u00bbcenter\u00a0\u00bb i_align=\u00a0\u00bbright\u00a0\u00bb i_icon_fontawesome=\u00a0\u00bbfa fa-play\u00a0\u00bb button_block=\u00a0\u00bbtrue\u00a0\u00bb add_icon=\u00a0\u00bbtrue\u00a0\u00bb link=\u00a0\u00bburl:https%3A%2F%2Fwww.dropbox.com%2Fsh%2F8ndcefzc7i9s0rs%2FAADxQ41seuRbMeeP6FHr0BTda%3Fdl%3D0||target:%20_blank|\u00a0\u00bb el_class=\u00a0\u00bbor\u00a0\u00bb][vc_column_text el_class=\u00a0\u00bbtitre-actu-home\u00a0\u00bb]<\/p>\n<h2 class=\"itemTitle\" style=\"text-align: center;\">Les Pique-Niques blancs de l&rsquo;\u00e9t\u00e9<\/h2>\n<p>[\/vc_column_text][vc_column_text]<\/p>\n\n\t\t<style type=\"text\/css\">\n\t\t\t#gallery-3 {\n\t\t\t\tmargin: auto;\n\t\t\t}\n\t\t\t#gallery-3 .gallery-item {\n\t\t\t\tfloat: left;\n\t\t\t\tmargin-top: 10px;\n\t\t\t\ttext-align: center;\n\t\t\t\twidth: 16%;\n\t\t\t}\n\t\t\t#gallery-3 img {\n\t\t\t\tborder: 2px solid #cfcfcf;\n\t\t\t}\n\t\t\t#gallery-3 .gallery-caption {\n\t\t\t\tmargin-left: 0;\n\t\t\t}\n\t\t\t\/* see gallery_shortcode() in wp-includes\/media.php *\/\n\t\t<\/style>\n\t\t<div id='gallery-3' class='gallery galleryid-1286 gallery-columns-6 gallery-size-thumbnail'><dl class='gallery-item'>\n\t\t\t<dt class='gallery-icon landscape'>\n\t\t\t\t<a href='https:\/\/www.eyrignac.com\/wp-content\/uploads\/2018\/04\/eyrignac_pique_nique_4_hd_\u00a9Jerome_Morel.jpg' target=\"_blank\"><img decoding=\"async\" width=\"150\" height=\"150\" src=\"https:\/\/www.eyrignac.com\/wp-content\/uploads\/2018\/04\/eyrignac_pique_nique_4_hd_\u00a9Jerome_Morel-150x150.jpg\" class=\"attachment-thumbnail size-thumbnail\" alt=\"Pique-Nique Blanc \u00a9J\u00e9rome Morel\" srcset=\"https:\/\/www.eyrignac.com\/wp-content\/uploads\/2018\/04\/eyrignac_pique_nique_4_hd_\u00a9Jerome_Morel-150x150.jpg 150w, https:\/\/www.eyrignac.com\/wp-content\/uploads\/2018\/04\/eyrignac_pique_nique_4_hd_\u00a9Jerome_Morel-400x400.jpg 400w, https:\/\/www.eyrignac.com\/wp-content\/uploads\/2018\/04\/eyrignac_pique_nique_4_hd_\u00a9Jerome_Morel-100x100.jpg 100w, https:\/\/www.eyrignac.com\/wp-content\/uploads\/2018\/04\/eyrignac_pique_nique_4_hd_\u00a9Jerome_Morel-450x450.jpg 450w\" sizes=\"(max-width: 150px) 100vw, 150px\" \/><\/a>\n\t\t\t<\/dt><\/dl><dl class='gallery-item'>\n\t\t\t<dt class='gallery-icon landscape'>\n\t\t\t\t<a href='https:\/\/www.eyrignac.com\/wp-content\/uploads\/2018\/04\/eyrignac_pique_nique_3_hd_\u00a9Jerome_Morel.jpg' target=\"_blank\"><img decoding=\"async\" width=\"150\" height=\"150\" src=\"https:\/\/www.eyrignac.com\/wp-content\/uploads\/2018\/04\/eyrignac_pique_nique_3_hd_\u00a9Jerome_Morel-150x150.jpg\" class=\"attachment-thumbnail size-thumbnail\" alt=\"Pique-Nique Blanc \u00a9J\u00e9rome Morel\" srcset=\"https:\/\/www.eyrignac.com\/wp-content\/uploads\/2018\/04\/eyrignac_pique_nique_3_hd_\u00a9Jerome_Morel-150x150.jpg 150w, https:\/\/www.eyrignac.com\/wp-content\/uploads\/2018\/04\/eyrignac_pique_nique_3_hd_\u00a9Jerome_Morel-400x400.jpg 400w, https:\/\/www.eyrignac.com\/wp-content\/uploads\/2018\/04\/eyrignac_pique_nique_3_hd_\u00a9Jerome_Morel-100x100.jpg 100w, https:\/\/www.eyrignac.com\/wp-content\/uploads\/2018\/04\/eyrignac_pique_nique_3_hd_\u00a9Jerome_Morel-450x450.jpg 450w\" sizes=\"(max-width: 150px) 100vw, 150px\" \/><\/a>\n\t\t\t<\/dt><\/dl><dl class='gallery-item'>\n\t\t\t<dt class='gallery-icon landscape'>\n\t\t\t\t<a href='https:\/\/www.eyrignac.com\/wp-content\/uploads\/2018\/04\/eyrignac_pique_nique_2_hd_\u00a9Jerome_Morel.jpg' target=\"_blank\"><img decoding=\"async\" width=\"150\" height=\"150\" src=\"https:\/\/www.eyrignac.com\/wp-content\/uploads\/2018\/04\/eyrignac_pique_nique_2_hd_\u00a9Jerome_Morel-150x150.jpg\" class=\"attachment-thumbnail size-thumbnail\" alt=\"Pique-Nique Blanc \u00a9J\u00e9rome Morel\" srcset=\"https:\/\/www.eyrignac.com\/wp-content\/uploads\/2018\/04\/eyrignac_pique_nique_2_hd_\u00a9Jerome_Morel-150x150.jpg 150w, https:\/\/www.eyrignac.com\/wp-content\/uploads\/2018\/04\/eyrignac_pique_nique_2_hd_\u00a9Jerome_Morel-400x400.jpg 400w, https:\/\/www.eyrignac.com\/wp-content\/uploads\/2018\/04\/eyrignac_pique_nique_2_hd_\u00a9Jerome_Morel-100x100.jpg 100w, https:\/\/www.eyrignac.com\/wp-content\/uploads\/2018\/04\/eyrignac_pique_nique_2_hd_\u00a9Jerome_Morel-450x450.jpg 450w\" sizes=\"(max-width: 150px) 100vw, 150px\" \/><\/a>\n\t\t\t<\/dt><\/dl><dl class='gallery-item'>\n\t\t\t<dt class='gallery-icon landscape'>\n\t\t\t\t<a href='https:\/\/www.eyrignac.com\/wp-content\/uploads\/2018\/04\/eyrignac_pique_nique_hd_\u00a9Jerome_Morel.jpg' target=\"_blank\"><img decoding=\"async\" width=\"150\" height=\"150\" src=\"https:\/\/www.eyrignac.com\/wp-content\/uploads\/2018\/04\/eyrignac_pique_nique_hd_\u00a9Jerome_Morel-150x150.jpg\" class=\"attachment-thumbnail size-thumbnail\" alt=\"Pique-Nique Blanc \u00a9J\u00e9rome Morel\" srcset=\"https:\/\/www.eyrignac.com\/wp-content\/uploads\/2018\/04\/eyrignac_pique_nique_hd_\u00a9Jerome_Morel-150x150.jpg 150w, https:\/\/www.eyrignac.com\/wp-content\/uploads\/2018\/04\/eyrignac_pique_nique_hd_\u00a9Jerome_Morel-400x400.jpg 400w, https:\/\/www.eyrignac.com\/wp-content\/uploads\/2018\/04\/eyrignac_pique_nique_hd_\u00a9Jerome_Morel-100x100.jpg 100w, https:\/\/www.eyrignac.com\/wp-content\/uploads\/2018\/04\/eyrignac_pique_nique_hd_\u00a9Jerome_Morel-450x450.jpg 450w\" sizes=\"(max-width: 150px) 100vw, 150px\" \/><\/a>\n\t\t\t<\/dt><\/dl><dl class='gallery-item'>\n\t\t\t<dt class='gallery-icon landscape'>\n\t\t\t\t<a href='https:\/\/www.eyrignac.com\/wp-content\/uploads\/2018\/04\/eyrignac_pique_nique_6_hd_\u00a9Jerome_Morel.jpg' target=\"_blank\"><img decoding=\"async\" width=\"150\" height=\"150\" src=\"https:\/\/www.eyrignac.com\/wp-content\/uploads\/2018\/04\/eyrignac_pique_nique_6_hd_\u00a9Jerome_Morel-150x150.jpg\" class=\"attachment-thumbnail size-thumbnail\" alt=\"Pique-Nique Blanc \u00a9J\u00e9rome Morel\" srcset=\"https:\/\/www.eyrignac.com\/wp-content\/uploads\/2018\/04\/eyrignac_pique_nique_6_hd_\u00a9Jerome_Morel-150x150.jpg 150w, https:\/\/www.eyrignac.com\/wp-content\/uploads\/2018\/04\/eyrignac_pique_nique_6_hd_\u00a9Jerome_Morel-400x400.jpg 400w, https:\/\/www.eyrignac.com\/wp-content\/uploads\/2018\/04\/eyrignac_pique_nique_6_hd_\u00a9Jerome_Morel-100x100.jpg 100w, https:\/\/www.eyrignac.com\/wp-content\/uploads\/2018\/04\/eyrignac_pique_nique_6_hd_\u00a9Jerome_Morel-450x450.jpg 450w\" sizes=\"(max-width: 150px) 100vw, 150px\" \/><\/a>\n\t\t\t<\/dt><\/dl><dl class='gallery-item'>\n\t\t\t<dt class='gallery-icon landscape'>\n\t\t\t\t<a href='https:\/\/www.eyrignac.com\/wp-content\/uploads\/2018\/04\/eyrignac_pique_nique_5_hd_\u00a9Jerome_Morel.jpg' target=\"_blank\"><img decoding=\"async\" width=\"150\" height=\"150\" src=\"https:\/\/www.eyrignac.com\/wp-content\/uploads\/2018\/04\/eyrignac_pique_nique_5_hd_\u00a9Jerome_Morel-150x150.jpg\" class=\"attachment-thumbnail size-thumbnail\" alt=\"Pique-Nique Blanc \u00a9J\u00e9rome Morel\" srcset=\"https:\/\/www.eyrignac.com\/wp-content\/uploads\/2018\/04\/eyrignac_pique_nique_5_hd_\u00a9Jerome_Morel-150x150.jpg 150w, https:\/\/www.eyrignac.com\/wp-content\/uploads\/2018\/04\/eyrignac_pique_nique_5_hd_\u00a9Jerome_Morel-400x400.jpg 400w, https:\/\/www.eyrignac.com\/wp-content\/uploads\/2018\/04\/eyrignac_pique_nique_5_hd_\u00a9Jerome_Morel-100x100.jpg 100w, https:\/\/www.eyrignac.com\/wp-content\/uploads\/2018\/04\/eyrignac_pique_nique_5_hd_\u00a9Jerome_Morel-450x450.jpg 450w\" sizes=\"(max-width: 150px) 100vw, 150px\" \/><\/a>\n\t\t\t<\/dt><\/dl><br style=\"clear: both\" \/>\n\t\t<\/div>\n\n<p>[\/vc_column_text][vc_btn title=\u00a0\u00bbT\u00e9l\u00e9charger le dossier en HD\u00a0\u00bb style=\u00a0\u00bbclassic\u00a0\u00bb shape=\u00a0\u00bbsquare\u00a0\u00bb color=\u00a0\u00bbwhite\u00a0\u00bb align=\u00a0\u00bbcenter\u00a0\u00bb i_align=\u00a0\u00bbright\u00a0\u00bb i_icon_fontawesome=\u00a0\u00bbfa fa-play\u00a0\u00bb button_block=\u00a0\u00bbtrue\u00a0\u00bb add_icon=\u00a0\u00bbtrue\u00a0\u00bb link=\u00a0\u00bburl:https%3A%2F%2Fwww.dropbox.com%2Fsh%2F3q4770o3ptobgmc%2FAACpt0qxRhgeUTu9L12q31c8a%3Fdl%3D0||target:%20_blank|\u00a0\u00bb el_class=\u00a0\u00bbor\u00a0\u00bb][\/vc_column][\/vc_row]<\/p>\n<\/div>","protected":false},"excerpt":{"rendered":"[vc_row][vc_column][vc_column_text el_class=\u00a0\u00bbtitre-actu-home\u00a0\u00bb] Les Jardins de Verdure [\/vc_column_text][vc_column_text] [\/vc_column_text][vc_btn title=\u00a0\u00bbT\u00e9l\u00e9charger le dossier en HD\u00a0\u00bb style=\u00a0\u00bbclassic\u00a0\u00bb shape=\u00a0\u00bbsquare\u00a0\u00bb color=\u00a0\u00bbwhite\u00a0\u00bb align=\u00a0\u00bbcenter\u00a0\u00bb i_align=\u00a0\u00bbright\u00a0\u00bb i_icon_fontawesome=\u00a0\u00bbfa fa-play\u00a0\u00bb button_block=\u00a0\u00bbtrue\u00a0\u00bb add_icon=\u00a0\u00bbtrue\u00a0\u00bb link=\u00a0\u00bburl:https%3A%2F%2Fwww.dropbox.com%2Fsh%2F6zhy04i5pi6oetq%2FAABaThDX52WEto-bTF6xlfHga%3Fdl%3D0||target:%20_blank|\u00a0\u00bb el_class=\u00a0\u00bbor\u00a0\u00bb][vc_column_text el_class=\u00a0\u00bbtitre-actu-home\u00a0\u00bb] Les Jardins Champ\u00eatres [\/vc_column_text][vc_column_text] [\/vc_column_text][vc_btn title=\u00a0\u00bbT\u00e9l\u00e9charger le dossier en HD\u00a0\u00bb style=\u00a0\u00bbclassic\u00a0\u00bb shape=\u00a0\u00bbsquare\u00a0\u00bb color=\u00a0\u00bbwhite\u00a0\u00bb align=\u00a0\u00bbcenter\u00a0\u00bb i_align=\u00a0\u00bbright\u00a0\u00bb i_icon_fontawesome=\u00a0\u00bbfa fa-play\u00a0\u00bb button_block=\u00a0\u00bbtrue\u00a0\u00bb add_icon=\u00a0\u00bbtrue\u00a0\u00bb link=\u00a0\u00bburl:https%3A%2F%2Fwww.dropbox.com%2Fsh%2F8ndcefzc7i9s0rs%2FAADxQ41seuRbMeeP6FHr0BTda%3Fdl%3D0||target:%20_blank|\u00a0\u00bb el_class=\u00a0\u00bbor\u00a0\u00bb][vc_column_text el_class=\u00a0\u00bbtitre-actu-home\u00a0\u00bb] Les Pique-Niques blancs de l&rsquo;\u00e9t\u00e9 [\/vc_column_text][vc_column_text] [\/vc_column_text][vc_btn title=\u00a0\u00bbT\u00e9l\u00e9charger&#8230; <a class=\"view-article\" href=\"https:\/\/www.eyrignac.com\/fr\/phototheque\">Voir l&rsquo;article<\/a>","protected":false},"author":1,"featured_media":0,"parent":0,"menu_order":0,"comment_status":"closed","ping_status":"closed","template":"","meta":{"_acf_changed":false,"footnotes":""},"class_list":["post-1286","page","type-page","status-publish","hentry"],"acf":[],"yoast_head":"<!-- This site is optimized with the Yoast SEO plugin v27.5 - https:\/\/yoast.com\/product\/yoast-seo-wordpress\/ -->\n<title>Phototh\u00e8que - Eyrignac et ses jardins<\/title>\n<meta name=\"robots\" content=\"index, follow, max-snippet:-1, max-image-preview:large, max-video-preview:-1\" \/>\n<link rel=\"canonical\" href=\"https:\/\/www.eyrignac.com\/fr\/phototheque\" \/>\n<meta property=\"og:locale\" content=\"fr_FR\" \/>\n<meta property=\"og:type\" content=\"article\" \/>\n<meta property=\"og:title\" content=\"Phototh\u00e8que - Eyrignac et ses jardins\" \/>\n<meta property=\"og:description\" content=\"[vc_row][vc_column][vc_column_text el_class=\u00a0\u00bbtitre-actu-home\u00a0\u00bb] Les Jardins de Verdure [\/vc_column_text][vc_column_text] [\/vc_column_text][vc_btn title=\u00a0\u00bbT\u00e9l\u00e9charger le dossier en HD\u00a0\u00bb style=\u00a0\u00bbclassic\u00a0\u00bb shape=\u00a0\u00bbsquare\u00a0\u00bb color=\u00a0\u00bbwhite\u00a0\u00bb align=\u00a0\u00bbcenter\u00a0\u00bb i_align=\u00a0\u00bbright\u00a0\u00bb i_icon_fontawesome=\u00a0\u00bbfa fa-play\u00a0\u00bb button_block=\u00a0\u00bbtrue\u00a0\u00bb add_icon=\u00a0\u00bbtrue\u00a0\u00bb link=\u00a0\u00bburl:https%3A%2F%2Fwww.dropbox.com%2Fsh%2F6zhy04i5pi6oetq%2FAABaThDX52WEto-bTF6xlfHga%3Fdl%3D0||target:%20_blank|\u00a0\u00bb el_class=\u00a0\u00bbor\u00a0\u00bb][vc_column_text el_class=\u00a0\u00bbtitre-actu-home\u00a0\u00bb] Les Jardins Champ\u00eatres [\/vc_column_text][vc_column_text] [\/vc_column_text][vc_btn title=\u00a0\u00bbT\u00e9l\u00e9charger le dossier en HD\u00a0\u00bb style=\u00a0\u00bbclassic\u00a0\u00bb shape=\u00a0\u00bbsquare\u00a0\u00bb color=\u00a0\u00bbwhite\u00a0\u00bb align=\u00a0\u00bbcenter\u00a0\u00bb i_align=\u00a0\u00bbright\u00a0\u00bb i_icon_fontawesome=\u00a0\u00bbfa fa-play\u00a0\u00bb button_block=\u00a0\u00bbtrue\u00a0\u00bb add_icon=\u00a0\u00bbtrue\u00a0\u00bb link=\u00a0\u00bburl:https%3A%2F%2Fwww.dropbox.com%2Fsh%2F8ndcefzc7i9s0rs%2FAADxQ41seuRbMeeP6FHr0BTda%3Fdl%3D0||target:%20_blank|\u00a0\u00bb el_class=\u00a0\u00bbor\u00a0\u00bb][vc_column_text el_class=\u00a0\u00bbtitre-actu-home\u00a0\u00bb] Les Pique-Niques blancs de l&rsquo;\u00e9t\u00e9 [\/vc_column_text][vc_column_text] [\/vc_column_text][vc_btn title=\u00a0\u00bbT\u00e9l\u00e9charger... Voir l&#039;article\" \/>\n<meta property=\"og:url\" content=\"https:\/\/www.eyrignac.com\/fr\/phototheque\" \/>\n<meta property=\"og:site_name\" content=\"Eyrignac et ses jardins\" \/>\n<meta property=\"article:publisher\" content=\"https:\/\/www.facebook.com\/JardinsEyrignac\/\" \/>\n<meta property=\"article:modified_time\" content=\"2018-05-30T15:35:01+00:00\" \/>\n<meta name=\"twitter:card\" content=\"summary_large_image\" \/>\n<meta name=\"twitter:site\" content=\"@eyrignac\" \/>\n<meta name=\"twitter:label1\" content=\"Dur\u00e9e de lecture estim\u00e9e\" \/>\n\t<meta name=\"twitter:data1\" content=\"1 minute\" \/>\n<script type=\"application\/ld+json\" class=\"yoast-schema-graph\">{\"@context\":\"https:\\\/\\\/schema.org\",\"@graph\":[{\"@type\":\"WebPage\",\"@id\":\"https:\\\/\\\/www.eyrignac.com\\\/fr\\\/phototheque\",\"url\":\"https:\\\/\\\/www.eyrignac.com\\\/fr\\\/phototheque\",\"name\":\"Phototh\u00e8que - Eyrignac et ses jardins\",\"isPartOf\":{\"@id\":\"https:\\\/\\\/www.eyrignac.com\\\/fr\\\/#website\"},\"datePublished\":\"2018-03-23T20:50:00+00:00\",\"dateModified\":\"2018-05-30T15:35:01+00:00\",\"breadcrumb\":{\"@id\":\"https:\\\/\\\/www.eyrignac.com\\\/fr\\\/phototheque#breadcrumb\"},\"inLanguage\":\"fr-FR\",\"potentialAction\":[{\"@type\":\"ReadAction\",\"target\":[\"https:\\\/\\\/www.eyrignac.com\\\/fr\\\/phototheque\"]}]},{\"@type\":\"BreadcrumbList\",\"@id\":\"https:\\\/\\\/www.eyrignac.com\\\/fr\\\/phototheque#breadcrumb\",\"itemListElement\":[{\"@type\":\"ListItem\",\"position\":1,\"name\":\"Accueil\",\"item\":\"https:\\\/\\\/www.eyrignac.com\\\/fr\"},{\"@type\":\"ListItem\",\"position\":2,\"name\":\"Phototh\u00e8que\"}]},{\"@type\":\"WebSite\",\"@id\":\"https:\\\/\\\/www.eyrignac.com\\\/fr\\\/#website\",\"url\":\"https:\\\/\\\/www.eyrignac.com\\\/fr\\\/\",\"name\":\"Eyrignac et ses jardins\",\"description\":\"Lieu de verdure unique en Dordogne\",\"publisher\":{\"@id\":\"https:\\\/\\\/www.eyrignac.com\\\/fr\\\/#organization\"},\"potentialAction\":[{\"@type\":\"SearchAction\",\"target\":{\"@type\":\"EntryPoint\",\"urlTemplate\":\"https:\\\/\\\/www.eyrignac.com\\\/fr\\\/?s={search_term_string}\"},\"query-input\":{\"@type\":\"PropertyValueSpecification\",\"valueRequired\":true,\"valueName\":\"search_term_string\"}}],\"inLanguage\":\"fr-FR\"},{\"@type\":\"Organization\",\"@id\":\"https:\\\/\\\/www.eyrignac.com\\\/fr\\\/#organization\",\"name\":\"Eyrignac\",\"url\":\"https:\\\/\\\/www.eyrignac.com\\\/fr\\\/\",\"logo\":{\"@type\":\"ImageObject\",\"inLanguage\":\"fr-FR\",\"@id\":\"https:\\\/\\\/www.eyrignac.com\\\/fr\\\/#\\\/schema\\\/logo\\\/image\\\/\",\"url\":\"https:\\\/\\\/www.eyrignac.com\\\/wp-content\\\/uploads\\\/2017\\\/12\\\/logo-eyrignac.png\",\"contentUrl\":\"https:\\\/\\\/www.eyrignac.com\\\/wp-content\\\/uploads\\\/2017\\\/12\\\/logo-eyrignac.png\",\"width\":500,\"height\":189,\"caption\":\"Eyrignac\"},\"image\":{\"@id\":\"https:\\\/\\\/www.eyrignac.com\\\/fr\\\/#\\\/schema\\\/logo\\\/image\\\/\"},\"sameAs\":[\"https:\\\/\\\/www.facebook.com\\\/JardinsEyrignac\\\/\",\"https:\\\/\\\/x.com\\\/eyrignac\",\"https:\\\/\\\/www.instagram.com\\\/eyrignac\\\/\",\"https:\\\/\\\/www.pinterest.fr\\\/eyrignac\\\/\",\"https:\\\/\\\/www.youtube.com\\\/channel\\\/UCjWc47ArIew83eRXXjaBowg\"]}]}<\/script>\n<!-- \/ Yoast SEO plugin. -->","yoast_head_json":{"title":"Phototh\u00e8que - Eyrignac et ses jardins","robots":{"index":"index","follow":"follow","max-snippet":"max-snippet:-1","max-image-preview":"max-image-preview:large","max-video-preview":"max-video-preview:-1"},"canonical":"https:\/\/www.eyrignac.com\/fr\/phototheque","og_locale":"fr_FR","og_type":"article","og_title":"Phototh\u00e8que - Eyrignac et ses jardins","og_description":"[vc_row][vc_column][vc_column_text el_class=\u00a0\u00bbtitre-actu-home\u00a0\u00bb] Les Jardins de Verdure [\/vc_column_text][vc_column_text] [\/vc_column_text][vc_btn title=\u00a0\u00bbT\u00e9l\u00e9charger le dossier en HD\u00a0\u00bb style=\u00a0\u00bbclassic\u00a0\u00bb shape=\u00a0\u00bbsquare\u00a0\u00bb color=\u00a0\u00bbwhite\u00a0\u00bb align=\u00a0\u00bbcenter\u00a0\u00bb i_align=\u00a0\u00bbright\u00a0\u00bb i_icon_fontawesome=\u00a0\u00bbfa fa-play\u00a0\u00bb button_block=\u00a0\u00bbtrue\u00a0\u00bb add_icon=\u00a0\u00bbtrue\u00a0\u00bb link=\u00a0\u00bburl:https%3A%2F%2Fwww.dropbox.com%2Fsh%2F6zhy04i5pi6oetq%2FAABaThDX52WEto-bTF6xlfHga%3Fdl%3D0||target:%20_blank|\u00a0\u00bb el_class=\u00a0\u00bbor\u00a0\u00bb][vc_column_text el_class=\u00a0\u00bbtitre-actu-home\u00a0\u00bb] Les Jardins Champ\u00eatres [\/vc_column_text][vc_column_text] [\/vc_column_text][vc_btn title=\u00a0\u00bbT\u00e9l\u00e9charger le dossier en HD\u00a0\u00bb style=\u00a0\u00bbclassic\u00a0\u00bb shape=\u00a0\u00bbsquare\u00a0\u00bb color=\u00a0\u00bbwhite\u00a0\u00bb align=\u00a0\u00bbcenter\u00a0\u00bb i_align=\u00a0\u00bbright\u00a0\u00bb i_icon_fontawesome=\u00a0\u00bbfa fa-play\u00a0\u00bb button_block=\u00a0\u00bbtrue\u00a0\u00bb add_icon=\u00a0\u00bbtrue\u00a0\u00bb link=\u00a0\u00bburl:https%3A%2F%2Fwww.dropbox.com%2Fsh%2F8ndcefzc7i9s0rs%2FAADxQ41seuRbMeeP6FHr0BTda%3Fdl%3D0||target:%20_blank|\u00a0\u00bb el_class=\u00a0\u00bbor\u00a0\u00bb][vc_column_text el_class=\u00a0\u00bbtitre-actu-home\u00a0\u00bb] Les Pique-Niques blancs de l&rsquo;\u00e9t\u00e9 [\/vc_column_text][vc_column_text] [\/vc_column_text][vc_btn title=\u00a0\u00bbT\u00e9l\u00e9charger... Voir l'article","og_url":"https:\/\/www.eyrignac.com\/fr\/phototheque","og_site_name":"Eyrignac et ses jardins","article_publisher":"https:\/\/www.facebook.com\/JardinsEyrignac\/","article_modified_time":"2018-05-30T15:35:01+00:00","twitter_card":"summary_large_image","twitter_site":"@eyrignac","twitter_misc":{"Dur\u00e9e de lecture estim\u00e9e":"1 minute"},"schema":{"@context":"https:\/\/schema.org","@graph":[{"@type":"WebPage","@id":"https:\/\/www.eyrignac.com\/fr\/phototheque","url":"https:\/\/www.eyrignac.com\/fr\/phototheque","name":"Phototh\u00e8que - Eyrignac et ses jardins","isPartOf":{"@id":"https:\/\/www.eyrignac.com\/fr\/#website"},"datePublished":"2018-03-23T20:50:00+00:00","dateModified":"2018-05-30T15:35:01+00:00","breadcrumb":{"@id":"https:\/\/www.eyrignac.com\/fr\/phototheque#breadcrumb"},"inLanguage":"fr-FR","potentialAction":[{"@type":"ReadAction","target":["https:\/\/www.eyrignac.com\/fr\/phototheque"]}]},{"@type":"BreadcrumbList","@id":"https:\/\/www.eyrignac.com\/fr\/phototheque#breadcrumb","itemListElement":[{"@type":"ListItem","position":1,"name":"Accueil","item":"https:\/\/www.eyrignac.com\/fr"},{"@type":"ListItem","position":2,"name":"Phototh\u00e8que"}]},{"@type":"WebSite","@id":"https:\/\/www.eyrignac.com\/fr\/#website","url":"https:\/\/www.eyrignac.com\/fr\/","name":"Eyrignac et ses jardins","description":"Lieu de verdure unique en Dordogne","publisher":{"@id":"https:\/\/www.eyrignac.com\/fr\/#organization"},"potentialAction":[{"@type":"SearchAction","target":{"@type":"EntryPoint","urlTemplate":"https:\/\/www.eyrignac.com\/fr\/?s={search_term_string}"},"query-input":{"@type":"PropertyValueSpecification","valueRequired":true,"valueName":"search_term_string"}}],"inLanguage":"fr-FR"},{"@type":"Organization","@id":"https:\/\/www.eyrignac.com\/fr\/#organization","name":"Eyrignac","url":"https:\/\/www.eyrignac.com\/fr\/","logo":{"@type":"ImageObject","inLanguage":"fr-FR","@id":"https:\/\/www.eyrignac.com\/fr\/#\/schema\/logo\/image\/","url":"https:\/\/www.eyrignac.com\/wp-content\/uploads\/2017\/12\/logo-eyrignac.png","contentUrl":"https:\/\/www.eyrignac.com\/wp-content\/uploads\/2017\/12\/logo-eyrignac.png","width":500,"height":189,"caption":"Eyrignac"},"image":{"@id":"https:\/\/www.eyrignac.com\/fr\/#\/schema\/logo\/image\/"},"sameAs":["https:\/\/www.facebook.com\/JardinsEyrignac\/","https:\/\/x.com\/eyrignac","https:\/\/www.instagram.com\/eyrignac\/","https:\/\/www.pinterest.fr\/eyrignac\/","https:\/\/www.youtube.com\/channel\/UCjWc47ArIew83eRXXjaBowg"]}]}},"_links":{"self":[{"href":"https:\/\/www.eyrignac.com\/fr\/wp-json\/wp\/v2\/pages\/1286","targetHints":{"allow":["GET"]}}],"collection":[{"href":"https:\/\/www.eyrignac.com\/fr\/wp-json\/wp\/v2\/pages"}],"about":[{"href":"https:\/\/www.eyrignac.com\/fr\/wp-json\/wp\/v2\/types\/page"}],"author":[{"embeddable":true,"href":"https:\/\/www.eyrignac.com\/fr\/wp-json\/wp\/v2\/users\/1"}],"replies":[{"embeddable":true,"href":"https:\/\/www.eyrignac.com\/fr\/wp-json\/wp\/v2\/comments?post=1286"}],"version-history":[{"count":0,"href":"https:\/\/www.eyrignac.com\/fr\/wp-json\/wp\/v2\/pages\/1286\/revisions"}],"wp:attachment":[{"href":"https:\/\/www.eyrignac.com\/fr\/wp-json\/wp\/v2\/media?parent=1286"}],"curies":[{"name":"wp","href":"https:\/\/api.w.org\/{rel}","templated":true}]}}