{"id":1168,"date":"2018-03-20T17:54:17","date_gmt":"2018-03-20T16:54:17","guid":{"rendered":"https:\/\/www.eyrignac.com?page_id=1168"},"modified":"2018-03-20T17:56:36","modified_gmt":"2018-03-20T16:56:36","slug":"plan-du-site","status":"publish","type":"page","link":"https:\/\/www.eyrignac.com\/fr\/plan-du-site","title":{"rendered":"Plan du site"},"content":{"rendered":"<div class=\"wsp-container\"><h2 class=\"wsp-posts-title\">Articles par cat\u00e9gorie<\/h2>\n<ul class=\"wsp-posts-list\">\n\t<li><strong class=\"wsp-category-title\">Cat\u00e9gorie\u00a0: <a href=\"https:\/\/www.eyrignac.com\/fr\/actualites\">Actualit\u00e9s<\/a><\/strong>\n<ul class=\"wsp-posts-list\">\t\t<li class=\"wsp-post\"><a href=\"https:\/\/www.eyrignac.com\/fr\/actualites\/journees-mondiales-de-la-topiaire\">Journ\u00e9es Mondiales de la Topiaire les 9 et 10 mai 2026<\/a><\/li>\n\t\t<li class=\"wsp-post\"><a href=\"https:\/\/www.eyrignac.com\/fr\/actualites\/vacances-de-paques-idees-sortie-avec-les-enfants\">Vacances de P\u00e2ques : une f\u00e9erie de nature et de patrimoine en famille<\/a><\/li>\n\t\t<li class=\"wsp-post\"><a href=\"https:\/\/www.eyrignac.com\/fr\/actualites\/manoir-eyrignac-chateaux-en-fete-en-dordogne\">Ch\u00e2teaux en F\u00eate : Une invitation exclusive \u00e0 d\u00e9couvrir le manoir d\u2019Eyrignac<\/a><\/li>\n\t\t<li class=\"wsp-post\"><a href=\"https:\/\/www.eyrignac.com\/fr\/actualites\/jardin-accessible-dordogne-eyrignac-tourisme-handicap\">Et si un jardin pouvait vraiment \u00eatre accessible \u00e0 tous ? L\u2019exemple d\u2019Eyrignac en Dordogne<\/a><\/li>\n\t\t<li class=\"wsp-post\"><a href=\"https:\/\/www.eyrignac.com\/fr\/actualites\/week-end-paques-famille-jardins-eyrignac\">Week-end de P\u00e2ques enchant\u00e9 en famille aux jardins d&rsquo;Eyrignac<\/a><\/li>\n\t\t<li class=\"wsp-post\"><a href=\"https:\/\/www.eyrignac.com\/fr\/actualites\/eyrignac-remporte-un-wedding-award-pour-les-mariages-en-dordogne\">Mariage en Dordogne : Les Jardins du Manoir d\u2019Eyrignac remportent un Wedding Award 2026<\/a><\/li>\n\t\t<li class=\"wsp-post\"><a href=\"https:\/\/www.eyrignac.com\/fr\/actualites\/vacances-de-fevrier\">Vacances de f\u00e9vrier en Dordogne : sorties et animations en famille \u00e0 Eyrignac, pr\u00e8s de Sarlat<\/a><\/li>\n\t\t<li class=\"wsp-post\"><a href=\"https:\/\/www.eyrignac.com\/fr\/actualites\/jardinier-un-jour-eyrignac-et-ses-jardins\">\u00ab Jardinier d\u2019un jour \u00bb : vivez une exp\u00e9rience immersive \u00e0 Eyrignac<\/a><\/li>\n\t\t<li class=\"wsp-post\"><a href=\"https:\/\/www.eyrignac.com\/fr\/actualites\/vacances-de-noel-a-eyrignac\">Vacances de No\u00ebl : les lutins du P\u00e8re No\u00ebl ont rendez-vous \u00e0 Eyrignac<\/a><\/li>\n\t\t<li class=\"wsp-post\"><a href=\"https:\/\/www.eyrignac.com\/fr\/actualites\/noel-eyrignac-puymartin\">Le S\u00e9same de No\u00ebl : une visite d\u2019Eyrignac qui ouvre la porte de Puymartin<\/a><\/li>\n\t\t<li class=\"wsp-post\"><a href=\"https:\/\/www.eyrignac.com\/fr\/actualites\/idee-cadeau-offrez-eyrignac-et-ses-jardins\">Id\u00e9e cadeau : Offrez Eyrignac et ses Jardins<\/a><\/li>\n\t\t<li class=\"wsp-post\"><a href=\"https:\/\/www.eyrignac.com\/fr\/actualites\/vacances-toussaint-halloween-jardins-eyrignac\">Vacances d&rsquo;automne \u00e0 Eyrignac : l&rsquo;affreuse programmation d&rsquo;Halloween<\/a><\/li>\n\t\t<li class=\"wsp-post\"><a href=\"https:\/\/www.eyrignac.com\/fr\/actualites\/scarification-gazon\">La scarification des gazons<\/a><\/li>\n\t\t<li class=\"wsp-post\"><a href=\"https:\/\/www.eyrignac.com\/fr\/actualites\/exposition-pierre-treilhes\">Coq \u00d4 Mania : les sculptures de Pierre Treilhes de retour dans les jardins d&rsquo;Eyrignac<\/a><\/li>\n\t\t<li class=\"wsp-post\"><a href=\"https:\/\/www.eyrignac.com\/fr\/actualites\/decouverte-oiseaux-jardins-eyrignac-dordogne\">D\u00e9couverte des oiseaux aux Jardins d\u2019Eyrignac : une visite \u00e0 l&rsquo;\u00e9coute de la nature en Dordogne<\/a><\/li>\n\t\t<li class=\"wsp-post\"><a href=\"https:\/\/www.eyrignac.com\/fr\/actualites\/programmation-evenementielle-et-culturelle-deyrignac-ses-jardins\">Programmation \u00e9v\u00e8nementielle et culturelle 2025 d\u2019Eyrignac &#038; ses Jardins<\/a><\/li>\n\t\t<li class=\"wsp-post\"><a href=\"https:\/\/www.eyrignac.com\/fr\/actualites\/randonner-sentiers-botaniques-domaine-eyrignac\">Randonner sur les sentiers botaniques du domaine d\u2019Eyrignac<\/a><\/li>\n\t\t<li class=\"wsp-post\"><a href=\"https:\/\/www.eyrignac.com\/fr\/actualites\/truffiere-eyrignac-jardins\">La truffi\u00e8re d\u2019Eyrignac et ses Jardins<\/a><\/li>\n\t\t<li class=\"wsp-post\"><a href=\"https:\/\/www.eyrignac.com\/fr\/actualites\/parcourir-la-dordogne-en-camping-car\">Parcourir la Dordogne en camping-car<\/a><\/li>\n\t\t<li class=\"wsp-post\"><a href=\"https:\/\/www.eyrignac.com\/fr\/actualites\/exposition-de-sculpture-ariel-elizondo-2024\">Exposition 2024 : \u00ab\u00a0De la pierre \u00e9merge l&rsquo;acier\u00a0\u00bb d&rsquo;Ariel Elizondo<\/a><\/li>\n\t\t<li class=\"wsp-post\"><a href=\"https:\/\/www.eyrignac.com\/fr\/actualites\/entretien-du-gazon-a-lautomne\">Entretien du gazon \u00e0 l&rsquo;automne<\/a><\/li>\n\t\t<li class=\"wsp-post\"><a href=\"https:\/\/www.eyrignac.com\/fr\/actualites\/prix-europeen-jardin-2024\">Eyrignac laur\u00e9at du Prix Europ\u00e9en du Jardin 2024<\/a><\/li>\n\t\t<li class=\"wsp-post\"><a href=\"https:\/\/www.eyrignac.com\/fr\/actualites\/rallye-acm-2024\">Les plus prestigieuses marques automobiles fran\u00e7aises dans les jardins<\/a><\/li>\n\t\t<li class=\"wsp-post\"><a href=\"https:\/\/www.eyrignac.com\/fr\/actualites\/lierre-plante-facile-pour-jardins-bien-verts\">Le lierre, une plante facile pour des jardins bien verts<\/a><\/li>\n\t\t<li class=\"wsp-post\"><a href=\"https:\/\/www.eyrignac.com\/fr\/actualites\/potager-eyrignac-potages-automne\">Du Potager d\u2019Eyrignac aux r\u00e9confortants potages d\u2019Automne<\/a><\/li>\n\t\t<li class=\"wsp-post\"><a href=\"https:\/\/www.eyrignac.com\/fr\/actualites\/atelier-broderie-dans-les-jardins-d-eyrignac\">Atelier-broderie dans les jardins d&rsquo;Eyrignac<\/a><\/li>\n\t\t<li class=\"wsp-post\"><a href=\"https:\/\/www.eyrignac.com\/fr\/actualites\/enfants-jeux-decouvertes-jardins\">POUR LES ENFANTS : QUE L\u2019AVENTURE COMMENCE !<\/a><\/li>\n\t\t<li class=\"wsp-post\"><a href=\"https:\/\/www.eyrignac.com\/fr\/actualites\/les-tresors-des-plus-beaux-jardins-francais\">Eyrignac et les plus beaux jardins fran\u00e7ais sur France 5<\/a><\/li>\n\t\t<li class=\"wsp-post\"><a href=\"https:\/\/www.eyrignac.com\/fr\/actualites\/foret-autres-exposition-christian-lapie-eyrignac-domaine-campagne\">\u00ab La For\u00eat des Autres \u00bb Exposition d\u2019\u0153uvres de Christian Lapie \u00e0 Eyrignac et au domaine de Campagne<\/a><\/li>\n\t\t<li class=\"wsp-post\"><a href=\"https:\/\/www.eyrignac.com\/fr\/actualites\/jardins-eyrignac-tout-cieux-tout-flammes\">Les jardins d\u2019Eyrignac tout cieux tout flammes<\/a><\/li>\n\t\t<li class=\"wsp-post\"><a href=\"https:\/\/www.eyrignac.com\/fr\/actualites\/les-noyers-deyrignac-ses-jardins\">Les noyers d\u2019Eyrignac &#038; ses Jardins<\/a><\/li>\n\t\t<li class=\"wsp-post\"><a href=\"https:\/\/www.eyrignac.com\/fr\/actualites\/liquidambar-jardins-eyrignac\">Le Liquidambar des jardins d\u2019Eyrignac<\/a><\/li>\n\t\t<li class=\"wsp-post\"><a href=\"https:\/\/www.eyrignac.com\/fr\/actualites\/leau-darrosage\">L\u2019Eau d\u2019arrosage<\/a><\/li>\n\t\t<li class=\"wsp-post\"><a href=\"https:\/\/www.eyrignac.com\/fr\/actualites\/en-famille-en-dordogne-perigord\">En famille en Dordogne-P\u00e9rigord<\/a><\/li>\n\t\t<li class=\"wsp-post\"><a href=\"https:\/\/www.eyrignac.com\/fr\/actualites\/un-circuit-estival-de-10-jours-en-dordogne-perigord\">Un circuit estival de 10 jours en Dordogne-P\u00e9rigord<\/a><\/li>\n\t\t<li class=\"wsp-post\"><a href=\"https:\/\/www.eyrignac.com\/fr\/actualites\/eyrignac-et-la-rose\">Eyrignac et la rose<\/a><\/li>\n\t\t<li class=\"wsp-post\"><a href=\"https:\/\/www.eyrignac.com\/fr\/actualites\/eyrignac-art-sculpter-vegetal\">Eyrignac ou l\u2019art de sculpter le v\u00e9g\u00e9tal<\/a><\/li>\n\t\t<li class=\"wsp-post\"><a href=\"https:\/\/www.eyrignac.com\/fr\/actualites\/circuit-pour-decouvrir-la-dordogne-en-velo\">Circuit pour d\u00e9couvrir la Dordogne en v\u00e9lo<\/a><\/li>\n\t\t<li class=\"wsp-post\"><a href=\"https:\/\/www.eyrignac.com\/fr\/actualites\/dordogne-perigord-les-incontournables-en-4-jours-autour-de-sarlat-la-caneda\">Dordogne-P\u00e9rigord : les incontournables en 4 jours autour de Sarlat-la-Can\u00e9da<\/a><\/li>\n\t\t<li class=\"wsp-post\"><a href=\"https:\/\/www.eyrignac.com\/fr\/actualites\/dnouveaux-rosiers-jardin-blanc-eyrignac\">De nouveaux rosiers pour le Jardin Blanc d\u2019Eyrignac<\/a><\/li>\n\t\t<li class=\"wsp-post\"><a href=\"https:\/\/www.eyrignac.com\/fr\/actualites\/decouverte-sensorielle-jardins-eyrignac-serenite-deconnexion-paradis-verdure\">D\u00e9couverte sensorielle des jardins d\u2019Eyrignac : s\u00e9r\u00e9nit\u00e9 et d\u00e9connexion dans un paradis de verdure<\/a><\/li>\n\t\t<li class=\"wsp-post\"><a href=\"https:\/\/www.eyrignac.com\/fr\/actualites\/plantations-saisonnieres-printemps\">Les plantations saisonni\u00e8res de printemps<\/a><\/li>\n\t\t<li class=\"wsp-post\"><a href=\"https:\/\/www.eyrignac.com\/fr\/actualites\/lutter-contre-pyrale-cylindrocladium-conseils-chef-jardinier-eyrignac-traitement-buis\">Lutter contre la Pyrale et le Cylindrocladium : les conseils du chef jardinier d&rsquo;Eyrignac pour le traitement des buis<\/a><\/li>\n\t\t<li class=\"wsp-post\"><a href=\"https:\/\/www.eyrignac.com\/fr\/actualites\/famille-unie-autour-but-faire-vivre-jardins-eyrignac\">Une famille unie autour d\u2019un m\u00eame but : faire vivre les jardins d\u2019Eyrignac<\/a><\/li>\n\t\t<li class=\"wsp-post\"><a href=\"https:\/\/www.eyrignac.com\/fr\/actualites\/la-taille-arbustive\">La taille arbustive<\/a><\/li>\n\t\t<li class=\"wsp-post\"><a href=\"https:\/\/www.eyrignac.com\/fr\/actualites\/exposition-entre-fer-et-feuilles-patrick-lainville-1-avril-15-novembre-2020\">Exposition : \u00ab\u00a0Entre fer et feuilles\u00a0\u00bb de Patrick Lainville du 1er avril au 15 novembre 2020<\/a><\/li>\n\t\t<li class=\"wsp-post\"><a href=\"https:\/\/www.eyrignac.com\/fr\/actualites\/legumes-printaniers-primeurs\">Les l\u00e9gumes printaniers ou primeurs<\/a><\/li>\n\t\t<li class=\"wsp-post\"><a href=\"https:\/\/www.eyrignac.com\/fr\/actualites\/visitez-eyrignac-ses-jardins-beneficiez-nombreux-avantages\">Visitez Eyrignac &#038; ses jardins et b\u00e9n\u00e9ficiez de nombreux avantages<\/a><\/li>\n\t\t<li class=\"wsp-post\"><a href=\"https:\/\/www.eyrignac.com\/fr\/actualites\/eric-perrin-nouveaux-nomades-jardins-eyrignac\">A revoir : Eric Perrin (Les Nouveaux Nomades \u2013 France 3) explore les jardins d\u2019Eyrignac<\/a><\/li>\n\t\t<li class=\"wsp-post\"><a href=\"https:\/\/www.eyrignac.com\/fr\/actualites\/reportage-telematin-france-2\">Eyrignac dans T\u00e9l\u00e9matin sur France 2<\/a><\/li>\n\t\t<li class=\"wsp-post\"><a href=\"https:\/\/www.eyrignac.com\/fr\/actualites\/eyrignac-dans-lemission-cap-sud-ouest\">Eyrignac dans l&rsquo;\u00e9mission Cap Sud-Ouest<\/a><\/li>\n\t\t<li class=\"wsp-post\"><a href=\"https:\/\/www.eyrignac.com\/fr\/actualites\/flashback-photo-shooting-rimowa\">Flashback : Photo Shooting Rimowa<\/a><\/li>\n\t\t<li class=\"wsp-post\"><a href=\"https:\/\/www.eyrignac.com\/fr\/actualites\/les-animations-en-soiree-en-dordogne-perigord\">Les animations en soir\u00e9e en Dordogne-P\u00e9rigord<\/a><\/li>\n\t\t<li class=\"wsp-post\"><a href=\"https:\/\/www.eyrignac.com\/fr\/actualites\/flashback-eyrignac-dans-lemission-visites-privees\">Flashback : Eyrignac dans l&rsquo;\u00e9mission &lsquo;Visites Priv\u00e9es&rsquo;<\/a><\/li>\n\t\t<li class=\"wsp-post\"><a href=\"https:\/\/www.eyrignac.com\/fr\/actualites\/coupe-de-fleurs-fanees-pour-une-floraison-continue\">Coupe de fleurs fan\u00e9es pour une floraison continue<\/a><\/li>\n\t\t<li class=\"wsp-post\"><a href=\"https:\/\/www.eyrignac.com\/fr\/actualites\/entretien-des-gazons-au-printemps\">Entretien des Gazons au Printemps<\/a><\/li>\n\t\t<li class=\"wsp-post\"><a href=\"https:\/\/www.eyrignac.com\/fr\/actualites\/les-secrets-de-lart-topiaire-a-eyrignac\">Les secrets de l&rsquo;Art Topiaire \u00e0 Eyrignac<\/a><\/li>\n\t\t<li class=\"wsp-post\"><a href=\"https:\/\/www.eyrignac.com\/fr\/actualites\/flashback-exposition-klinge-a-eyrignac\">Flashback : Exposition Klinge \u00e0 Eyrignac<\/a><\/li>\n\t\t<li class=\"wsp-post\"><a href=\"https:\/\/www.eyrignac.com\/fr\/actualites\/tailles-haies-geometriques-eyrignac\">Tailles des haies g\u00e9om\u00e9triques<\/a><\/li>\n<\/ul><\/li>\n\t<li><strong class=\"wsp-category-title\">Cat\u00e9gorie\u00a0: <a href=\"https:\/\/www.eyrignac.com\/fr\/communiques-de-presse\">Communiqu\u00e9s de presse<\/a><\/strong>\n<ul class=\"wsp-posts-list\">\t\t<li class=\"wsp-post\"><a href=\"https:\/\/www.eyrignac.com\/fr\/communiques-de-presse\/rendez-vous-du-printemps-avec-les-jardiniers-deyrignac-communique-de-presse\">Rendez-vous du printemps avec les jardiniers d&rsquo;Eyrignac  &#8211; Communiqu\u00e9 de presse<\/a><\/li>\n\t\t<li class=\"wsp-post\"><a href=\"https:\/\/www.eyrignac.com\/fr\/communiques-de-presse\/cluedo-nature-paques-2026\">Cluedo Nature de P\u00e2ques \u00e0 Eyrignac  &#8211; Communiqu\u00e9 de presse<\/a><\/li>\n\t\t<li class=\"wsp-post\"><a href=\"https:\/\/www.eyrignac.com\/fr\/communiques-de-presse\/exposition-de-sculptures-annie-soret-des-fourmis-a-eyrignac\">Exposition de sculptures Des Fourmies \u00e0 Eyrignac  &#8211; Communiqu\u00e9 de presse<\/a><\/li>\n\t\t<li class=\"wsp-post\"><a href=\"https:\/\/www.eyrignac.com\/fr\/communiques-de-presse\/fevrier-gourmand-eyrignac\">F\u00e9vrier Gourmand \u00e0 Eyrignac  &#8211; Communiqu\u00e9 de presse<\/a><\/li>\n\t\t<li class=\"wsp-post\"><a href=\"https:\/\/www.eyrignac.com\/fr\/communiques-de-presse\/nouveaute-enfants-a-eyrignac\">Les Secrets du Petit Peuple des Jardins  &#8211; Communiqu\u00e9 de presse<\/a><\/li>\n\t\t<li class=\"wsp-post\"><a href=\"https:\/\/www.eyrignac.com\/fr\/communiques-de-presse\/dossier-de-presse-2025-grands-sites-du-perigord\">Les Grands Sites du P\u00e9rigord &#8211; Dossier de Presse 2026<\/a><\/li>\n\t\t<li class=\"wsp-post\"><a href=\"https:\/\/www.eyrignac.com\/fr\/communiques-de-presse\/merite-agricole-pour-olivier-jouffre\">Olivier Jouffre, chef jardinier adjoint d&rsquo;Eyrignac, d\u00e9cor\u00e9- Communiqu\u00e9 de presse<\/a><\/li>\n\t\t<li class=\"wsp-post\"><a href=\"https:\/\/www.eyrignac.com\/fr\/communiques-de-presse\/european-garden-award-2024\">Eyrignac laur\u00e9at des European Garden Awards &#8211; Communiqu\u00e9 de presse<\/a><\/li>\n\t\t<li class=\"wsp-post\"><a href=\"https:\/\/www.eyrignac.com\/fr\/communiques-de-presse\/experience-jardinier-d-un-jour\">Exp\u00e9rience Jardinier d&rsquo;un Jour &#8211; Communiqu\u00e9 de Presse<\/a><\/li>\n\t\t<li class=\"wsp-post\"><a href=\"https:\/\/www.eyrignac.com\/fr\/communiques-de-presse\/mariage-eyrignac-dordogne-2023\">Mariages \u00e0 Eyrignac &#8211; Communiqu\u00e9 de presse<\/a><\/li>\n\t\t<li class=\"wsp-post\"><a href=\"https:\/\/www.eyrignac.com\/fr\/communiques-de-presse\/decouverte-sensorielle\">D\u00e9couverte sensorielle d&rsquo;Eyrignac<\/a><\/li>\n<\/ul><\/li>\n\t<li><strong class=\"wsp-category-title\">Cat\u00e9gorie\u00a0: <a href=\"https:\/\/www.eyrignac.com\/fr\/decouvrir-les-jardins-eyrignac\">D\u00e9couvrir les jardins<\/a><\/strong>\n<ul class=\"wsp-posts-list\">\t\t<li class=\"wsp-post\"><a href=\"https:\/\/www.eyrignac.com\/fr\/decouvrir-les-jardins-eyrignac\/les-sentiers-botaniques-eyrignac\">Les sentiers botaniques<\/a><\/li>\n\t\t<li class=\"wsp-post\"><a href=\"https:\/\/www.eyrignac.com\/fr\/decouvrir-les-jardins-eyrignac\/le-jardin-blanc-eyrignac\">Le jardin <br \/>Blanc d&rsquo;Eyrignac<\/a><\/li>\n\t\t<li class=\"wsp-post\"><a href=\"https:\/\/www.eyrignac.com\/fr\/decouvrir-les-jardins-eyrignac\/jardin-sources-pres-fleuris-eyrignac\">Le Jardin des Sources<\/a><\/li>\n\t\t<li class=\"wsp-post\"><a href=\"https:\/\/www.eyrignac.com\/fr\/decouvrir-les-jardins-eyrignac\/jardin-fleuriste-potager\">Le jardin fleuriste et potager<\/a><\/li>\n\t\t<li class=\"wsp-post\"><a href=\"https:\/\/www.eyrignac.com\/fr\/decouvrir-les-jardins-eyrignac\/parterre-a-la-francaise-eyrignac\">Le Parterre <br \/>\u00e0 la Fran\u00e7aise<\/a><\/li>\n\t\t<li class=\"wsp-post\"><a href=\"https:\/\/www.eyrignac.com\/fr\/decouvrir-les-jardins-eyrignac\/la-pagode-chinoise-eyrignac\">La Pagode <br \/>Chinoise<\/a><\/li>\n\t\t<li class=\"wsp-post\"><a href=\"https:\/\/www.eyrignac.com\/fr\/decouvrir-les-jardins-eyrignac\/le-manoir-artaban-eyrignac\">Le Manoir<br \/> d&rsquo;Artaban<\/a><\/li>\n\t\t<li class=\"wsp-post\"><a href=\"https:\/\/www.eyrignac.com\/fr\/decouvrir-les-jardins-eyrignac\/les-sculptures-vegetales-eyrignac\">Les sculptures v\u00e9g\u00e9tales<\/a><\/li>\n<\/ul><\/li>\n\t<li><strong class=\"wsp-category-title\">Cat\u00e9gorie\u00a0: <a href=\"https:\/\/www.eyrignac.com\/fr\/dossiers-de-presse\">Dossiers de presse<\/a><\/strong>\n<ul class=\"wsp-posts-list\">\t\t<li class=\"wsp-post\"><a href=\"https:\/\/www.eyrignac.com\/fr\/dossiers-de-presse\/eyrignac-dossier-de-presse\">Eyrignac et ses jardins : Dossier de presse 2026<\/a><\/li>\n<\/ul><\/li>\n\t<li><strong class=\"wsp-category-title\">Cat\u00e9gorie\u00a0: <a href=\"https:\/\/www.eyrignac.com\/fr\/evenements\">Evenements<\/a><\/strong>\n<ul class=\"wsp-posts-list\">\t\t<li class=\"wsp-post\"><a href=\"https:\/\/www.eyrignac.com\/fr\/evenements\/travaux-jardiniers-decembre-2\">LES TRAVAUX DES JARDINIERS<\/a><\/li>\n\t\t<li class=\"wsp-post\"><a href=\"https:\/\/www.eyrignac.com\/fr\/evenements\/manifestation-decembre-2\">MANIFESTATION<\/a><\/li>\n\t\t<li class=\"wsp-post\"><a href=\"https:\/\/www.eyrignac.com\/fr\/evenements\/mon-article-test-3-2-2-2-2-2-2-3\">LES JARDINS SONT OUVERTS TOUS LES JOURS<\/a><\/li>\n\t\t<li class=\"wsp-post\"><a href=\"https:\/\/www.eyrignac.com\/fr\/evenements\/travaux-jardiniers-novembre-2\">LES TRAVAUX DES JARDINIERS<\/a><\/li>\n\t\t<li class=\"wsp-post\"><a href=\"https:\/\/www.eyrignac.com\/fr\/evenements\/mon-article-test-3-2-2-2-2-2-3\">LES JARDINS SONT OUVERTS TOUS LES JOURS<\/a><\/li>\n\t\t<li class=\"wsp-post\"><a href=\"https:\/\/www.eyrignac.com\/fr\/evenements\/travaux-jardiniers-octobre-2\">LES TRAVAUX DES JARDINIERS<\/a><\/li>\n\t\t<li class=\"wsp-post\"><a href=\"https:\/\/www.eyrignac.com\/fr\/evenements\/le-restaurant-cote-jardins-2-2-3-2\">LE RESTAURANT C\u00d4T\u00c9 JARDINS<\/a><\/li>\n\t\t<li class=\"wsp-post\"><a href=\"https:\/\/www.eyrignac.com\/fr\/evenements\/mon-article-test-3-2-2-2-2-3\">LES JARDINS SONT OUVERTS TOUS LES JOURS<\/a><\/li>\n\t\t<li class=\"wsp-post\"><a href=\"https:\/\/www.eyrignac.com\/fr\/evenements\/travaux-jardiniers-septembre-2023\">LES TRAVAUX DES JARDINIERS<\/a><\/li>\n\t\t<li class=\"wsp-post\"><a href=\"https:\/\/www.eyrignac.com\/fr\/evenements\/le-restaurant-cote-jardins-2023-4\">LE RESTAURANT C\u00d4T\u00c9 JARDINS<\/a><\/li>\n\t\t<li class=\"wsp-post\"><a href=\"https:\/\/www.eyrignac.com\/fr\/evenements\/manifestation-2023\">MANIFESTATION<\/a><\/li>\n\t\t<li class=\"wsp-post\"><a href=\"https:\/\/www.eyrignac.com\/fr\/evenements\/ouverture-jardins-2023-4\">LES JARDINS SONT OUVERTS TOUS LES JOURS<\/a><\/li>\n\t\t<li class=\"wsp-post\"><a href=\"https:\/\/www.eyrignac.com\/fr\/evenements\/travaux-jardiniers-aout-2023\">LES TRAVAUX DES JARDINIERS<\/a><\/li>\n\t\t<li class=\"wsp-post\"><a href=\"https:\/\/www.eyrignac.com\/fr\/evenements\/le-restaurant-cote-jardins-2023-3\">LE RESTAURANT C\u00d4T\u00c9 JARDINS<\/a><\/li>\n\t\t<li class=\"wsp-post\"><a href=\"https:\/\/www.eyrignac.com\/fr\/evenements\/pique-nique-blanc-aout-2023\">EVENEMENT<\/a><\/li>\n\t\t<li class=\"wsp-post\"><a href=\"https:\/\/www.eyrignac.com\/fr\/evenements\/ouverture-jardins-2023-3\">LES JARDINS SONT OUVERTS TOUS LES JOURS<\/a><\/li>\n\t\t<li class=\"wsp-post\"><a href=\"https:\/\/www.eyrignac.com\/fr\/evenements\/travaux-jardiniers-juillet-2023\">LES TRAVAUX DES JARDINIERS<\/a><\/li>\n\t\t<li class=\"wsp-post\"><a href=\"https:\/\/www.eyrignac.com\/fr\/evenements\/le-restaurant-cote-jardins-2023-2\">LE RESTAURANT C\u00d4T\u00c9 JARDINS<\/a><\/li>\n\t\t<li class=\"wsp-post\"><a href=\"https:\/\/www.eyrignac.com\/fr\/evenements\/evenement-2023\">EVENEMENT<\/a><\/li>\n\t\t<li class=\"wsp-post\"><a href=\"https:\/\/www.eyrignac.com\/fr\/evenements\/ouverture-jardins-2023-2\">LES JARDINS SONT OUVERTS TOUS LES JOURS<\/a><\/li>\n\t\t<li class=\"wsp-post\"><a href=\"https:\/\/www.eyrignac.com\/fr\/evenements\/travaux-jardiniers-juin-2\">LES TRAVAUX DES JARDINIERS<\/a><\/li>\n\t\t<li class=\"wsp-post\"><a href=\"https:\/\/www.eyrignac.com\/fr\/evenements\/le-restaurant-cote-jardins-4\">LE RESTAURANT C\u00d4T\u00c9 JARDINS<\/a><\/li>\n\t\t<li class=\"wsp-post\"><a href=\"https:\/\/www.eyrignac.com\/fr\/evenements\/animation-mai-2023-2\">ANIMATIONS<\/a><\/li>\n\t\t<li class=\"wsp-post\"><a href=\"https:\/\/www.eyrignac.com\/fr\/evenements\/ouverture-jardins-2023\">LES JARDINS SONT OUVERTS TOUS LES JOURS<\/a><\/li>\n\t\t<li class=\"wsp-post\"><a href=\"https:\/\/www.eyrignac.com\/fr\/evenements\/travaux-jardiniers-mai-2023\">LES TRAVAUX DES JARDINIERS<\/a><\/li>\n\t\t<li class=\"wsp-post\"><a href=\"https:\/\/www.eyrignac.com\/fr\/evenements\/restaurant-cote-jardins-mai-2023\">LE RESTAURANT C\u00d4T\u00c9 JARDINS<\/a><\/li>\n\t\t<li class=\"wsp-post\"><a href=\"https:\/\/www.eyrignac.com\/fr\/evenements\/animation-mai-2023\">ANIMATIONS<\/a><\/li>\n\t\t<li class=\"wsp-post\"><a href=\"https:\/\/www.eyrignac.com\/fr\/evenements\/jardins-ouverture-mai-2023\">LES JARDINS SONT OUVERTS TOUS LES JOURS<\/a><\/li>\n\t\t<li class=\"wsp-post\"><a href=\"https:\/\/www.eyrignac.com\/fr\/evenements\/travaux-jardiniers-avril-2023\">LES TRAVAUX DES JARDINIERS<\/a><\/li>\n\t\t<li class=\"wsp-post\"><a href=\"https:\/\/www.eyrignac.com\/fr\/evenements\/le-restaurant-cote-jardins-2023\">LE RESTAURANT C\u00d4T\u00c9 JARDINS<\/a><\/li>\n\t\t<li class=\"wsp-post\"><a href=\"https:\/\/www.eyrignac.com\/fr\/evenements\/animation-paques-2023\">ANIMATIONS<\/a><\/li>\n\t\t<li class=\"wsp-post\"><a href=\"https:\/\/www.eyrignac.com\/fr\/evenements\/ouverture-jardins-2\">LES JARDINS SONT OUVERTS TOUS LES JOURS<\/a><\/li>\n\t\t<li class=\"wsp-post\"><a href=\"https:\/\/www.eyrignac.com\/fr\/evenements\/travaux-jardiniers-mars2023\">LES TRAVAUX DES JARDINIERS<\/a><\/li>\n\t\t<li class=\"wsp-post\"><a href=\"https:\/\/www.eyrignac.com\/fr\/evenements\/jardins-ouverts-mars2023\">LES JARDINS SONT OUVERTS TOUS LES JOURS<\/a><\/li>\n\t\t<li class=\"wsp-post\"><a href=\"https:\/\/www.eyrignac.com\/fr\/evenements\/les-travaux-des-jardiniers-fev23\">LES TRAVAUX DES JARDINIERS<\/a><\/li>\n\t\t<li class=\"wsp-post\"><a href=\"https:\/\/www.eyrignac.com\/fr\/evenements\/jardins-ouverts-fev2023\">LES JARDINS SONT OUVERTS TOUS LES JOURS<\/a><\/li>\n\t\t<li class=\"wsp-post\"><a href=\"https:\/\/www.eyrignac.com\/fr\/evenements\/les-travaux-des-jardiniers-janvier-2023\">LES TRAVAUX DES JARDINIERS<\/a><\/li>\n\t\t<li class=\"wsp-post\"><a href=\"https:\/\/www.eyrignac.com\/fr\/evenements\/jardins-ouverts-janvier-2023\">LES JARDINS SONT OUVERTS TOUS LES JOURS<\/a><\/li>\n\t\t<li class=\"wsp-post\"><a href=\"https:\/\/www.eyrignac.com\/fr\/evenements\/travaux-jardiniers-decembre\">LES TRAVAUX DES JARDINIERS<\/a><\/li>\n\t\t<li class=\"wsp-post\"><a href=\"https:\/\/www.eyrignac.com\/fr\/evenements\/manifestation-decembre\">MANIFESTATION<\/a><\/li>\n\t\t<li class=\"wsp-post\"><a href=\"https:\/\/www.eyrignac.com\/fr\/evenements\/mon-article-test-3-2-2-2-2-2-2\">LES JARDINS SONT OUVERTS TOUS LES JOURS<\/a><\/li>\n\t\t<li class=\"wsp-post\"><a href=\"https:\/\/www.eyrignac.com\/fr\/evenements\/travaux-jardiniers-novembre\">LES TRAVAUX DES JARDINIERS<\/a><\/li>\n\t\t<li class=\"wsp-post\"><a href=\"https:\/\/www.eyrignac.com\/fr\/evenements\/mon-article-test-3-2-2-2-2-2\">LES JARDINS SONT OUVERTS TOUS LES JOURS<\/a><\/li>\n\t\t<li class=\"wsp-post\"><a href=\"https:\/\/www.eyrignac.com\/fr\/evenements\/travaux-jardiniers-octobre\">LES TRAVAUX DES JARDINIERS<\/a><\/li>\n\t\t<li class=\"wsp-post\"><a href=\"https:\/\/www.eyrignac.com\/fr\/evenements\/le-restaurant-cote-jardins-2-2-3\">LE RESTAURANT C\u00d4T\u00c9 JARDINS<\/a><\/li>\n\t\t<li class=\"wsp-post\"><a href=\"https:\/\/www.eyrignac.com\/fr\/evenements\/mon-article-test-3-2-2-2-2\">LES JARDINS SONT OUVERTS TOUS LES JOURS<\/a><\/li>\n\t\t<li class=\"wsp-post\"><a href=\"https:\/\/www.eyrignac.com\/fr\/evenements\/travaux-jardiniers-septembre\">LES TRAVAUX DES JARDINIERS<\/a><\/li>\n\t\t<li class=\"wsp-post\"><a href=\"https:\/\/www.eyrignac.com\/fr\/evenements\/le-restaurant-cote-jardins-2-2\">LE RESTAURANT C\u00d4T\u00c9 JARDINS<\/a><\/li>\n\t\t<li class=\"wsp-post\"><a href=\"https:\/\/www.eyrignac.com\/fr\/evenements\/manifestation\">MANIFESTATION<\/a><\/li>\n\t\t<li class=\"wsp-post\"><a href=\"https:\/\/www.eyrignac.com\/fr\/evenements\/mon-article-test-3-2-2-2\">LES JARDINS SONT OUVERTS TOUS LES JOURS<\/a><\/li>\n\t\t<li class=\"wsp-post\"><a href=\"https:\/\/www.eyrignac.com\/fr\/evenements\/travaux-jardiniers-aout\">LES TRAVAUX DES JARDINIERS<\/a><\/li>\n\t\t<li class=\"wsp-post\"><a href=\"https:\/\/www.eyrignac.com\/fr\/evenements\/le-restaurant-cote-jardins-2-2-2\">LE RESTAURANT C\u00d4T\u00c9 JARDINS<\/a><\/li>\n\t\t<li class=\"wsp-post\"><a href=\"https:\/\/www.eyrignac.com\/fr\/evenements\/pique-nique-blanc-aout\">EVENEMENT<\/a><\/li>\n\t\t<li class=\"wsp-post\"><a href=\"https:\/\/www.eyrignac.com\/fr\/evenements\/mon-article-test-3-2-2\">LES JARDINS SONT OUVERTS TOUS LES JOURS<\/a><\/li>\n\t\t<li class=\"wsp-post\"><a href=\"https:\/\/www.eyrignac.com\/fr\/evenements\/travaux-jardiniers-juillet\">LES TRAVAUX DES JARDINIERS<\/a><\/li>\n\t\t<li class=\"wsp-post\"><a href=\"https:\/\/www.eyrignac.com\/fr\/evenements\/le-restaurant-cote-jardins-2\">LE RESTAURANT C\u00d4T\u00c9 JARDINS<\/a><\/li>\n\t\t<li class=\"wsp-post\"><a href=\"https:\/\/www.eyrignac.com\/fr\/evenements\/article-test-4\">EVENEMENT<\/a><\/li>\n\t\t<li class=\"wsp-post\"><a href=\"https:\/\/www.eyrignac.com\/fr\/evenements\/mon-article-test-3-2\">LES JARDINS SONT OUVERTS TOUS LES JOURS<\/a><\/li>\n\t\t<li class=\"wsp-post\"><a href=\"https:\/\/www.eyrignac.com\/fr\/evenements\/travaux-jardiniers-juin\">LES TRAVAUX DES JARDINIERS<\/a><\/li>\n\t\t<li class=\"wsp-post\"><a href=\"https:\/\/www.eyrignac.com\/fr\/evenements\/le-restaurant-cote-jardins\">LE RESTAURANT C\u00d4T\u00c9 JARDINS<\/a><\/li>\n\t\t<li class=\"wsp-post\"><a href=\"https:\/\/www.eyrignac.com\/fr\/evenements\/animation-mai-2\">ANIMATIONS<\/a><\/li>\n\t\t<li class=\"wsp-post\"><a href=\"https:\/\/www.eyrignac.com\/fr\/evenements\/mon-article-test-3\">LES JARDINS SONT OUVERTS TOUS LES JOURS<\/a><\/li>\n\t\t<li class=\"wsp-post\"><a href=\"https:\/\/www.eyrignac.com\/fr\/evenements\/travaux-jardiniers-mai\">LES TRAVAUX DES JARDINIERS<\/a><\/li>\n\t\t<li class=\"wsp-post\"><a href=\"https:\/\/www.eyrignac.com\/fr\/evenements\/restaurant-cote-jardins-mai\">LE RESTAURANT C\u00d4T\u00c9 JARDINS<\/a><\/li>\n\t\t<li class=\"wsp-post\"><a href=\"https:\/\/www.eyrignac.com\/fr\/evenements\/animation-mai\">ANIMATIONS<\/a><\/li>\n\t\t<li class=\"wsp-post\"><a href=\"https:\/\/www.eyrignac.com\/fr\/evenements\/jardins-ouverture-mai\">LES JARDINS SONT OUVERTS TOUS LES JOURS<\/a><\/li>\n\t\t<li class=\"wsp-post\"><a href=\"https:\/\/www.eyrignac.com\/fr\/evenements\/travaux-jardiniers-avril\">LES TRAVAUX DES JARDINIERS<\/a><\/li>\n\t\t<li class=\"wsp-post\"><a href=\"https:\/\/www.eyrignac.com\/fr\/evenements\/le-restaurant-cote-jardins-3\">LE RESTAURANT C\u00d4T\u00c9 JARDINS<\/a><\/li>\n\t\t<li class=\"wsp-post\"><a href=\"https:\/\/www.eyrignac.com\/fr\/evenements\/animation-paques\">ANIMATIONS<\/a><\/li>\n\t\t<li class=\"wsp-post\"><a href=\"https:\/\/www.eyrignac.com\/fr\/evenements\/ouverture-jardins\">LES JARDINS SONT OUVERTS TOUS LES JOURS<\/a><\/li>\n\t\t<li class=\"wsp-post\"><a href=\"https:\/\/www.eyrignac.com\/fr\/evenements\/travaux-jardiniers-mars\">LES TRAVAUX DES JARDINIERS<\/a><\/li>\n\t\t<li class=\"wsp-post\"><a href=\"https:\/\/www.eyrignac.com\/fr\/evenements\/mon-article-test-3-2-2-2-2-2-2-2-2-2\">LES JARDINS SONT OUVERTS TOUS LES JOURS<\/a><\/li>\n\t\t<li class=\"wsp-post\"><a href=\"https:\/\/www.eyrignac.com\/fr\/evenements\/les-travaux-des-jardiniers-2-2-2-2-2-3-2\">LES TRAVAUX DES JARDINIERS<\/a><\/li>\n\t\t<li class=\"wsp-post\"><a href=\"https:\/\/www.eyrignac.com\/fr\/evenements\/mon-article-test-3-2-2-2-2-2-2-2-2\">LES JARDINS SONT OUVERTS TOUS LES JOURS<\/a><\/li>\n\t\t<li class=\"wsp-post\"><a href=\"https:\/\/www.eyrignac.com\/fr\/evenements\/les-travaux-des-jardiniers-2-2-2-2-2-3\">LES TRAVAUX DES JARDINIERS<\/a><\/li>\n\t\t<li class=\"wsp-post\"><a href=\"https:\/\/www.eyrignac.com\/fr\/evenements\/mon-article-test-3-2-2-2-2-2-2-2\">LES JARDINS SONT OUVERTS TOUS LES JOURS<\/a><\/li>\n<\/ul><\/li>\n<\/ul>\n<\/div>\n<div class=\"wsp-container\"><h2 class=\"wsp-pages-title\">Pages<\/h2>\n<ul class=\"wsp-pages-list\">\n<li class=\"page_item page-item-22\"><a href=\"https:\/\/www.eyrignac.com\/fr\">Accueil<\/a><\/li>\n<li class=\"page_item page-item-7\"><a href=\"https:\/\/www.eyrignac.com\/fr\/acheter-mes-billets\">Acheter mes billets<\/a><\/li>\n<li class=\"page_item page-item-13\"><a href=\"https:\/\/www.eyrignac.com\/fr\/actualites-agenda-animations-evenements\">Actualit\u00e9s \/ Agenda<\/a><\/li>\n<li class=\"page_item page-item-2706\"><a href=\"https:\/\/www.eyrignac.com\/fr\/billetterie\">Billetterie<\/a><\/li>\n<li class=\"page_item page-item-35\"><a href=\"https:\/\/www.eyrignac.com\/fr\/boutique\">Boutique<\/a><\/li>\n<li class=\"page_item page-item-1109\"><a href=\"https:\/\/www.eyrignac.com\/fr\/conditions-generales-de-vente\">Conditions g\u00e9n\u00e9rales de vente<\/a><\/li>\n<li class=\"page_item page-item-1093\"><a href=\"https:\/\/www.eyrignac.com\/fr\/contact\">Contact<\/a><\/li>\n<li class=\"page_item page-item-11 page_item_has_children\"><a href=\"https:\/\/www.eyrignac.com\/fr\/decouvrir-jardins-eyrignac\">D\u00e9couvrir les jardins<\/a>\n<ul class='children'>\n\t<li class=\"page_item page-item-403\"><a href=\"https:\/\/www.eyrignac.com\/fr\/decouvrir-jardins-eyrignac\/art-topiaire\">L&rsquo;art topiaire<\/a><\/li>\n\t<li class=\"page_item page-item-401\"><a href=\"https:\/\/www.eyrignac.com\/fr\/decouvrir-jardins-eyrignac\/entretien-jardins-eyrignac\">L&rsquo;entretien des jardins<\/a><\/li>\n\t<li class=\"page_item page-item-397\"><a href=\"https:\/\/www.eyrignac.com\/fr\/decouvrir-jardins-eyrignac\/un-apercu-eyrignac\">Un aper\u00e7u d&rsquo;Eyrignac<\/a><\/li>\n\t<li class=\"page_item page-item-399\"><a href=\"https:\/\/www.eyrignac.com\/fr\/decouvrir-jardins-eyrignac\/jardins-eyrignac-heritage-familial\">Un h\u00e9ritage familial<\/a><\/li>\n\t<li class=\"page_item page-item-405\"><a href=\"https:\/\/www.eyrignac.com\/fr\/decouvrir-jardins-eyrignac\/eyrignac-jardin-eau\">Un jardin d&rsquo;eau<\/a><\/li>\n<\/ul>\n<\/li>\n<li class=\"page_item page-item-15 page_item_has_children\"><a href=\"https:\/\/www.eyrignac.com\/fr\/location-receptions\">Locations &#038; r\u00e9ceptions<\/a>\n<ul class='children'>\n\t<li class=\"page_item page-item-796\"><a href=\"https:\/\/www.eyrignac.com\/fr\/location-receptions\/eyrignac-evenement-entreprise\">Pour un \u00e9v\u00e9nement d&rsquo;entreprise<\/a><\/li>\n\t<li class=\"page_item page-item-750\"><a href=\"https:\/\/www.eyrignac.com\/fr\/location-receptions\/location-eyrignac-mariage-2\">Pour un mariage<\/a><\/li>\n<\/ul>\n<\/li>\n<li class=\"page_item page-item-144\"><a href=\"https:\/\/www.eyrignac.com\/fr\/mentions-legales\">Mentions l\u00e9gales<\/a><\/li>\n<li class=\"page_item page-item-2066\"><a href=\"https:\/\/www.eyrignac.com\/fr\/mon-compte\">Mon compte<\/a><\/li>\n<li class=\"page_item page-item-1756\"><a href=\"https:\/\/www.eyrignac.com\/fr\/nos-partenaires\">Nos Partenaires<\/a><\/li>\n<li class=\"page_item page-item-2064\"><a href=\"https:\/\/www.eyrignac.com\/fr\/panier\">Panier<\/a><\/li>\n<li class=\"page_item page-item-1286\"><a href=\"https:\/\/www.eyrignac.com\/fr\/phototheque\">Phototh\u00e8que<\/a><\/li>\n<li class=\"page_item page-item-7041\"><a href=\"https:\/\/www.eyrignac.com\/fr\/pique-niques-blancs\">Pique-niques blancs<\/a><\/li>\n<li class=\"page_item page-item-1168\"><a href=\"https:\/\/www.eyrignac.com\/fr\/plan-du-site\">Plan du site<\/a><\/li>\n<li class=\"page_item page-item-9 page_item_has_children\"><a href=\"https:\/\/www.eyrignac.com\/fr\/preparer-ma-visite\">Pr\u00e9parer ma visite<\/a>\n<ul class='children'>\n\t<li class=\"page_item page-item-8911\"><a href=\"https:\/\/www.eyrignac.com\/fr\/preparer-ma-visite\/aerodrome-prive\">Aerodrome Priv\u00e9 d&rsquo;Eyrignac<\/a><\/li>\n\t<li class=\"page_item page-item-2930\"><a href=\"https:\/\/www.eyrignac.com\/fr\/preparer-ma-visite\/restaurant-salon-de-the-cote-jardin-eyrignac\">Le restaurant &#038; salon de th\u00e9 \u201cC\u00f4t\u00e9 Jardin\u201d du Manoir d\u2019Eyrignac<\/a><\/li>\n\t<li class=\"page_item page-item-5273\"><a href=\"https:\/\/www.eyrignac.com\/fr\/preparer-ma-visite\/eyrignac-avec-centre-loisirs\">Pr\u00e9parer Ma visite<\/a><\/li>\n\t<li class=\"page_item page-item-5405\"><a href=\"https:\/\/www.eyrignac.com\/fr\/preparer-ma-visite\/decouvrir-eyrignac-jardins-situation-handicap\">Pr\u00e9parer ma visite<\/a><\/li>\n\t<li class=\"page_item page-item-232 page_item_has_children\"><a href=\"https:\/\/www.eyrignac.com\/fr\/preparer-ma-visite\/en-groupe\">Visiter Eyrignac et ses jardins en groupe<\/a>\n\t<ul class='children'>\n\t\t<li class=\"page_item page-item-5585\"><a href=\"https:\/\/www.eyrignac.com\/fr\/preparer-ma-visite\/en-groupe\/circuit-eyrignac-jardins-chateau-lacypierre-groupes\">CIRCUIT \u00ab\u00a0EYRIGNAC &#038; SES JARDINS \/ LE CH\u00c2TEAU DE LACYPIERRE\u00a0\u00bb POUR LES GROUPES<\/a><\/li>\n\t\t<li class=\"page_item page-item-4130\"><a href=\"https:\/\/www.eyrignac.com\/fr\/preparer-ma-visite\/en-groupe\/circuit-groupes-lascaux-iv-eyrignac-et-ses-jardins-sur-1-journee-decouvrez-les-2-joyaux-du-perigord\">CIRCUIT \u00ab\u00a0LASCAUX IV \u2013 EYRIGNAC &#038; SES JARDINS\u00a0\u00bb POUR LES GROUPES<\/a><\/li>\n\t\t<li class=\"page_item page-item-4415\"><a href=\"https:\/\/www.eyrignac.com\/fr\/preparer-ma-visite\/en-groupe\/circuit-groupes-eyrignac-oies-perigord\">Circuit \u201c EYRIGNAC &#038; SES JARDINS \/ LA FERME DES OIES DU P\u00c9RIGORD NOIR \u201c pour les groupes<\/a><\/li>\n\t\t<li class=\"page_item page-item-4464\"><a href=\"https:\/\/www.eyrignac.com\/fr\/preparer-ma-visite\/en-groupe\/circuit-groupes-eyrignac-voitures-collection\">Vos voitures de collection \u00e0 Eyrignac &#038; ses Jardins<\/a><\/li>\n\t<\/ul>\n<\/li>\n\t<li class=\"page_item page-item-228\"><a href=\"https:\/\/www.eyrignac.com\/fr\/preparer-ma-visite\/eyrignac-en-individuel\">Visiter Eyrignac et ses Jardins en individuel<\/a><\/li>\n\t<li class=\"page_item page-item-234\"><a href=\"https:\/\/www.eyrignac.com\/fr\/preparer-ma-visite\/eyrignac-avec-ecole\">Visiter les jardins d\u2019Eyrignac avec l\u2019\u00e9cole<\/a><\/li>\n\t<li class=\"page_item page-item-236\"><a href=\"https:\/\/www.eyrignac.com\/fr\/preparer-ma-visite\/eyrignac-avec-un-jardinier\">Visiter les Jardins d\u2019Eyrignac avec un jardinier<\/a><\/li>\n\t<li class=\"page_item page-item-230\"><a href=\"https:\/\/www.eyrignac.com\/fr\/preparer-ma-visite\/en-famille\">Visiter les Jardins du Manoir d\u2019Eyrignac en famille<\/a><\/li>\n\t<li class=\"page_item page-item-238\"><a href=\"https:\/\/www.eyrignac.com\/fr\/preparer-ma-visite\/en-mode-vip\">Visite d&rsquo;Eyrignac et ses jardins sur mesure<\/a><\/li>\n<\/ul>\n<\/li>\n<li class=\"page_item page-item-2862\"><a href=\"https:\/\/www.eyrignac.com\/fr\/recrutement\">Recrutement<\/a><\/li>\n<li class=\"page_item page-item-4707\"><a href=\"https:\/\/www.eyrignac.com\/fr\/shootings-tournages-eyrignac-jardins\">Shootings et tournages<\/a><\/li>\n<li class=\"page_item page-item-2065\"><a href=\"https:\/\/www.eyrignac.com\/fr\/commande\">Validation de la commande<\/a><\/li>\n<\/ul>\n<\/div>\n<div class=\"wsp-container\"><h2 class=\"wsp-categories-title\">Cat\u00e9gories<\/h2>\n<ul class=\"wsp-categories-list\">\n\t<li><a href=\"https:\/\/www.eyrignac.com\/fr\/actualites\">Actualit\u00e9s<\/a><\/li>\n\t<li><a href=\"https:\/\/www.eyrignac.com\/fr\/communiques-de-presse\">Communiqu\u00e9s de presse<\/a><\/li>\n\t<li><a href=\"https:\/\/www.eyrignac.com\/fr\/decouvrir-les-jardins-eyrignac\">D\u00e9couvrir les jardins<\/a><\/li>\n\t<li><a href=\"https:\/\/www.eyrignac.com\/fr\/dossiers-de-presse\">Dossiers de presse<\/a><\/li>\n\t<li><a href=\"https:\/\/www.eyrignac.com\/fr\/evenements\">Evenements<\/a><\/li>\n<\/ul>\n<\/div>\n<p>&nbsp;<\/p>\n","protected":false},"excerpt":{"rendered":"&nbsp;","protected":false},"author":1,"featured_media":0,"parent":0,"menu_order":0,"comment_status":"closed","ping_status":"closed","template":"","meta":{"_acf_changed":false,"footnotes":""},"class_list":["post-1168","page","type-page","status-publish","hentry"],"acf":[],"yoast_head":"<!-- This site is optimized with the Yoast SEO plugin v27.5 - https:\/\/yoast.com\/product\/yoast-seo-wordpress\/ -->\n<title>Plan du site - Eyrignac et ses jardins<\/title>\n<meta name=\"robots\" content=\"index, follow, max-snippet:-1, max-image-preview:large, max-video-preview:-1\" \/>\n<link rel=\"canonical\" href=\"https:\/\/www.eyrignac.com\/fr\/plan-du-site\" \/>\n<meta property=\"og:locale\" content=\"fr_FR\" \/>\n<meta property=\"og:type\" content=\"article\" \/>\n<meta property=\"og:title\" content=\"Plan du site - Eyrignac et ses jardins\" \/>\n<meta property=\"og:description\" content=\"&nbsp;\" \/>\n<meta property=\"og:url\" content=\"https:\/\/www.eyrignac.com\/fr\/plan-du-site\" \/>\n<meta property=\"og:site_name\" content=\"Eyrignac et ses jardins\" \/>\n<meta property=\"article:publisher\" content=\"https:\/\/www.facebook.com\/JardinsEyrignac\/\" \/>\n<meta property=\"article:modified_time\" content=\"2018-03-20T16:56:36+00:00\" \/>\n<meta name=\"twitter:card\" content=\"summary_large_image\" \/>\n<meta name=\"twitter:site\" content=\"@eyrignac\" \/>\n<script type=\"application\/ld+json\" class=\"yoast-schema-graph\">{\"@context\":\"https:\\\/\\\/schema.org\",\"@graph\":[{\"@type\":\"WebPage\",\"@id\":\"https:\\\/\\\/www.eyrignac.com\\\/fr\\\/plan-du-site\",\"url\":\"https:\\\/\\\/www.eyrignac.com\\\/fr\\\/plan-du-site\",\"name\":\"Plan du site - Eyrignac et ses jardins\",\"isPartOf\":{\"@id\":\"https:\\\/\\\/www.eyrignac.com\\\/fr\\\/#website\"},\"datePublished\":\"2018-03-20T16:54:17+00:00\",\"dateModified\":\"2018-03-20T16:56:36+00:00\",\"breadcrumb\":{\"@id\":\"https:\\\/\\\/www.eyrignac.com\\\/fr\\\/plan-du-site#breadcrumb\"},\"inLanguage\":\"fr-FR\",\"potentialAction\":[{\"@type\":\"ReadAction\",\"target\":[\"https:\\\/\\\/www.eyrignac.com\\\/fr\\\/plan-du-site\"]}]},{\"@type\":\"BreadcrumbList\",\"@id\":\"https:\\\/\\\/www.eyrignac.com\\\/fr\\\/plan-du-site#breadcrumb\",\"itemListElement\":[{\"@type\":\"ListItem\",\"position\":1,\"name\":\"Accueil\",\"item\":\"https:\\\/\\\/www.eyrignac.com\\\/fr\"},{\"@type\":\"ListItem\",\"position\":2,\"name\":\"Plan du site\"}]},{\"@type\":\"WebSite\",\"@id\":\"https:\\\/\\\/www.eyrignac.com\\\/fr\\\/#website\",\"url\":\"https:\\\/\\\/www.eyrignac.com\\\/fr\\\/\",\"name\":\"Eyrignac et ses jardins\",\"description\":\"Lieu de verdure unique en Dordogne\",\"publisher\":{\"@id\":\"https:\\\/\\\/www.eyrignac.com\\\/fr\\\/#organization\"},\"potentialAction\":[{\"@type\":\"SearchAction\",\"target\":{\"@type\":\"EntryPoint\",\"urlTemplate\":\"https:\\\/\\\/www.eyrignac.com\\\/fr\\\/?s={search_term_string}\"},\"query-input\":{\"@type\":\"PropertyValueSpecification\",\"valueRequired\":true,\"valueName\":\"search_term_string\"}}],\"inLanguage\":\"fr-FR\"},{\"@type\":\"Organization\",\"@id\":\"https:\\\/\\\/www.eyrignac.com\\\/fr\\\/#organization\",\"name\":\"Eyrignac\",\"url\":\"https:\\\/\\\/www.eyrignac.com\\\/fr\\\/\",\"logo\":{\"@type\":\"ImageObject\",\"inLanguage\":\"fr-FR\",\"@id\":\"https:\\\/\\\/www.eyrignac.com\\\/fr\\\/#\\\/schema\\\/logo\\\/image\\\/\",\"url\":\"https:\\\/\\\/www.eyrignac.com\\\/wp-content\\\/uploads\\\/2017\\\/12\\\/logo-eyrignac.png\",\"contentUrl\":\"https:\\\/\\\/www.eyrignac.com\\\/wp-content\\\/uploads\\\/2017\\\/12\\\/logo-eyrignac.png\",\"width\":500,\"height\":189,\"caption\":\"Eyrignac\"},\"image\":{\"@id\":\"https:\\\/\\\/www.eyrignac.com\\\/fr\\\/#\\\/schema\\\/logo\\\/image\\\/\"},\"sameAs\":[\"https:\\\/\\\/www.facebook.com\\\/JardinsEyrignac\\\/\",\"https:\\\/\\\/x.com\\\/eyrignac\",\"https:\\\/\\\/www.instagram.com\\\/eyrignac\\\/\",\"https:\\\/\\\/www.pinterest.fr\\\/eyrignac\\\/\",\"https:\\\/\\\/www.youtube.com\\\/channel\\\/UCjWc47ArIew83eRXXjaBowg\"]}]}<\/script>\n<!-- \/ Yoast SEO plugin. -->","yoast_head_json":{"title":"Plan du site - Eyrignac et ses jardins","robots":{"index":"index","follow":"follow","max-snippet":"max-snippet:-1","max-image-preview":"max-image-preview:large","max-video-preview":"max-video-preview:-1"},"canonical":"https:\/\/www.eyrignac.com\/fr\/plan-du-site","og_locale":"fr_FR","og_type":"article","og_title":"Plan du site - Eyrignac et ses jardins","og_description":"&nbsp;","og_url":"https:\/\/www.eyrignac.com\/fr\/plan-du-site","og_site_name":"Eyrignac et ses jardins","article_publisher":"https:\/\/www.facebook.com\/JardinsEyrignac\/","article_modified_time":"2018-03-20T16:56:36+00:00","twitter_card":"summary_large_image","twitter_site":"@eyrignac","schema":{"@context":"https:\/\/schema.org","@graph":[{"@type":"WebPage","@id":"https:\/\/www.eyrignac.com\/fr\/plan-du-site","url":"https:\/\/www.eyrignac.com\/fr\/plan-du-site","name":"Plan du site - Eyrignac et ses jardins","isPartOf":{"@id":"https:\/\/www.eyrignac.com\/fr\/#website"},"datePublished":"2018-03-20T16:54:17+00:00","dateModified":"2018-03-20T16:56:36+00:00","breadcrumb":{"@id":"https:\/\/www.eyrignac.com\/fr\/plan-du-site#breadcrumb"},"inLanguage":"fr-FR","potentialAction":[{"@type":"ReadAction","target":["https:\/\/www.eyrignac.com\/fr\/plan-du-site"]}]},{"@type":"BreadcrumbList","@id":"https:\/\/www.eyrignac.com\/fr\/plan-du-site#breadcrumb","itemListElement":[{"@type":"ListItem","position":1,"name":"Accueil","item":"https:\/\/www.eyrignac.com\/fr"},{"@type":"ListItem","position":2,"name":"Plan du site"}]},{"@type":"WebSite","@id":"https:\/\/www.eyrignac.com\/fr\/#website","url":"https:\/\/www.eyrignac.com\/fr\/","name":"Eyrignac et ses jardins","description":"Lieu de verdure unique en Dordogne","publisher":{"@id":"https:\/\/www.eyrignac.com\/fr\/#organization"},"potentialAction":[{"@type":"SearchAction","target":{"@type":"EntryPoint","urlTemplate":"https:\/\/www.eyrignac.com\/fr\/?s={search_term_string}"},"query-input":{"@type":"PropertyValueSpecification","valueRequired":true,"valueName":"search_term_string"}}],"inLanguage":"fr-FR"},{"@type":"Organization","@id":"https:\/\/www.eyrignac.com\/fr\/#organization","name":"Eyrignac","url":"https:\/\/www.eyrignac.com\/fr\/","logo":{"@type":"ImageObject","inLanguage":"fr-FR","@id":"https:\/\/www.eyrignac.com\/fr\/#\/schema\/logo\/image\/","url":"https:\/\/www.eyrignac.com\/wp-content\/uploads\/2017\/12\/logo-eyrignac.png","contentUrl":"https:\/\/www.eyrignac.com\/wp-content\/uploads\/2017\/12\/logo-eyrignac.png","width":500,"height":189,"caption":"Eyrignac"},"image":{"@id":"https:\/\/www.eyrignac.com\/fr\/#\/schema\/logo\/image\/"},"sameAs":["https:\/\/www.facebook.com\/JardinsEyrignac\/","https:\/\/x.com\/eyrignac","https:\/\/www.instagram.com\/eyrignac\/","https:\/\/www.pinterest.fr\/eyrignac\/","https:\/\/www.youtube.com\/channel\/UCjWc47ArIew83eRXXjaBowg"]}]}},"_links":{"self":[{"href":"https:\/\/www.eyrignac.com\/fr\/wp-json\/wp\/v2\/pages\/1168","targetHints":{"allow":["GET"]}}],"collection":[{"href":"https:\/\/www.eyrignac.com\/fr\/wp-json\/wp\/v2\/pages"}],"about":[{"href":"https:\/\/www.eyrignac.com\/fr\/wp-json\/wp\/v2\/types\/page"}],"author":[{"embeddable":true,"href":"https:\/\/www.eyrignac.com\/fr\/wp-json\/wp\/v2\/users\/1"}],"replies":[{"embeddable":true,"href":"https:\/\/www.eyrignac.com\/fr\/wp-json\/wp\/v2\/comments?post=1168"}],"version-history":[{"count":0,"href":"https:\/\/www.eyrignac.com\/fr\/wp-json\/wp\/v2\/pages\/1168\/revisions"}],"wp:attachment":[{"href":"https:\/\/www.eyrignac.com\/fr\/wp-json\/wp\/v2\/media?parent=1168"}],"curies":[{"name":"wp","href":"https:\/\/api.w.org\/{rel}","templated":true}]}}