{"version":"1.0","provider_name":"Eyrignac et ses jardins","provider_url":"https:\/\/www.eyrignac.com\/fr","title":"Flashback : Eyrignac dans l'\u00e9mission 'Visites Priv\u00e9es' - Eyrignac et ses jardins","type":"rich","width":600,"height":338,"html":"<blockquote class=\"wp-embedded-content\" data-secret=\"E3KaFQdiYJ\"><a href=\"https:\/\/www.eyrignac.com\/fr\/actualites\/flashback-eyrignac-dans-lemission-visites-privees\">Flashback : Eyrignac dans l&rsquo;\u00e9mission &lsquo;Visites Priv\u00e9es&rsquo;<\/a><\/blockquote><iframe sandbox=\"allow-scripts\" security=\"restricted\" src=\"https:\/\/www.eyrignac.com\/fr\/actualites\/flashback-eyrignac-dans-lemission-visites-privees\/embed#?secret=E3KaFQdiYJ\" width=\"600\" height=\"338\" title=\"\u00ab\u00a0Flashback : Eyrignac dans l&rsquo;\u00e9mission &lsquo;Visites Priv\u00e9es&rsquo;\u00a0\u00bb &#8212; Eyrignac et ses jardins\" data-secret=\"E3KaFQdiYJ\" frameborder=\"0\" marginwidth=\"0\" marginheight=\"0\" scrolling=\"no\" class=\"wp-embedded-content\"><\/iframe><script type=\"text\/javascript\">\n\/* <![CDATA[ *\/\n\/*! This file is auto-generated *\/\n!function(d,l){\"use strict\";l.querySelector&&d.addEventListener&&\"undefined\"!=typeof URL&&(d.wp=d.wp||{},d.wp.receiveEmbedMessage||(d.wp.receiveEmbedMessage=function(e){var t=e.data;if((t||t.secret||t.message||t.value)&&!\/[^a-zA-Z0-9]\/.test(t.secret)){for(var s,r,n,a=l.querySelectorAll('iframe[data-secret=\"'+t.secret+'\"]'),o=l.querySelectorAll('blockquote[data-secret=\"'+t.secret+'\"]'),c=new RegExp(\"^https?:$\",\"i\"),i=0;i<o.length;i++)o[i].style.display=\"none\";for(i=0;i<a.length;i++)s=a[i],e.source===s.contentWindow&&(s.removeAttribute(\"style\"),\"height\"===t.message?(1e3<(r=parseInt(t.value,10))?r=1e3:~~r<200&&(r=200),s.height=r):\"link\"===t.message&&(r=new URL(s.getAttribute(\"src\")),n=new URL(t.value),c.test(n.protocol))&&n.host===r.host&&l.activeElement===s&&(d.top.location.href=t.value))}},d.addEventListener(\"message\",d.wp.receiveEmbedMessage,!1),l.addEventListener(\"DOMContentLoaded\",function(){for(var e,t,s=l.querySelectorAll(\"iframe.wp-embedded-content\"),r=0;r<s.length;r++)(t=(e=s[r]).getAttribute(\"data-secret\"))||(t=Math.random().toString(36).substring(2,12),e.src+=\"#?secret=\"+t,e.setAttribute(\"data-secret\",t)),e.contentWindow.postMessage({message:\"ready\",secret:t},\"*\")},!1)))}(window,document);\n\/\/# sourceURL=https:\/\/www.eyrignac.com\/wp-includes\/js\/wp-embed.min.js\n\/* ]]> *\/\n<\/script>\n","thumbnail_url":"https:\/\/www.eyrignac.com\/wp-content\/uploads\/2018\/12\/eyrignac_visites_privees_stephane_bern.jpg","thumbnail_width":800,"thumbnail_height":450,"description":"Le 9 Janvier 2017 \u00e9tait diffus\u00e9e l'\u00e9mission 'Visites Priv\u00e9es\", pr\u00e9sent\u00e9e par St\u00e9phane Bern et mettant \u00e0 l'honneur quelques Tr\u00e9sors du P\u00e9rigord dont Eyrignac et ses Jardins, le Ch\u00e2teau de Beynac et le Ch\u00e2teau des Milandes, ancienne demeure de l'illustre Jos\u00e9phine Baker."}