{"id":2886,"date":"2019-02-12T17:23:34","date_gmt":"2019-02-12T16:23:34","guid":{"rendered":"https:\/\/www.eyrignac.com\/wp-content\/uploads\/2019\/02\/S_Pailloncy-CRTNA-Musee_Adrien_Dubouche_a_Limoges-12081.jpg"},"modified":"2019-02-12T17:23:34","modified_gmt":"2019-02-12T16:23:34","slug":"musee-adrien-dubouche-2","status":"inherit","type":"attachment","link":"https:\/\/www.eyrignac.com\/en\/plan-my-visit-eyrignac\/group-visits-to-the-eyrignac-gardens\/attachment\/musee-adrien-dubouche-2","title":{"rendered":"Mus\u00e9e Adrien Dubouch\u00e9"},"author":8,"featured_media":0,"comment_status":"open","ping_status":"closed","template":"","meta":{"_acf_changed":false},"class_list":["post-2886","attachment","type-attachment","status-inherit","hentry"],"acf":[],"yoast_head":"<!-- This site is optimized with the Yoast SEO plugin v27.5 - https:\/\/yoast.com\/product\/yoast-seo-wordpress\/ -->\n<title>Mus\u00e9e Adrien Dubouch\u00e9 - Eyrignac et ses jardins<\/title>\n<meta name=\"robots\" content=\"index, follow, max-snippet:-1, max-image-preview:large, max-video-preview:-1\" \/>\n<link rel=\"canonical\" href=\"https:\/\/www.eyrignac.com\/wp-content\/uploads\/2019\/02\/S_Pailloncy-CRTNA-Musee_Adrien_Dubouche_a_Limoges-12081-scaled.jpg\" \/>\n<meta property=\"og:locale\" content=\"en_US\" \/>\n<meta property=\"og:type\" content=\"article\" \/>\n<meta property=\"og:title\" content=\"Mus\u00e9e Adrien Dubouch\u00e9 - Eyrignac et ses jardins\" \/>\n<meta property=\"og:url\" content=\"https:\/\/www.eyrignac.com\/wp-content\/uploads\/2019\/02\/S_Pailloncy-CRTNA-Musee_Adrien_Dubouche_a_Limoges-12081-scaled.jpg\" \/>\n<meta property=\"og:site_name\" content=\"Eyrignac et ses jardins\" \/>\n<meta property=\"article:publisher\" content=\"https:\/\/www.facebook.com\/JardinsEyrignac\/\" \/>\n<meta property=\"og:image\" content=\"https:\/\/www.eyrignac.com\/wp-content\/uploads\/2019\/02\/S_Pailloncy-CRTNA-Musee_Adrien_Dubouche_a_Limoges-12081-scaled.jpg\" \/>\n\t<meta property=\"og:image:width\" content=\"2560\" \/>\n\t<meta property=\"og:image:height\" content=\"1920\" \/>\n\t<meta property=\"og:image:type\" content=\"image\/jpeg\" \/>\n<meta name=\"twitter:card\" content=\"summary_large_image\" \/>\n<meta name=\"twitter:site\" content=\"@eyrignac\" \/>\n<script type=\"application\/ld+json\" class=\"yoast-schema-graph\">{\"@context\":\"https:\\\/\\\/schema.org\",\"@graph\":[{\"@type\":\"WebPage\",\"@id\":\"https:\\\/\\\/www.eyrignac.com\\\/wp-content\\\/uploads\\\/2019\\\/02\\\/S_Pailloncy-CRTNA-Musee_Adrien_Dubouche_a_Limoges-12081-scaled.jpg\",\"url\":\"https:\\\/\\\/www.eyrignac.com\\\/wp-content\\\/uploads\\\/2019\\\/02\\\/S_Pailloncy-CRTNA-Musee_Adrien_Dubouche_a_Limoges-12081-scaled.jpg\",\"name\":\"Mus\u00e9e Adrien Dubouch\u00e9 - Eyrignac et ses jardins\",\"isPartOf\":{\"@id\":\"https:\\\/\\\/www.eyrignac.com\\\/fr\\\/#website\"},\"datePublished\":\"2019-02-12T16:23:34+00:00\",\"breadcrumb\":{\"@id\":\"https:\\\/\\\/www.eyrignac.com\\\/wp-content\\\/uploads\\\/2019\\\/02\\\/S_Pailloncy-CRTNA-Musee_Adrien_Dubouche_a_Limoges-12081-scaled.jpg#breadcrumb\"},\"inLanguage\":\"en-US\",\"potentialAction\":[{\"@type\":\"ReadAction\",\"target\":[\"https:\\\/\\\/www.eyrignac.com\\\/wp-content\\\/uploads\\\/2019\\\/02\\\/S_Pailloncy-CRTNA-Musee_Adrien_Dubouche_a_Limoges-12081-scaled.jpg\"]}]},{\"@type\":\"BreadcrumbList\",\"@id\":\"https:\\\/\\\/www.eyrignac.com\\\/wp-content\\\/uploads\\\/2019\\\/02\\\/S_Pailloncy-CRTNA-Musee_Adrien_Dubouche_a_Limoges-12081-scaled.jpg#breadcrumb\",\"itemListElement\":[{\"@type\":\"ListItem\",\"position\":1,\"name\":\"Accueil\",\"item\":\"https:\\\/\\\/www.eyrignac.com\\\/en\"},{\"@type\":\"ListItem\",\"position\":2,\"name\":\"Plan my visit\",\"item\":\"https:\\\/\\\/www.eyrignac.com\\\/en\\\/plan-my-visit-eyrignac\"},{\"@type\":\"ListItem\",\"position\":3,\"name\":\"Group visits to the Eyrignac Gardens\",\"item\":\"https:\\\/\\\/www.eyrignac.com\\\/en\\\/plan-my-visit-eyrignac\\\/group-visits-to-the-eyrignac-gardens\"},{\"@type\":\"ListItem\",\"position\":4,\"name\":\"Mus\u00e9e Adrien Dubouch\u00e9\"}]},{\"@type\":\"WebSite\",\"@id\":\"https:\\\/\\\/www.eyrignac.com\\\/fr\\\/#website\",\"url\":\"https:\\\/\\\/www.eyrignac.com\\\/fr\\\/\",\"name\":\"Eyrignac et ses jardins\",\"description\":\"Lieu de verdure unique en Dordogne\",\"publisher\":{\"@id\":\"https:\\\/\\\/www.eyrignac.com\\\/fr\\\/#organization\"},\"potentialAction\":[{\"@type\":\"SearchAction\",\"target\":{\"@type\":\"EntryPoint\",\"urlTemplate\":\"https:\\\/\\\/www.eyrignac.com\\\/fr\\\/?s={search_term_string}\"},\"query-input\":{\"@type\":\"PropertyValueSpecification\",\"valueRequired\":true,\"valueName\":\"search_term_string\"}}],\"inLanguage\":\"en-US\"},{\"@type\":\"Organization\",\"@id\":\"https:\\\/\\\/www.eyrignac.com\\\/fr\\\/#organization\",\"name\":\"Eyrignac\",\"url\":\"https:\\\/\\\/www.eyrignac.com\\\/fr\\\/\",\"logo\":{\"@type\":\"ImageObject\",\"inLanguage\":\"en-US\",\"@id\":\"https:\\\/\\\/www.eyrignac.com\\\/fr\\\/#\\\/schema\\\/logo\\\/image\\\/\",\"url\":\"https:\\\/\\\/www.eyrignac.com\\\/wp-content\\\/uploads\\\/2017\\\/12\\\/logo-eyrignac.png\",\"contentUrl\":\"https:\\\/\\\/www.eyrignac.com\\\/wp-content\\\/uploads\\\/2017\\\/12\\\/logo-eyrignac.png\",\"width\":500,\"height\":189,\"caption\":\"Eyrignac\"},\"image\":{\"@id\":\"https:\\\/\\\/www.eyrignac.com\\\/fr\\\/#\\\/schema\\\/logo\\\/image\\\/\"},\"sameAs\":[\"https:\\\/\\\/www.facebook.com\\\/JardinsEyrignac\\\/\",\"https:\\\/\\\/x.com\\\/eyrignac\",\"https:\\\/\\\/www.instagram.com\\\/eyrignac\\\/\",\"https:\\\/\\\/www.pinterest.fr\\\/eyrignac\\\/\",\"https:\\\/\\\/www.youtube.com\\\/channel\\\/UCjWc47ArIew83eRXXjaBowg\"]}]}<\/script>\n<!-- \/ Yoast SEO plugin. -->","yoast_head_json":{"title":"Mus\u00e9e Adrien Dubouch\u00e9 - Eyrignac et ses jardins","robots":{"index":"index","follow":"follow","max-snippet":"max-snippet:-1","max-image-preview":"max-image-preview:large","max-video-preview":"max-video-preview:-1"},"canonical":"https:\/\/www.eyrignac.com\/wp-content\/uploads\/2019\/02\/S_Pailloncy-CRTNA-Musee_Adrien_Dubouche_a_Limoges-12081-scaled.jpg","og_locale":"en_US","og_type":"article","og_title":"Mus\u00e9e Adrien Dubouch\u00e9 - Eyrignac et ses jardins","og_url":"https:\/\/www.eyrignac.com\/wp-content\/uploads\/2019\/02\/S_Pailloncy-CRTNA-Musee_Adrien_Dubouche_a_Limoges-12081-scaled.jpg","og_site_name":"Eyrignac et ses jardins","article_publisher":"https:\/\/www.facebook.com\/JardinsEyrignac\/","og_image":[{"width":2560,"height":1920,"url":"https:\/\/www.eyrignac.com\/wp-content\/uploads\/2019\/02\/S_Pailloncy-CRTNA-Musee_Adrien_Dubouche_a_Limoges-12081-scaled.jpg","type":"image\/jpeg"}],"twitter_card":"summary_large_image","twitter_site":"@eyrignac","schema":{"@context":"https:\/\/schema.org","@graph":[{"@type":"WebPage","@id":"https:\/\/www.eyrignac.com\/wp-content\/uploads\/2019\/02\/S_Pailloncy-CRTNA-Musee_Adrien_Dubouche_a_Limoges-12081-scaled.jpg","url":"https:\/\/www.eyrignac.com\/wp-content\/uploads\/2019\/02\/S_Pailloncy-CRTNA-Musee_Adrien_Dubouche_a_Limoges-12081-scaled.jpg","name":"Mus\u00e9e Adrien Dubouch\u00e9 - Eyrignac et ses jardins","isPartOf":{"@id":"https:\/\/www.eyrignac.com\/fr\/#website"},"datePublished":"2019-02-12T16:23:34+00:00","breadcrumb":{"@id":"https:\/\/www.eyrignac.com\/wp-content\/uploads\/2019\/02\/S_Pailloncy-CRTNA-Musee_Adrien_Dubouche_a_Limoges-12081-scaled.jpg#breadcrumb"},"inLanguage":"en-US","potentialAction":[{"@type":"ReadAction","target":["https:\/\/www.eyrignac.com\/wp-content\/uploads\/2019\/02\/S_Pailloncy-CRTNA-Musee_Adrien_Dubouche_a_Limoges-12081-scaled.jpg"]}]},{"@type":"BreadcrumbList","@id":"https:\/\/www.eyrignac.com\/wp-content\/uploads\/2019\/02\/S_Pailloncy-CRTNA-Musee_Adrien_Dubouche_a_Limoges-12081-scaled.jpg#breadcrumb","itemListElement":[{"@type":"ListItem","position":1,"name":"Accueil","item":"https:\/\/www.eyrignac.com\/en"},{"@type":"ListItem","position":2,"name":"Plan my visit","item":"https:\/\/www.eyrignac.com\/en\/plan-my-visit-eyrignac"},{"@type":"ListItem","position":3,"name":"Group visits to the Eyrignac Gardens","item":"https:\/\/www.eyrignac.com\/en\/plan-my-visit-eyrignac\/group-visits-to-the-eyrignac-gardens"},{"@type":"ListItem","position":4,"name":"Mus\u00e9e Adrien Dubouch\u00e9"}]},{"@type":"WebSite","@id":"https:\/\/www.eyrignac.com\/fr\/#website","url":"https:\/\/www.eyrignac.com\/fr\/","name":"Eyrignac et ses jardins","description":"Lieu de verdure unique en Dordogne","publisher":{"@id":"https:\/\/www.eyrignac.com\/fr\/#organization"},"potentialAction":[{"@type":"SearchAction","target":{"@type":"EntryPoint","urlTemplate":"https:\/\/www.eyrignac.com\/fr\/?s={search_term_string}"},"query-input":{"@type":"PropertyValueSpecification","valueRequired":true,"valueName":"search_term_string"}}],"inLanguage":"en-US"},{"@type":"Organization","@id":"https:\/\/www.eyrignac.com\/fr\/#organization","name":"Eyrignac","url":"https:\/\/www.eyrignac.com\/fr\/","logo":{"@type":"ImageObject","inLanguage":"en-US","@id":"https:\/\/www.eyrignac.com\/fr\/#\/schema\/logo\/image\/","url":"https:\/\/www.eyrignac.com\/wp-content\/uploads\/2017\/12\/logo-eyrignac.png","contentUrl":"https:\/\/www.eyrignac.com\/wp-content\/uploads\/2017\/12\/logo-eyrignac.png","width":500,"height":189,"caption":"Eyrignac"},"image":{"@id":"https:\/\/www.eyrignac.com\/fr\/#\/schema\/logo\/image\/"},"sameAs":["https:\/\/www.facebook.com\/JardinsEyrignac\/","https:\/\/x.com\/eyrignac","https:\/\/www.instagram.com\/eyrignac\/","https:\/\/www.pinterest.fr\/eyrignac\/","https:\/\/www.youtube.com\/channel\/UCjWc47ArIew83eRXXjaBowg"]}]}},"description":{"rendered":"<p class=\"attachment\"><a href='https:\/\/www.eyrignac.com\/wp-content\/uploads\/2019\/02\/S_Pailloncy-CRTNA-Musee_Adrien_Dubouche_a_Limoges-12081-scaled.jpg'><img decoding=\"async\" width=\"350\" height=\"250\" src=\"https:\/\/www.eyrignac.com\/wp-content\/uploads\/2019\/02\/S_Pailloncy-CRTNA-Musee_Adrien_Dubouche_a_Limoges-12081-350x250.jpg\" class=\"attachment-medium size-medium\" alt=\"\" \/><\/a><\/p>\n"},"caption":{"rendered":""},"alt_text":"","media_type":"image","mime_type":"image\/jpeg","media_details":{"width":2560,"height":1920,"file":"2019\/02\/S_Pailloncy-CRTNA-Musee_Adrien_Dubouche_a_Limoges-12081-scaled.jpg","sizes":{"woocommerce_thumbnail":{"file":"S_Pailloncy-CRTNA-Musee_Adrien_Dubouche_a_Limoges-12081-400x400.jpg","width":400,"height":400,"uncropped":false,"mime_type":"image\/jpeg","source_url":"https:\/\/www.eyrignac.com\/wp-content\/uploads\/2019\/02\/S_Pailloncy-CRTNA-Musee_Adrien_Dubouche_a_Limoges-12081-400x400.jpg"},"woocommerce_gallery_thumbnail":{"file":"S_Pailloncy-CRTNA-Musee_Adrien_Dubouche_a_Limoges-12081-100x100.jpg","width":100,"height":100,"mime_type":"image\/jpeg","source_url":"https:\/\/www.eyrignac.com\/wp-content\/uploads\/2019\/02\/S_Pailloncy-CRTNA-Musee_Adrien_Dubouche_a_Limoges-12081-100x100.jpg"},"woocommerce_single":{"file":"S_Pailloncy-CRTNA-Musee_Adrien_Dubouche_a_Limoges-12081-450x450.jpg","width":450,"height":450,"mime_type":"image\/jpeg","source_url":"https:\/\/www.eyrignac.com\/wp-content\/uploads\/2019\/02\/S_Pailloncy-CRTNA-Musee_Adrien_Dubouche_a_Limoges-12081-450x450.jpg"},"thumbnail":{"file":"S_Pailloncy-CRTNA-Musee_Adrien_Dubouche_a_Limoges-12081-150x150.jpg","width":150,"height":150,"mime_type":"image\/jpeg","source_url":"https:\/\/www.eyrignac.com\/wp-content\/uploads\/2019\/02\/S_Pailloncy-CRTNA-Musee_Adrien_Dubouche_a_Limoges-12081-150x150.jpg"},"medium":{"file":"S_Pailloncy-CRTNA-Musee_Adrien_Dubouche_a_Limoges-12081-350x250.jpg","width":350,"height":250,"mime_type":"image\/jpeg","source_url":"https:\/\/www.eyrignac.com\/wp-content\/uploads\/2019\/02\/S_Pailloncy-CRTNA-Musee_Adrien_Dubouche_a_Limoges-12081-350x250.jpg"},"medium_large":{"file":"S_Pailloncy-CRTNA-Musee_Adrien_Dubouche_a_Limoges-12081-768x576.jpg","width":768,"height":576,"mime_type":"image\/jpeg","source_url":"https:\/\/www.eyrignac.com\/wp-content\/uploads\/2019\/02\/S_Pailloncy-CRTNA-Musee_Adrien_Dubouche_a_Limoges-12081-768x576.jpg"},"large":{"file":"S_Pailloncy-CRTNA-Musee_Adrien_Dubouche_a_Limoges-12081-1200x800.jpg","width":1200,"height":800,"mime_type":"image\/jpeg","source_url":"https:\/\/www.eyrignac.com\/wp-content\/uploads\/2019\/02\/S_Pailloncy-CRTNA-Musee_Adrien_Dubouche_a_Limoges-12081-1200x800.jpg"},"custom-size":{"file":"S_Pailloncy-CRTNA-Musee_Adrien_Dubouche_a_Limoges-12081-700x400.jpg","width":700,"height":400,"mime_type":"image\/jpeg","source_url":"https:\/\/www.eyrignac.com\/wp-content\/uploads\/2019\/02\/S_Pailloncy-CRTNA-Musee_Adrien_Dubouche_a_Limoges-12081-700x400.jpg"},"carousel":{"file":"S_Pailloncy-CRTNA-Musee_Adrien_Dubouche_a_Limoges-12081-270x350.jpg","width":270,"height":350,"mime_type":"image\/jpeg","source_url":"https:\/\/www.eyrignac.com\/wp-content\/uploads\/2019\/02\/S_Pailloncy-CRTNA-Musee_Adrien_Dubouche_a_Limoges-12081-270x350.jpg"},"actu-home":{"file":"S_Pailloncy-CRTNA-Musee_Adrien_Dubouche_a_Limoges-12081-380x220.jpg","width":380,"height":220,"mime_type":"image\/jpeg","source_url":"https:\/\/www.eyrignac.com\/wp-content\/uploads\/2019\/02\/S_Pailloncy-CRTNA-Musee_Adrien_Dubouche_a_Limoges-12081-380x220.jpg"},"shop_catalog":{"file":"S_Pailloncy-CRTNA-Musee_Adrien_Dubouche_a_Limoges-12081-400x400.jpg","width":400,"height":400,"uncropped":false,"mime_type":"image\/jpeg","source_url":"https:\/\/www.eyrignac.com\/wp-content\/uploads\/2019\/02\/S_Pailloncy-CRTNA-Musee_Adrien_Dubouche_a_Limoges-12081-400x400.jpg"},"shop_single":{"file":"S_Pailloncy-CRTNA-Musee_Adrien_Dubouche_a_Limoges-12081-450x450.jpg","width":450,"height":450,"mime_type":"image\/jpeg","source_url":"https:\/\/www.eyrignac.com\/wp-content\/uploads\/2019\/02\/S_Pailloncy-CRTNA-Musee_Adrien_Dubouche_a_Limoges-12081-450x450.jpg"},"shop_thumbnail":{"file":"S_Pailloncy-CRTNA-Musee_Adrien_Dubouche_a_Limoges-12081-100x100.jpg","width":100,"height":100,"mime_type":"image\/jpeg","source_url":"https:\/\/www.eyrignac.com\/wp-content\/uploads\/2019\/02\/S_Pailloncy-CRTNA-Musee_Adrien_Dubouche_a_Limoges-12081-100x100.jpg"},"full":{"file":"S_Pailloncy-CRTNA-Musee_Adrien_Dubouche_a_Limoges-12081-scaled.jpg","width":2560,"height":1920,"mime_type":"image\/jpeg","source_url":"https:\/\/www.eyrignac.com\/wp-content\/uploads\/2019\/02\/S_Pailloncy-CRTNA-Musee_Adrien_Dubouche_a_Limoges-12081-scaled.jpg"}},"image_meta":{"aperture":"3.5","credit":"","camera":"DSC-WX350","caption":"","created_timestamp":"1468340076","copyright":"","focal_length":"4.3","iso":"400","shutter_speed":"0.033333333333333","title":"Mus\u00e9e Adrien Dubouch\u00e9","orientation":"1","keywords":["Haute-Vienne","limoges","Limousin","Patrimoine culturel","phototh\u00e8que","Porcelaine","Savoir-faire et artisanat d'art"]},"original_image":"S_Pailloncy-CRTNA-Musee_Adrien_Dubouche_a_Limoges-12081.jpg"},"post":856,"source_url":"https:\/\/www.eyrignac.com\/wp-content\/uploads\/2019\/02\/S_Pailloncy-CRTNA-Musee_Adrien_Dubouche_a_Limoges-12081-scaled.jpg","_links":{"self":[{"href":"https:\/\/www.eyrignac.com\/en\/wp-json\/wp\/v2\/media\/2886","targetHints":{"allow":["GET"]}}],"collection":[{"href":"https:\/\/www.eyrignac.com\/en\/wp-json\/wp\/v2\/media"}],"about":[{"href":"https:\/\/www.eyrignac.com\/en\/wp-json\/wp\/v2\/types\/attachment"}],"author":[{"embeddable":true,"href":"https:\/\/www.eyrignac.com\/en\/wp-json\/wp\/v2\/users\/8"}],"replies":[{"embeddable":true,"href":"https:\/\/www.eyrignac.com\/en\/wp-json\/wp\/v2\/comments?post=2886"}],"wp:attached-to":[{"embeddable":true,"post_type":"page","id":856,"href":"https:\/\/www.eyrignac.com\/en\/wp-json\/wp\/v2\/pages\/856"}],"curies":[{"name":"wp","href":"https:\/\/api.w.org\/{rel}","templated":true}]}}